{"id":33375,"date":"2023-03-21T12:14:37","date_gmt":"2023-03-21T11:14:37","guid":{"rendered":"https:\/\/citizens.forwaves.com\/?page_id=33375"},"modified":"2023-07-24T21:12:33","modified_gmt":"2023-07-24T19:12:33","slug":"forwaves-maria-zarraga-bio-fr","status":"publish","type":"page","link":"https:\/\/citizens.forwaves.com\/fr\/forwaves-maria-zarraga-bio-fr\/","title":{"rendered":"Maria_Bio_fr"},"content":{"rendered":"<p>[et_pb_section fb_built=\u00a0\u00bb1&Prime; _builder_version=\u00a0\u00bb3.25.4&Prime;][et_pb_row column_structure=\u00a0\u00bb1_5,3_5,1_5&Prime; admin_label=\u00a0\u00bbCTA Button\u00a0\u00bb _builder_version=\u00a0\u00bb3.25.4&Prime; custom_padding=\u00a0\u00bb|||0px||\u00a0\u00bb][et_pb_column type=\u00a0\u00bb1_5&Prime; _builder_version=\u00a0\u00bb3.25&Prime; custom_padding=\u00a0\u00bb|||\u00a0\u00bb custom_padding__hover=\u00a0\u00bb|||\u00a0\u00bb][\/et_pb_column][et_pb_column type=\u00a0\u00bb3_5&Prime; _builder_version=\u00a0\u00bb3.25&Prime; custom_padding=\u00a0\u00bb|||\u00a0\u00bb custom_padding__hover=\u00a0\u00bb|||\u00a0\u00bb][et_pb_image src=\u00a0\u00bbhttps:\/\/citizens.forwaves.com\/wp-content\/uploads\/2023\/07\/ForWaves_leadership_mentoring_program.webp\u00a0\u00bb title_text=\u00a0\u00bbForWaves_leadership_mentoring_program\u00a0\u00bb _builder_version=\u00a0\u00bb4.6.6&Prime; custom_padding=\u00a0\u00bb|||0px||\u00a0\u00bb hover_enabled=\u00a0\u00bb0&Prime; sticky_enabled=\u00a0\u00bb0&Prime;][\/et_pb_image][\/et_pb_column][et_pb_column type=\u00a0\u00bb1_5&Prime; _builder_version=\u00a0\u00bb3.25&Prime; custom_padding=\u00a0\u00bb|||\u00a0\u00bb custom_padding__hover=\u00a0\u00bb|||\u00a0\u00bb][\/et_pb_column][\/et_pb_row][\/et_pb_section][et_pb_section fb_built=\u00a0\u00bb1&Prime; _builder_version=\u00a0\u00bb3.25.4&Prime; custom_padding=\u00a0\u00bb0px||0px|||\u00a0\u00bb][et_pb_row column_structure=\u00a0\u00bb1_4,3_4&Prime; _builder_version=\u00a0\u00bb4.6.6&Prime; _module_preset=\u00a0\u00bbdefault\u00a0\u00bb custom_padding=\u00a0\u00bb27px|||||\u00a0\u00bb][et_pb_column type=\u00a0\u00bb1_4&Prime; _builder_version=\u00a0\u00bb4.6.6&Prime; _module_preset=\u00a0\u00bbdefault\u00a0\u00bb][et_pb_image src=\u00a0\u00bbhttps:\/\/citizens.forwaves.com\/wp-content\/uploads\/2023\/07\/Maria_N_Zarraga.webp\u00a0\u00bb title_text=\u00a0\u00bbMaria_N_Zarraga\u00a0\u00bb _builder_version=\u00a0\u00bb4.6.6&Prime; _module_preset=\u00a0\u00bbdefault\u00a0\u00bb hover_enabled=\u00a0\u00bb0&Prime; sticky_enabled=\u00a0\u00bb0&Prime;][\/et_pb_image][\/et_pb_column][et_pb_column type=\u00a0\u00bb3_4&Prime; _builder_version=\u00a0\u00bb4.6.6&Prime; _module_preset=\u00a0\u00bbdefault\u00a0\u00bb][et_pb_text admin_label=\u00a0\u00bbTittle\u00a0\u00bb _builder_version=\u00a0\u00bb4.6.6&Prime; text_font=\u00a0\u00bbNunito||||||||\u00a0\u00bb text_font_size=\u00a0\u00bb18px\u00a0\u00bb text_line_height=\u00a0\u00bb1.8em\u00a0\u00bb header_font=\u00a0\u00bb||||||||\u00a0\u00bb header_2_font=\u00a0\u00bbOswald|||on|||||\u00a0\u00bb header_2_text_align=\u00a0\u00bbcenter\u00a0\u00bb header_2_font_size=\u00a0\u00bb40px\u00a0\u00bb header_2_letter_spacing=\u00a0\u00bb1px\u00a0\u00bb header_2_line_height=\u00a0\u00bb1.5em\u00a0\u00bb header_3_font=\u00a0\u00bb||||||||\u00a0\u00bb max_width=\u00a0\u00bb1199px\u00a0\u00bb max_width_last_edited=\u00a0\u00bboff|desktop\u00a0\u00bb module_alignment=\u00a0\u00bbcenter\u00a0\u00bb custom_margin=\u00a0\u00bb-5px||12px|||\u00a0\u00bb custom_padding=\u00a0\u00bb6px||0px|||\u00a0\u00bb inline_fonts=\u00a0\u00bbRoboto\u00a0\u00bb]<\/p>\n<div data-gjs-type=\"text\" fontsize=\"20\" toppadding=\"1\" bottompadding=\"10\" paddingleftright=\"10\" id=\"i68dnj\" class=\"m-14 text-left\">\n<p><strong><em>On me demande souvent ce que fait ForWaves\u00ae et quel est mon parcours&#8230; <br \/><\/em><\/strong><\/p>\n<p style=\"text-align: justify;\">\u00ab\u00a0Maria a <strong>d\u00e9di\u00e9 tout son parcours professionnel \u00e0 suivre sa mission.<\/strong> Apr\u00e8s avoir travaill\u00e9 dans les secteurs priv\u00e9 et public (en multinationale, cabinet de conseil, direction de PME et agences de l&rsquo;ONU), titulaire d&rsquo;un Master en Psychologie et d&rsquo;un <span style=\"color: #666666;\"><a data-gjs-type=\"link\" draggable=\"true\" href=\"https:\/\/wp.unil.ch\/hec-emba\/2017\/12\/alumni-story-maria-zarraga-class-of-2008\/\" id=\"inne4p-2-2-2-2\" fontsize=\"16\" class=\"link\" style=\"color: #666666;\">Executive MBA<\/a> <\/span>en Finance &amp; Management, sa passion pour l&rsquo;humain, le d\u00e9veloppement organisationnel et la coop\u00e9ration internationale l&rsquo;a amen\u00e9e \u00e0 fonder <span style=\"color: #34a7a3;\"><a href=\"https:\/\/forwaves.com\/\" style=\"color: #34a7a3;\">ForWaves Consulting\u00ae<\/a><\/span> et <a href=\"https:\/\/citizens.forwaves.com\/\"><span style=\"color: #666666;\">l&rsquo;<span style=\"color: #34a7a3;\">Acad\u00e9mie ForWaves\u00ae <\/span><\/span><\/a>qui oeuvrent aupr\u00e8s d&rsquo;organisations internationales (ONU) et non gouvernementales, d&rsquo;entreprises et de clients priv\u00e9s, avec pour mission de:<\/p>\n<h1 class=\"article__title\" style=\"text-align: justify;\"><\/h1>\n<\/div>\n<ul style=\"text-align: justify;\">\n<li data-gjs-type=\"text\" fontsize=\"20\" toppadding=\"1\" bottompadding=\"10\" paddingleftright=\"10\" class=\"m-14 text-left\">Aligner les faiseurs de changement avec leur mission et leur permettre de rapidement trouver un <span style=\"color: #34a7a3;\">emploi porteur de sens<\/span> et\/ou de cr\u00e9er leur entreprise ;<\/li>\n<li data-gjs-type=\"text\" fontsize=\"20\" toppadding=\"1\" bottompadding=\"10\" paddingleftright=\"10\" class=\"m-14 text-left\"><span style=\"color: #34a7a3;\">D\u00e9velopper les Leaders d&rsquo;impact et Leaders de demain (y compris g\u00e9n\u00e9rations Y et Z) <\/span>; et<\/li>\n<li data-gjs-type=\"text\" fontsize=\"20\" toppadding=\"1\" bottompadding=\"10\" paddingleftright=\"10\" class=\"m-14 text-left\">Aider les organisations et professionnels \u00e0 op\u00e9rer des <span style=\"color: #34a7a3;\">changements syst\u00e9miques <\/span>dans le cadre de leurs \u00e9quipes, leur organisation, et leurs projets ou programmes \u00e0 l&rsquo;\u00e9chelle nationale et internationale.<\/li>\n<li data-gjs-type=\"text\" fontsize=\"20\" toppadding=\"1\" bottompadding=\"10\" paddingleftright=\"10\" class=\"m-14 text-left\"><span style=\"color: #34a7a3;\">Cr\u00e9er de \u00ab\u00a0Nouvelles Vagues\u00a0\u00bb pour un monde plus durable et \u00e0 visage humain<\/span> au travers de Coaching ex\u00e9cutif et Mentorat (orientation professionnelle et techniques de recherches d&#8217;emploi), Formation, Gestion de projet et \u00c9valuation de projets \/ programmes de D\u00e9veloppement.<\/li>\n<\/ul>\n<p style=\"text-align: justify;\">Aujourd&rsquo;hui la plateforme ForWaves\u00ae inclut plus de 20 experts multi-disciplinaires bas\u00e9s dans 12 pays et 4 continents, et un r\u00e9seau international de pr\u00e8s de 200 experts.\u00a0\u00bb<\/p>\n<div data-gjs-type=\"text\" fontsize=\"20\" toppadding=\"1\" bottompadding=\"10\" paddingleftright=\"10\" class=\"m-14 text-left\"><\/div>\n<div data-gjs-type=\"text\" fontsize=\"20\" toppadding=\"1\" bottompadding=\"10\" paddingleftright=\"10\" class=\"m-14 text-left\"><\/div>\n<div data-gjs-type=\"text\" fontsize=\"20\" toppadding=\"1\" bottompadding=\"10\" paddingleftright=\"10\" class=\"m-14 text-left\"><\/div>\n<div id=\"ivxv3q\" fontsize=\"24\" topmargin=\"20\" bottommargin=\"20\">\n<div data-gjs-type=\"button\" id=\"iefnhl\">\n<div id=\"iiqam5\"><\/div>\n<\/div>\n<\/div>\n<p>[\/et_pb_text][\/et_pb_column][\/et_pb_row][et_pb_row _builder_version=\u00a0\u00bb4.6.6&Prime; _module_preset=\u00a0\u00bbdefault\u00a0\u00bb][et_pb_column type=\u00a0\u00bb4_4&Prime; _builder_version=\u00a0\u00bb4.6.6&Prime; _module_preset=\u00a0\u00bbdefault\u00a0\u00bb][et_pb_image src=\u00a0\u00bbhttps:\/\/citizens.forwaves.com\/wp-content\/uploads\/2023\/07\/meilleurs-programmes-de-formation-continue.webp\u00a0\u00bb title_text=\u00a0\u00bbmeilleurs- programmes-de-formation- continue\u00a0\u00bb align=\u00a0\u00bbcenter\u00a0\u00bb _builder_version=\u00a0\u00bb4.6.6&Prime; _module_preset=\u00a0\u00bbdefault\u00a0\u00bb hover_enabled=\u00a0\u00bb0&Prime; sticky_enabled=\u00a0\u00bb0&Prime;][\/et_pb_image][\/et_pb_column][\/et_pb_row][et_pb_row _builder_version=\u00a0\u00bb4.6.6&Prime; _module_preset=\u00a0\u00bbdefault\u00a0\u00bb][et_pb_column type=\u00a0\u00bb4_4&Prime; _builder_version=\u00a0\u00bb4.6.6&Prime; _module_preset=\u00a0\u00bbdefault\u00a0\u00bb][et_pb_image src=\u00a0\u00bbhttps:\/\/citizens.forwaves.com\/wp-content\/uploads\/2023\/07\/leadership-and-coaching.webp\u00a0\u00bb title_text=\u00a0\u00bbleadership-and-coaching\u00a0\u00bb _builder_version=\u00a0\u00bb4.6.6&Prime; _module_preset=\u00a0\u00bbdefault\u00a0\u00bb hover_enabled=\u00a0\u00bb0&Prime; sticky_enabled=\u00a0\u00bb0&Prime;][\/et_pb_image][\/et_pb_column][\/et_pb_row][\/et_pb_section][et_pb_section fb_built=\u00a0\u00bb1&Prime; admin_label=\u00a0\u00bbCoffee Menu\u00a0\u00bb _builder_version=\u00a0\u00bb4.6.6&Prime; background_color=\u00a0\u00bb#000000&Prime; custom_margin=\u00a0\u00bb28px|||||\u00a0\u00bb custom_padding=\u00a0\u00bb8px||0px|||\u00a0\u00bb][et_pb_row _builder_version=\u00a0\u00bb4.6.6&Prime; custom_margin=\u00a0\u00bb-8px|auto||auto||\u00a0\u00bb custom_padding=\u00a0\u00bb43px|||||\u00a0\u00bb][et_pb_column type=\u00a0\u00bb4_4&Prime; _builder_version=\u00a0\u00bb3.25.4&Prime;][et_pb_text _builder_version=\u00a0\u00bb4.6.6&Prime;]<\/p>\n<div data-gjs-type=\"default\" draggable=\"true\" id=\"inm65d-2\"><\/div>\n<div data-gjs-type=\"text\" draggable=\"true\" style=\"transition: all 0.2s ease 0s; text-align: center;\" id=\"i8f4wj-2\"><span style=\"color: #ffffff;\">Copyright \u00a9 2023<span data-gjs-type=\"text\" draggable=\"true\" style=\"transition: all .2s;\" id=\"ih5ge1\"> ForWaves Consulting Sarl &#8211; Tous droits r\u00e9serv\u00e9s<\/span><\/span><\/div>\n<p>[\/et_pb_text][\/et_pb_column][\/et_pb_row][\/et_pb_section]<\/p>\n","protected":false},"excerpt":{"rendered":"<p>On me demande souvent ce que fait ForWaves\u00ae et quel est mon parcours&#8230; \u00ab\u00a0Maria a d\u00e9di\u00e9 tout son parcours professionnel \u00e0 suivre sa mission. Apr\u00e8s avoir travaill\u00e9 dans les secteurs priv\u00e9 et public (en multinationale, cabinet de conseil, direction de PME et agences de l&rsquo;ONU), titulaire d&rsquo;un Master en Psychologie et d&rsquo;un Executive MBA en [&hellip;]<\/p>\n","protected":false},"author":1,"featured_media":0,"parent":0,"menu_order":0,"comment_status":"closed","ping_status":"closed","template":"page-template-blank.php","meta":{"_et_pb_use_builder":"on","_et_pb_old_content":"","_et_gb_content_width":"","footnotes":""},"_links":{"self":[{"href":"https:\/\/citizens.forwaves.com\/fr\/wp-json\/wp\/v2\/pages\/33375"}],"collection":[{"href":"https:\/\/citizens.forwaves.com\/fr\/wp-json\/wp\/v2\/pages"}],"about":[{"href":"https:\/\/citizens.forwaves.com\/fr\/wp-json\/wp\/v2\/types\/page"}],"author":[{"embeddable":true,"href":"https:\/\/citizens.forwaves.com\/fr\/wp-json\/wp\/v2\/users\/1"}],"replies":[{"embeddable":true,"href":"https:\/\/citizens.forwaves.com\/fr\/wp-json\/wp\/v2\/comments?post=33375"}],"version-history":[{"count":5,"href":"https:\/\/citizens.forwaves.com\/fr\/wp-json\/wp\/v2\/pages\/33375\/revisions"}],"predecessor-version":[{"id":34902,"href":"https:\/\/citizens.forwaves.com\/fr\/wp-json\/wp\/v2\/pages\/33375\/revisions\/34902"}],"wp:attachment":[{"href":"https:\/\/citizens.forwaves.com\/fr\/wp-json\/wp\/v2\/media?parent=33375"}],"curies":[{"name":"wp","href":"https:\/\/api.w.org\/{rel}","templated":true}]}}