{"id":33588,"date":"2023-03-09T01:09:39","date_gmt":"2023-03-09T00:09:39","guid":{"rendered":"https:\/\/citizens.forwaves.com\/?page_id=33588"},"modified":"2023-07-24T21:25:22","modified_gmt":"2023-07-24T19:25:22","slug":"soutien-tatjana","status":"publish","type":"page","link":"https:\/\/citizens.forwaves.com\/fr\/soutien-tatjana\/","title":{"rendered":"Soir\u00e9e_Soutien_Initiative_Tatjana"},"content":{"rendered":"<p>[et_pb_section fb_built=\u00a0\u00bb1&Prime; _builder_version=\u00a0\u00bb3.25.4&Prime; custom_margin=\u00a0\u00bb||-5px|||\u00a0\u00bb custom_padding=\u00a0\u00bb||4px|||\u00a0\u00bb][et_pb_row admin_label=\u00a0\u00bbCTA Button\u00a0\u00bb _builder_version=\u00a0\u00bb4.6.6&Prime; custom_margin=\u00a0\u00bb|auto|77px|auto||\u00a0\u00bb custom_padding=\u00a0\u00bb||0px|0px||\u00a0\u00bb][et_pb_column type=\u00a0\u00bb4_4&Prime; _builder_version=\u00a0\u00bb3.25&Prime; custom_padding=\u00a0\u00bb|||\u00a0\u00bb custom_padding__hover=\u00a0\u00bb|||\u00a0\u00bb][et_pb_image src=\u00a0\u00bbhttps:\/\/citizens.forwaves.com\/wp-content\/uploads\/2023\/07\/ForWaves_leadership_mentoring_program.webp\u00a0\u00bb title_text=\u00a0\u00bbForWaves_leadership_mentoring_program\u00a0\u00bb align=\u00a0\u00bbcenter\u00a0\u00bb _builder_version=\u00a0\u00bb4.6.6&Prime; custom_padding=\u00a0\u00bb|||0px||\u00a0\u00bb hover_enabled=\u00a0\u00bb0&Prime; sticky_enabled=\u00a0\u00bb0&Prime;][\/et_pb_image][et_pb_image src=\u00a0\u00bbhttps:\/\/citizens.forwaves.com\/wp-content\/uploads\/2023\/07\/Soire\u0301e-Soutien-Initiative-Tatjana.webp\u00a0\u00bb title_text=\u00a0\u00bbSoire\u0301e-Soutien-Initiative-Tatjana\u00a0\u00bb _builder_version=\u00a0\u00bb4.6.6&Prime; _module_preset=\u00a0\u00bbdefault\u00a0\u00bb custom_margin=\u00a0\u00bb93px|||||\u00a0\u00bb][\/et_pb_image][\/et_pb_column][\/et_pb_row][et_pb_row column_structure=\u00a0\u00bb1_2,1_2&Prime; _builder_version=\u00a0\u00bb4.6.6&Prime; _module_preset=\u00a0\u00bbdefault\u00a0\u00bb custom_padding=\u00a0\u00bb1px||56px|||\u00a0\u00bb][et_pb_column type=\u00a0\u00bb1_2&Prime; _builder_version=\u00a0\u00bb4.6.6&Prime; _module_preset=\u00a0\u00bbdefault\u00a0\u00bb][et_pb_image src=\u00a0\u00bbhttps:\/\/citizens.forwaves.com\/wp-content\/uploads\/2023\/07\/re\u0301insertion-professionnelle.webp\u00a0\u00bb title_text=\u00a0\u00bbre\u0301insertion-professionnelle\u00a0\u00bb _builder_version=\u00a0\u00bb4.6.6&Prime; _module_preset=\u00a0\u00bbdefault\u00a0\u00bb min_height=\u00a0\u00bb639.5px\u00a0\u00bb custom_margin=\u00a0\u00bb||-5px|||\u00a0\u00bb][\/et_pb_image][\/et_pb_column][et_pb_column type=\u00a0\u00bb1_2&Prime; _builder_version=\u00a0\u00bb4.6.6&Prime; _module_preset=\u00a0\u00bbdefault\u00a0\u00bb][et_pb_image src=\u00a0\u00bbhttps:\/\/citizens.forwaves.com\/wp-content\/uploads\/2023\/07\/re\u0301inte\u0301gration-au-travail.webp\u00a0\u00bb title_text=\u00a0\u00bbre\u0301inte\u0301gration-au-travail\u00a0\u00bb _builder_version=\u00a0\u00bb4.6.6&Prime; _module_preset=\u00a0\u00bbdefault\u00a0\u00bb min_height=\u00a0\u00bb572.9px\u00a0\u00bb custom_margin=\u00a0\u00bb||-4px|||\u00a0\u00bb custom_padding=\u00a0\u00bb||2px|||\u00a0\u00bb][\/et_pb_image][\/et_pb_column][\/et_pb_row][et_pb_row _builder_version=\u00a0\u00bb3.25.4&Prime; custom_margin=\u00a0\u00bb1px|auto||auto||\u00a0\u00bb custom_padding=\u00a0\u00bb0px|||||\u00a0\u00bb][et_pb_column type=\u00a0\u00bb4_4&Prime; _builder_version=\u00a0\u00bb3.25.4&Prime;][et_pb_button button_url=\u00a0\u00bbhttps:\/\/citizens.forwaves.com\/soutien-tatjana-inscription\/\u00a0\u00bb url_new_window=\u00a0\u00bbon\u00a0\u00bb button_text=\u00a0\u00bbJe m&rsquo;inscris \u00e0 la soir\u00e9e de soutien!\u00a0\u00bb button_alignment=\u00a0\u00bbcenter\u00a0\u00bb _builder_version=\u00a0\u00bb4.6.6&Prime; custom_button=\u00a0\u00bbon\u00a0\u00bb button_text_size=\u00a0\u00bb23px\u00a0\u00bb button_text_color=\u00a0\u00bb#ffffff\u00a0\u00bb button_bg_color=\u00a0\u00bb#34a7ae\u00a0\u00bb button_border_width=\u00a0\u00bb4px\u00a0\u00bb button_font=\u00a0\u00bbRoboto||||||||\u00a0\u00bb background_layout=\u00a0\u00bbdark\u00a0\u00bb][\/et_pb_button][et_pb_button button_url=\u00a0\u00bbhttps:\/\/citizens.forwaves.com\/initiative-tatjana-don\/\u00a0\u00bb url_new_window=\u00a0\u00bbon\u00a0\u00bb button_text=\u00a0\u00bbJe fais un don\u00a0\u00bb button_alignment=\u00a0\u00bbcenter\u00a0\u00bb _builder_version=\u00a0\u00bb4.6.6&Prime; custom_button=\u00a0\u00bbon\u00a0\u00bb button_text_size=\u00a0\u00bb23px\u00a0\u00bb button_text_color=\u00a0\u00bb#ffffff\u00a0\u00bb button_bg_color=\u00a0\u00bb#6b6b6b\u00a0\u00bb button_border_width=\u00a0\u00bb4px\u00a0\u00bb button_border_color=\u00a0\u00bbrgba(0,0,0,0)\u00a0\u00bb button_font=\u00a0\u00bbRoboto||||||||\u00a0\u00bb button_icon_color=\u00a0\u00bb#6b6b6b\u00a0\u00bb background_layout=\u00a0\u00bbdark\u00a0\u00bb][\/et_pb_button][\/et_pb_column][\/et_pb_row][\/et_pb_section][et_pb_section fb_built=\u00a0\u00bb1&Prime; _builder_version=\u00a0\u00bb3.25.4&Prime; custom_padding=\u00a0\u00bb0px||0px|||\u00a0\u00bb][et_pb_row _builder_version=\u00a0\u00bb3.25.4&Prime; custom_margin=\u00a0\u00bb1px|auto||auto||\u00a0\u00bb custom_padding=\u00a0\u00bb0px|||||\u00a0\u00bb][et_pb_column type=\u00a0\u00bb4_4&Prime; _builder_version=\u00a0\u00bb3.25.4&Prime;][et_pb_text admin_label=\u00a0\u00bbTittle\u00a0\u00bb _builder_version=\u00a0\u00bb4.6.6&Prime; text_font=\u00a0\u00bbNunito||||||||\u00a0\u00bb text_font_size=\u00a0\u00bb18px\u00a0\u00bb text_line_height=\u00a0\u00bb1.8em\u00a0\u00bb header_font=\u00a0\u00bb||||||||\u00a0\u00bb header_2_font=\u00a0\u00bbOswald|||on|||||\u00a0\u00bb header_2_text_align=\u00a0\u00bbcenter\u00a0\u00bb header_2_font_size=\u00a0\u00bb40px\u00a0\u00bb header_2_letter_spacing=\u00a0\u00bb1px\u00a0\u00bb header_2_line_height=\u00a0\u00bb1.5em\u00a0\u00bb header_3_font=\u00a0\u00bb||||||||\u00a0\u00bb background_color=\u00a0\u00bb#00909e\u00a0\u00bb width=\u00a0\u00bb99.9%\u00a0\u00bb max_width=\u00a0\u00bb1239px\u00a0\u00bb max_width_last_edited=\u00a0\u00bboff|desktop\u00a0\u00bb min_height=\u00a0\u00bb98.4px\u00a0\u00bb custom_margin=\u00a0\u00bb0px|-672px|0px|0px|true|\u00a0\u00bb custom_padding=\u00a0\u00bb|3px|0px|0px||\u00a0\u00bb border_style_all=\u00a0\u00bbgroove\u00a0\u00bb]<\/p>\n<h2 style=\"text-align: center;\"><span style=\"color: #ffffff;\">A lire attentivement\u00a0 <\/span><span style=\"color: #ffffff;\">\u2b07\ufe0f <\/span><\/h2>\n<h2><\/h2>\n<h2><\/h2>\n<p>[\/et_pb_text][et_pb_text admin_label=\u00a0\u00bbTittle\u00a0\u00bb _builder_version=\u00a0\u00bb4.6.6&Prime; text_font=\u00a0\u00bbNunito||||||||\u00a0\u00bb text_font_size=\u00a0\u00bb18px\u00a0\u00bb text_line_height=\u00a0\u00bb1.8em\u00a0\u00bb header_font=\u00a0\u00bb||||||||\u00a0\u00bb header_2_font=\u00a0\u00bbOswald|||on|||||\u00a0\u00bb header_2_text_align=\u00a0\u00bbcenter\u00a0\u00bb header_2_font_size=\u00a0\u00bb40px\u00a0\u00bb header_2_letter_spacing=\u00a0\u00bb1px\u00a0\u00bb header_2_line_height=\u00a0\u00bb1.5em\u00a0\u00bb header_3_font=\u00a0\u00bb||||||||\u00a0\u00bb background_color=\u00a0\u00bbrgba(221,221,215,0.48)\u00a0\u00bb max_width=\u00a0\u00bb1199px\u00a0\u00bb max_width_last_edited=\u00a0\u00bboff|desktop\u00a0\u00bb module_alignment=\u00a0\u00bbcenter\u00a0\u00bb min_height=\u00a0\u00bb211.6px\u00a0\u00bb custom_margin=\u00a0\u00bb-5px|||||\u00a0\u00bb custom_padding=\u00a0\u00bb0px||1px|||\u00a0\u00bb border_style_all=\u00a0\u00bbnone\u00a0\u00bb inline_fonts=\u00a0\u00bbRoboto\u00a0\u00bb]<\/p>\n<p><span style=\"color: #000000;\"><strong>\u00a0 <br \/><\/strong><\/span><\/p>\n<ul>\n<li><span style=\"color: #000000;\"><strong>Suite \u00e0 votre inscription (avant le mardi <span style=\"text-decoration: underline;\">11 avril 2023<\/span>), vous recevrez une confirmation selon les places disponibles et <\/strong><\/span><span style=\"color: #000000;\"><strong>les informations relatives au paiement.<br \/><\/strong><\/span><\/li>\n<li><span style=\"color: #000000;\"><strong>Pour des questions d&rsquo;organisation, le paiement doit nous parvenir au plus tard le mercredi<span style=\"text-decoration: underline;\"> 12 avril 2023.<\/span><br \/> <\/strong><\/span><\/li>\n<li><span style=\"color: #000000;\"><strong>Vous recevrez ensuite une invitation \u00e0 votre nom avec l&rsquo;adresse exacte de l&rsquo;\u00e9v\u00e9nement \u00e0 Ch\u00e2tel-Saint-Denis suivies d&rsquo;informations pratiques.<\/strong><span style=\"font-family: Roboto; font-weight: normal;\"><br \/> <\/span><\/span><\/li>\n<\/ul>\n<p style=\"text-align: center;\"><em><span style=\"color: #000000;\"><strong>Nous nous r\u00e9jouissons de vous accueillir!<\/strong><\/span><\/em><\/p>\n<p style=\"text-align: left;\"><span style=\"font-family: Roboto; font-weight: normal;\"><\/span><\/p>\n<p>[\/et_pb_text][\/et_pb_column][\/et_pb_row][et_pb_row _builder_version=\u00a0\u00bb3.25.4&Prime; custom_margin=\u00a0\u00bb1px|auto||auto||\u00a0\u00bb custom_padding=\u00a0\u00bb0px|||||\u00a0\u00bb][et_pb_column type=\u00a0\u00bb4_4&Prime; _builder_version=\u00a0\u00bb3.25.4&Prime;][et_pb_button button_url=\u00a0\u00bbhttps:\/\/citizens.forwaves.com\/soutien-tatjana-inscription\/\u00a0\u00bb url_new_window=\u00a0\u00bbon\u00a0\u00bb button_text=\u00a0\u00bbJe m&rsquo;inscris \u00e0 la soir\u00e9e de soutien!\u00a0\u00bb button_alignment=\u00a0\u00bbcenter\u00a0\u00bb _builder_version=\u00a0\u00bb4.6.6&Prime; custom_button=\u00a0\u00bbon\u00a0\u00bb button_text_size=\u00a0\u00bb23px\u00a0\u00bb button_text_color=\u00a0\u00bb#ffffff\u00a0\u00bb button_bg_color=\u00a0\u00bb#34a7ae\u00a0\u00bb button_border_width=\u00a0\u00bb4px\u00a0\u00bb button_font=\u00a0\u00bbRoboto||||||||\u00a0\u00bb background_layout=\u00a0\u00bbdark\u00a0\u00bb][\/et_pb_button][et_pb_button button_url=\u00a0\u00bbhttps:\/\/citizens.forwaves.com\/initiative-tatjana-don\/\u00a0\u00bb url_new_window=\u00a0\u00bbon\u00a0\u00bb button_text=\u00a0\u00bbJe fais un don\u00a0\u00bb button_alignment=\u00a0\u00bbcenter\u00a0\u00bb _builder_version=\u00a0\u00bb4.6.6&Prime; custom_button=\u00a0\u00bbon\u00a0\u00bb button_text_size=\u00a0\u00bb23px\u00a0\u00bb button_text_color=\u00a0\u00bb#ffffff\u00a0\u00bb button_bg_color=\u00a0\u00bb#6b6b6b\u00a0\u00bb button_border_width=\u00a0\u00bb4px\u00a0\u00bb button_border_color=\u00a0\u00bbrgba(0,0,0,0)\u00a0\u00bb button_font=\u00a0\u00bbRoboto||||||||\u00a0\u00bb button_icon_color=\u00a0\u00bb#6b6b6b\u00a0\u00bb background_layout=\u00a0\u00bbdark\u00a0\u00bb][\/et_pb_button][\/et_pb_column][\/et_pb_row][et_pb_row column_structure=\u00a0\u00bb1_4,3_4&Prime; _builder_version=\u00a0\u00bb4.6.6&Prime; _module_preset=\u00a0\u00bbdefault\u00a0\u00bb custom_padding=\u00a0\u00bb||0px|||\u00a0\u00bb][et_pb_column type=\u00a0\u00bb1_4&Prime; _builder_version=\u00a0\u00bb4.6.6&Prime; _module_preset=\u00a0\u00bbdefault\u00a0\u00bb][et_pb_image src=\u00a0\u00bbhttps:\/\/citizens.forwaves.com\/wp-content\/uploads\/2023\/07\/aide-re\u0301insertion-professionnelle.webp\u00a0\u00bb title_text=\u00a0\u00bbaide-re\u0301insertion-professionnelle\u00a0\u00bb _builder_version=\u00a0\u00bb4.6.6&Prime; _module_preset=\u00a0\u00bbdefault\u00a0\u00bb][\/et_pb_image][\/et_pb_column][et_pb_column type=\u00a0\u00bb3_4&Prime; _builder_version=\u00a0\u00bb4.6.6&Prime; _module_preset=\u00a0\u00bbdefault\u00a0\u00bb][et_pb_text admin_label=\u00a0\u00bbTittle\u00a0\u00bb _builder_version=\u00a0\u00bb3.27.4&Prime; text_font=\u00a0\u00bbNunito||||||||\u00a0\u00bb text_font_size=\u00a0\u00bb18px\u00a0\u00bb text_line_height=\u00a0\u00bb1.8em\u00a0\u00bb header_font=\u00a0\u00bb||||||||\u00a0\u00bb header_2_font=\u00a0\u00bbOswald|||on|||||\u00a0\u00bb header_2_text_align=\u00a0\u00bbcenter\u00a0\u00bb header_2_font_size=\u00a0\u00bb40px\u00a0\u00bb header_2_letter_spacing=\u00a0\u00bb1px\u00a0\u00bb header_2_line_height=\u00a0\u00bb1.5em\u00a0\u00bb header_3_font=\u00a0\u00bb||||||||\u00a0\u00bb max_width=\u00a0\u00bb1199px\u00a0\u00bb max_width_last_edited=\u00a0\u00bboff|desktop\u00a0\u00bb module_alignment=\u00a0\u00bbcenter\u00a0\u00bb min_height=\u00a0\u00bb64px\u00a0\u00bb custom_margin=\u00a0\u00bb-5px||-3px|||\u00a0\u00bb custom_padding=\u00a0\u00bb6px||1px|||\u00a0\u00bb inline_fonts=\u00a0\u00bbRoboto\u00a0\u00bb]<\/p>\n<h1><span style=\"font-family: Roboto; font-weight: normal;\"><strong>Qu&rsquo;est-ce que l&rsquo;Initiative Tatjana? <br \/><\/strong><\/span><\/h1>\n<p>[\/et_pb_text][et_pb_text admin_label=\u00a0\u00bbTittle\u00a0\u00bb _builder_version=\u00a0\u00bb3.27.4&Prime; text_font=\u00a0\u00bbNunito||||||||\u00a0\u00bb text_font_size=\u00a0\u00bb18px\u00a0\u00bb text_line_height=\u00a0\u00bb1.8em\u00a0\u00bb header_font=\u00a0\u00bb||||||||\u00a0\u00bb header_2_font=\u00a0\u00bbOswald|||on|||||\u00a0\u00bb header_2_text_align=\u00a0\u00bbcenter\u00a0\u00bb header_2_font_size=\u00a0\u00bb40px\u00a0\u00bb header_2_letter_spacing=\u00a0\u00bb1px\u00a0\u00bb header_2_line_height=\u00a0\u00bb1.5em\u00a0\u00bb header_3_font=\u00a0\u00bb||||||||\u00a0\u00bb max_width=\u00a0\u00bb1199px\u00a0\u00bb max_width_last_edited=\u00a0\u00bboff|desktop\u00a0\u00bb module_alignment=\u00a0\u00bbcenter\u00a0\u00bb custom_margin=\u00a0\u00bb-5px||-6px|||\u00a0\u00bb custom_padding=\u00a0\u00bb6px||6px|||\u00a0\u00bb inline_fonts=\u00a0\u00bbRoboto\u00a0\u00bb]<\/p>\n<p style=\"text-align: left;\"><span style=\"font-family: Roboto; font-weight: normal;\"><strong>\u00a0L&rsquo;Initiative Tatjana<\/strong> est une initiative solidaire notamment au service de personnes actuellement sans emploi, et qui font face \u00e0 des difficult\u00e9s financi\u00e8res et d&rsquo;insertion professionnelle. Ces personnes ont souvent un parcours riche sur le plan tant professionnel que personnel, et ne n\u00e9cessitent que d&rsquo;un coup de pouce, une main tendue et un soutien professionnel de qualit\u00e9 et innovant pour pouvoir faire b\u00e9n\u00e9ficier la soci\u00e9t\u00e9 de leurs talents, <em>alors que toutes les portes leur semblaient ferm\u00e9es, et malgr\u00e9 diverses mesures entreprises et\/ou dont ils ont b\u00e9n\u00e9fici\u00e9.<\/em> <\/span><span style=\"font-family: Roboto; font-weight: normal;\">Certaines personnes, notamment de plus de 50 ans, vivent parfois une <strong><em>forme de pauvret\u00e9 souvent cach\u00e9e<\/em> <\/strong>dans les pays d\u00e9velopp\u00e9s. <\/span><\/p>\n<p style=\"text-align: left;\"><span style=\"font-family: Roboto; font-weight: normal;\"><span style=\"color: #34a7ae;\"><strong>Comment est n\u00e9e l&rsquo;initiative?<\/strong><\/span><br \/><\/span><\/p>\n<p style=\"text-align: left;\"><span style=\"font-family: Roboto; font-weight: normal;\">D\u00e8s le lancement de son entreprise, de par notamment son histoire personnelle, sa mission et ses valeurs, Maria Zarraga, directrice de ForWaves\u00ae, a int\u00e9gr\u00e9 les <em>\u00ab\u00a0Activit\u00e9s de Gratitude\u00a0\u00bb<\/em> (e.g., aide aux personnes en insertion professionnelle, projet <\/span><span style=\"font-family: Roboto; font-weight: normal;\">d&rsquo;aide au d\u00e9veloppement <\/span><span style=\"font-family: Roboto; font-weight: normal;\">en partenariat avec une agence sp\u00e9cialis\u00e9e des Nations Unies ou conf\u00e9rences locales et internationales) ayant \u00e0 coeur de rendre les services de l&rsquo;entreprise accessibles au plus grand nombre. <\/span><span style=\"font-family: Roboto; font-weight: normal;\">Dot\u00e9e d&rsquo;une forte exp\u00e9rience dans le domaine de l&rsquo;insertion professionnelle, tant au niveau local qu&rsquo;international, Maria intervient notamment r\u00e9guli\u00e8rement dans le cadre de mesures d&rsquo;insertion professionnelle en Suisse. <\/span><span style=\"font-family: Roboto; font-weight: normal;\">Les Activit\u00e9s de Gratitude<\/span><span style=\"font-family: Roboto; font-weight: normal;\"> ont \u00e9t\u00e9 renomm\u00e9es \u00ab\u00a0Initiative Tatjana\u00a0\u00bb<\/span><span style=\"font-family: Roboto; font-weight: normal;\">, <\/span><span style=\"font-family: Roboto; font-weight: normal;\">en hommage \u00e0 la m\u00e8re de Maria, Tatjana, d\u00e9c\u00e9d\u00e9e il y a un peu plus d&rsquo;un an. <strong>N\u00e9e dans un camps de r\u00e9fugi\u00e9s, Tatjana avait toujours eu \u00e0 coeur l&rsquo;inclusion et la diversit\u00e9.<\/strong> Des b\u00e9n\u00e9ficiaires de l&rsquo;initiative ont fait part de leur profonde gratitude, notamment de pouvoir b\u00e9n\u00e9ficier d&rsquo;une oeuvre qui continue \u00e0 <strong>\u00ab\u00a0faire vivre\u00a0\u00bb Tatjana et sa bienveillance envers les plus d\u00e9favoris\u00e9s.<\/strong><\/span><span style=\"font-family: Roboto; font-weight: normal;\"><\/span><\/p>\n<p style=\"text-align: left;\"><span style=\"color: #34a7ae;\"><strong><span style=\"font-family: Roboto;\">A quoi sert l&rsquo;initiative?<\/span><\/strong><\/span><\/p>\n<p style=\"text-align: left;\"><span style=\"font-family: Roboto; font-weight: normal;\">L&rsquo;Initiative Tatjana permet des <strong>actions solidaires<\/strong> o\u00f9 l&rsquo;entreprise ainsi que des donateurs oeuvrent ensemble pour permettre \u00e0 des personnes en difficult\u00e9 ou \u00e0 des prorgrammes au budget restreint de <strong>b\u00e9n\u00e9ficier de services haut de gamme pour sortir parfois de situations complexes et pouvoir faire b\u00e9n\u00e9ficier la soci\u00e9t\u00e9 de leurs talents \/ interventions.<\/strong> <\/span><\/p>\n<p style=\"text-align: left;\"><strong><span style=\"font-family: Roboto; color: #34a7ae;\">Comment puis-je y contribuer?<\/span><\/strong><\/p>\n<ul>\n<li style=\"text-align: left;\"><span style=\"font-family: Roboto; color: #34a7ae;\"><span style=\"color: #34a7ae;\"><span style=\"color: #666666;\">Gr\u00e2ce \u00e0 votre <em><strong>participation \u00e0 la soir\u00e9e de soutien<\/strong><\/em>, tous les b\u00e9n\u00e9fices serviront au financement de l&rsquo;Initiative Tatjana. Vous pouvez aussi faire un don si le coeur vous en dit. <\/span><\/span><\/span><\/li>\n<li style=\"text-align: left;\"><span style=\"font-family: Roboto; color: #34a7ae;\"><span style=\"color: #34a7ae;\"><span style=\"color: #666666;\">Nous vous encourageons aussi \u00e0 <em><strong><em>faire<\/em> conna\u00eetre et participer \u00e0 nos \u00e9v\u00e9nements<\/strong><\/em> dans le cadre de l&rsquo;Initiative Tatjana destin\u00e9e \u00e0 des personnes qui souhaitent \u00ab\u00a0Cr\u00e9er de nouvelles vagues pour un monde meilleur\u00a0\u00bb. Les Leaders d&rsquo;impact et Leaders de demain (y compris les g\u00e9n\u00e9rations Y et Z) cherchent \u00e0 se d\u00e9velopper en permanence. Nos \u00e9v\u00e9nements gratuits ou n\u00e9cessitant un maigre investissement permettent de servir plus de personnes et avoir plus d&rsquo;impact dans la soci\u00e9t\u00e9. <\/span><\/span><\/span><\/li>\n<li style=\"text-align: left;\"><span style=\"font-family: Roboto; color: #34a7ae;\"><span style=\"color: #34a7ae;\"><span style=\"color: #666666;\"><strong><em>Faites un don selon le m<\/em><\/strong><\/span><\/span><\/span><span style=\"font-family: Roboto; color: #34a7ae;\"><span style=\"color: #34a7ae;\"><span style=\"color: #666666;\"><strong><em>od\u00e8le \u00ab\u00a0Payez au suivant\u00a0\u00bb : <\/em><\/strong>P.ex., si vous souhaitez participer \u00e0 nos \u00e9v\u00e9nements, et auriez les moyens d&rsquo;investir dans ces formations \u00e0 hauteur de leur valeur r\u00e9elle, vous pouvez faire un geste de solidarit\u00e9 en faisant un don. Ce type de don s&rsquo;apparente \u00e0 aller boire un caf\u00e9 dans un \u00e9tablissement (caf\u00e9 suspendu), payer son caf\u00e9 et d&rsquo;en offrir un d&rsquo;avance \u00e0 une personne qui n&rsquo;en a pas les moyens. <\/span><\/span><\/span><\/li>\n<\/ul>\n<p><span style=\"font-family: Roboto; color: #34a7ae;\"><span style=\"font-family: Roboto;\"><strong>Quels sont les prochains \u00e9v\u00e9nements organis\u00e9s dans le cadre de l&rsquo;Initiative Tatjana?<\/strong><\/span><\/span><\/p>\n<ul>\n<li><strong><span style=\"font-family: Roboto; color: #666666;\"><span style=\"font-family: Roboto;\">R\u00e9guli\u00e8rement, la communaut\u00e9 des Citoyens ForWaves se retrouve en ligne pour un <span style=\"text-decoration: underline; color: #34a7ae;\"><span style=\"text-decoration: underline;\">webinar gratuit<\/span> <\/span>sur sur le <span style=\"text-decoration: underline;\">travail porteur de sens<\/span> et la r\u00e9silience. <\/span><a href=\"https:\/\/citizens.forwaves.com\/career_purpose_resilience_fr\/\"><span style=\"color: #34a7ae;\"><em><span style=\"font-family: Roboto;\"><span style=\"text-decoration: underline;\">En savoir plus<\/span><\/span><\/em><\/span><\/a><\/span><\/strong><\/li>\n<li><strong><span style=\"font-family: Roboto; color: #34a7ae;\"><span style=\"color: #34a7ae;\"><span style=\"color: #666666;\">Un <span style=\"text-decoration: underline; color: #34a7ae;\">week-end de retraite<\/span> aura lieu en <span style=\"text-decoration: underline;\">mai 2023<\/span>. <a href=\"https:\/\/citizens.forwaves.com\/leaders-communication\/\"><span style=\"color: #34a7ae;\"><em><span style=\"text-decoration: underline;\">En savoir plus<\/span><\/em><\/span><\/a><\/span><\/span><\/span><\/strong><\/li>\n<\/ul>\n<p style=\"text-align: left;\"><span style=\"font-family: Roboto; font-weight: normal;\"><\/span><\/p>\n<p>[\/et_pb_text][\/et_pb_column][\/et_pb_row][et_pb_row column_structure=\u00a0\u00bb1_4,1_2,1_4&Prime; _builder_version=\u00a0\u00bb3.25.4&Prime; custom_margin=\u00a0\u00bb1px|auto||auto||\u00a0\u00bb custom_padding=\u00a0\u00bb0px|||||\u00a0\u00bb][et_pb_column type=\u00a0\u00bb1_4&Prime; _builder_version=\u00a0\u00bb3.25.4&Prime;][\/et_pb_column][et_pb_column type=\u00a0\u00bb1_2&Prime; _builder_version=\u00a0\u00bb3.25.4&Prime;][et_pb_button button_url=\u00a0\u00bbhttps:\/\/citizens.forwaves.com\/soutien-tatjana-inscription\/\u00a0\u00bb url_new_window=\u00a0\u00bbon\u00a0\u00bb button_text=\u00a0\u00bbJe m&rsquo;inscris \u00e0 la soir\u00e9e de soutien!\u00a0\u00bb button_alignment=\u00a0\u00bbcenter\u00a0\u00bb _builder_version=\u00a0\u00bb4.6.6&Prime; custom_button=\u00a0\u00bbon\u00a0\u00bb button_text_size=\u00a0\u00bb23px\u00a0\u00bb button_text_color=\u00a0\u00bb#ffffff\u00a0\u00bb button_bg_color=\u00a0\u00bb#34a7ae\u00a0\u00bb button_border_width=\u00a0\u00bb4px\u00a0\u00bb button_font=\u00a0\u00bbRoboto||||||||\u00a0\u00bb background_layout=\u00a0\u00bbdark\u00a0\u00bb][\/et_pb_button][\/et_pb_column][et_pb_column type=\u00a0\u00bb1_4&Prime; _builder_version=\u00a0\u00bb3.25.4&Prime;][et_pb_button button_url=\u00a0\u00bbhttps:\/\/citizens.forwaves.com\/initiative-tatjana-don\/\u00a0\u00bb url_new_window=\u00a0\u00bbon\u00a0\u00bb button_text=\u00a0\u00bbJe fais un don\u00a0\u00bb button_alignment=\u00a0\u00bbcenter\u00a0\u00bb _builder_version=\u00a0\u00bb4.6.6&Prime; custom_button=\u00a0\u00bbon\u00a0\u00bb button_text_size=\u00a0\u00bb23px\u00a0\u00bb button_text_color=\u00a0\u00bb#ffffff\u00a0\u00bb button_bg_color=\u00a0\u00bb#6b6b6b\u00a0\u00bb button_border_width=\u00a0\u00bb4px\u00a0\u00bb button_border_color=\u00a0\u00bbrgba(0,0,0,0)\u00a0\u00bb button_font=\u00a0\u00bbRoboto||||||||\u00a0\u00bb button_icon_color=\u00a0\u00bb#6b6b6b\u00a0\u00bb background_layout=\u00a0\u00bbdark\u00a0\u00bb][\/et_pb_button][\/et_pb_column][\/et_pb_row][et_pb_row column_structure=\u00a0\u00bb1_4,3_4&Prime; _builder_version=\u00a0\u00bb4.6.6&Prime; _module_preset=\u00a0\u00bbdefault\u00a0\u00bb custom_padding=\u00a0\u00bb25px|||||\u00a0\u00bb][et_pb_column type=\u00a0\u00bb1_4&Prime; _builder_version=\u00a0\u00bb4.6.6&Prime; _module_preset=\u00a0\u00bbdefault\u00a0\u00bb][et_pb_image src=\u00a0\u00bbhttps:\/\/citizens.forwaves.com\/wp-content\/uploads\/2023\/07\/business-for-good.webp\u00a0\u00bb title_text=\u00a0\u00bbbusiness-for-good\u00a0\u00bb _builder_version=\u00a0\u00bb4.6.6&Prime; _module_preset=\u00a0\u00bbdefault\u00a0\u00bb][\/et_pb_image][\/et_pb_column][et_pb_column type=\u00a0\u00bb3_4&Prime; _builder_version=\u00a0\u00bb4.6.6&Prime; _module_preset=\u00a0\u00bbdefault\u00a0\u00bb][et_pb_text admin_label=\u00a0\u00bbTittle\u00a0\u00bb _builder_version=\u00a0\u00bb4.6.6&Prime; text_font=\u00a0\u00bbNunito||||||||\u00a0\u00bb text_font_size=\u00a0\u00bb18px\u00a0\u00bb text_line_height=\u00a0\u00bb1.8em\u00a0\u00bb header_font=\u00a0\u00bb||||||||\u00a0\u00bb header_2_font=\u00a0\u00bbOswald|||on|||||\u00a0\u00bb header_2_text_align=\u00a0\u00bbcenter\u00a0\u00bb header_2_font_size=\u00a0\u00bb40px\u00a0\u00bb header_2_letter_spacing=\u00a0\u00bb1px\u00a0\u00bb header_2_line_height=\u00a0\u00bb1.5em\u00a0\u00bb header_3_font=\u00a0\u00bb||||||||\u00a0\u00bb max_width=\u00a0\u00bb1199px\u00a0\u00bb max_width_last_edited=\u00a0\u00bboff|desktop\u00a0\u00bb module_alignment=\u00a0\u00bbcenter\u00a0\u00bb custom_margin=\u00a0\u00bb-5px||12px|||\u00a0\u00bb custom_padding=\u00a0\u00bb6px||1px|||\u00a0\u00bb inline_fonts=\u00a0\u00bbRoboto\u00a0\u00bb]<\/p>\n<p><span style=\"color: #34a7ae;\"><strong>Le 22 avril nous f\u00eaterons aussi l&rsquo;anniversaire de Maria et les 7 ans de ForWaves\u00ae ! <br \/><\/strong><\/span><\/p>\n<p><strong>Plut\u00f4t que d&rsquo;organiser<\/strong><strong>, comme il est souvent de coutume, <\/strong><strong> une sortie au restaurant entre amis, Maria a d\u00e9cid\u00e9 de faire cette ann\u00e9e un hommage \u00e0 Tatjana, sa maman, d\u00e9c\u00e9d\u00e9e il y a un peu plus d&rsquo;un an, et aux b\u00e9n\u00e9ficiaires de l&rsquo;Initiative Tatjana, sous forme d&rsquo;une soir\u00e9e de soutien. Nous faisons \u00e9quipe avec Alvar Pina, Chef Cuisinier, pour vous pr\u00e9parer de d\u00e9licieux plats. (Voir plus bas pour en savoir plus)<br \/><\/strong><\/p>\n<p><span style=\"color: #34a7ae;\"><strong>Pour les proches de Maria: Pas de cadeaux SVP!\u00a0<\/strong><\/span><span style=\"color: #34a7ae;\"><strong> \ud83d\udc47\ud83c\udffc<\/strong><\/span><span style=\"color: #34a7ae;\"><strong><br \/><\/strong><\/span><\/p>\n<p>\u2764\ufe0f\u00a0 Votre participation \u00e0 la soir\u00e9e suffit mais si le coeur vous en dit, vous pouvez contribuer le montant que vous souhaitez \u00e0 <strong>l&rsquo;Initiative Tatjana: <\/strong><strong>Aucun montant n&rsquo;est trop petit!<\/strong><\/p>\n<div data-gjs-type=\"text\" fontsize=\"20\" toppadding=\"1\" bottompadding=\"10\" paddingleftright=\"10\" class=\"m-14 text-left\"><\/div>\n<div data-gjs-type=\"text\" fontsize=\"20\" toppadding=\"1\" bottompadding=\"10\" paddingleftright=\"10\" class=\"m-14 text-left\"><\/div>\n<div data-gjs-type=\"text\" fontsize=\"20\" toppadding=\"1\" bottompadding=\"10\" paddingleftright=\"10\" class=\"m-14 text-left\"><\/div>\n<div id=\"ivxv3q\" fontsize=\"24\" topmargin=\"20\" bottommargin=\"20\">\n<div data-gjs-type=\"button\" id=\"iefnhl\">\n<div id=\"iiqam5\"><\/div>\n<\/div>\n<\/div>\n<p>[\/et_pb_text][\/et_pb_column][\/et_pb_row][et_pb_row column_structure=\u00a0\u00bb1_4,3_4&Prime; _builder_version=\u00a0\u00bb4.6.6&Prime; _module_preset=\u00a0\u00bbdefault\u00a0\u00bb][et_pb_column type=\u00a0\u00bb1_4&Prime; _builder_version=\u00a0\u00bb4.6.6&Prime; _module_preset=\u00a0\u00bbdefault\u00a0\u00bb][et_pb_image src=\u00a0\u00bbhttps:\/\/citizens.forwaves.com\/wp-content\/uploads\/2023\/07\/Maria_Zarraga_violin.webp\u00a0\u00bb title_text=\u00a0\u00bbMaria_Zarraga_violin\u00a0\u00bb _builder_version=\u00a0\u00bb4.6.6&Prime; _module_preset=\u00a0\u00bbdefault\u00a0\u00bb][\/et_pb_image][\/et_pb_column][et_pb_column type=\u00a0\u00bb3_4&Prime; _builder_version=\u00a0\u00bb4.6.6&Prime; _module_preset=\u00a0\u00bbdefault\u00a0\u00bb][et_pb_text admin_label=\u00a0\u00bbTittle\u00a0\u00bb _builder_version=\u00a0\u00bb4.6.6&Prime; text_font=\u00a0\u00bbNunito||||||||\u00a0\u00bb text_font_size=\u00a0\u00bb18px\u00a0\u00bb text_line_height=\u00a0\u00bb1.8em\u00a0\u00bb header_font=\u00a0\u00bb||||||||\u00a0\u00bb header_2_font=\u00a0\u00bbOswald|||on|||||\u00a0\u00bb header_2_text_align=\u00a0\u00bbcenter\u00a0\u00bb header_2_font_size=\u00a0\u00bb40px\u00a0\u00bb header_2_letter_spacing=\u00a0\u00bb1px\u00a0\u00bb header_2_line_height=\u00a0\u00bb1.5em\u00a0\u00bb header_3_font=\u00a0\u00bb||||||||\u00a0\u00bb max_width=\u00a0\u00bb1199px\u00a0\u00bb max_width_last_edited=\u00a0\u00bboff|desktop\u00a0\u00bb module_alignment=\u00a0\u00bbcenter\u00a0\u00bb custom_margin=\u00a0\u00bb-5px||4px|||\u00a0\u00bb custom_padding=\u00a0\u00bb6px||0px|||\u00a0\u00bb inline_fonts=\u00a0\u00bbRoboto\u00a0\u00bb]<\/p>\n<p>Passionn\u00e9e de musique (violon, piano, composition), Maria nous pr\u00e9pare un <strong>petit concert et d&rsquo;autres surprises pour la soir\u00e9e. <\/strong>Elle offre \u00e9galement des temps musicaux lors des week-ends de retraite qui ont lieu tous les six mois dans un magnifique lieu de retraite \u00e0 Ch\u00e2tel-Saint-Denis. Ces ateliers sont destin\u00e9s aux personnes souhaitant prendre un temps de recul et de r\u00e9flexion dans le cadre de formations de haute qualit\u00e9 de l&rsquo;Acad\u00e9mie ForWaves. Ces formations et ateliers ont touch\u00e9 des vies, notamment de b\u00e9n\u00e9ficiaires de l&rsquo;Initaitive Tatjana, de jeunes professionnels et de cadres.<\/p>\n<p><em><\/em><span style=\"color: rgba(0, 0, 0, 0.61);\"><em><span style=\"font-family: Roboto;\">Le <strong>prochain <span style=\"text-decoration: underline;\">week-end de retraite<\/span><\/strong> aura lieu en <span style=\"text-decoration: underline;\">mai 2023<\/span>. <\/span><\/em><\/span><a href=\"https:\/\/citizens.forwaves.com\/leaders-communication\/\"><span style=\"color: #34a7ae;\"><em><span style=\"font-family: Roboto;\"><span style=\"text-decoration: underline;\">En savoir plus<\/span><\/span><\/em><\/span><\/a><\/p>\n<div data-gjs-type=\"text\" fontsize=\"20\" toppadding=\"1\" bottompadding=\"10\" paddingleftright=\"10\" class=\"m-14 text-left\"><\/div>\n<div data-gjs-type=\"text\" fontsize=\"20\" toppadding=\"1\" bottompadding=\"10\" paddingleftright=\"10\" class=\"m-14 text-left\"><\/div>\n<div data-gjs-type=\"text\" fontsize=\"20\" toppadding=\"1\" bottompadding=\"10\" paddingleftright=\"10\" class=\"m-14 text-left\"><\/div>\n<div id=\"ivxv3q\" fontsize=\"24\" topmargin=\"20\" bottommargin=\"20\">\n<div data-gjs-type=\"button\" id=\"iefnhl\">\n<div id=\"iiqam5\"><\/div>\n<\/div>\n<\/div>\n<p>[\/et_pb_text][\/et_pb_column][\/et_pb_row][et_pb_row column_structure=\u00a0\u00bb1_4,1_2,1_4&Prime; _builder_version=\u00a0\u00bb3.25.4&Prime; custom_margin=\u00a0\u00bb1px|auto||auto||\u00a0\u00bb custom_padding=\u00a0\u00bb0px|||||\u00a0\u00bb][et_pb_column type=\u00a0\u00bb1_4&Prime; _builder_version=\u00a0\u00bb3.25.4&Prime;][\/et_pb_column][et_pb_column type=\u00a0\u00bb1_2&Prime; _builder_version=\u00a0\u00bb3.25.4&Prime;][et_pb_button button_url=\u00a0\u00bbhttps:\/\/citizens.forwaves.com\/soutien-tatjana-inscription\/\u00a0\u00bb url_new_window=\u00a0\u00bbon\u00a0\u00bb button_text=\u00a0\u00bbJe m&rsquo;inscris \u00e0 la soir\u00e9e de soutien!\u00a0\u00bb button_alignment=\u00a0\u00bbcenter\u00a0\u00bb _builder_version=\u00a0\u00bb4.6.6&Prime; custom_button=\u00a0\u00bbon\u00a0\u00bb button_text_size=\u00a0\u00bb23px\u00a0\u00bb button_text_color=\u00a0\u00bb#ffffff\u00a0\u00bb button_bg_color=\u00a0\u00bb#34a7ae\u00a0\u00bb button_border_width=\u00a0\u00bb4px\u00a0\u00bb button_font=\u00a0\u00bbRoboto||||||||\u00a0\u00bb background_layout=\u00a0\u00bbdark\u00a0\u00bb][\/et_pb_button][\/et_pb_column][et_pb_column type=\u00a0\u00bb1_4&Prime; _builder_version=\u00a0\u00bb3.25.4&Prime;][et_pb_button button_url=\u00a0\u00bbhttps:\/\/citizens.forwaves.com\/initiative-tatjana-don\/\u00a0\u00bb url_new_window=\u00a0\u00bbon\u00a0\u00bb button_text=\u00a0\u00bbJe fais un don\u00a0\u00bb button_alignment=\u00a0\u00bbcenter\u00a0\u00bb _builder_version=\u00a0\u00bb4.6.6&Prime; custom_button=\u00a0\u00bbon\u00a0\u00bb button_text_size=\u00a0\u00bb23px\u00a0\u00bb button_text_color=\u00a0\u00bb#ffffff\u00a0\u00bb button_bg_color=\u00a0\u00bb#6b6b6b\u00a0\u00bb button_border_width=\u00a0\u00bb4px\u00a0\u00bb button_border_color=\u00a0\u00bbrgba(0,0,0,0)\u00a0\u00bb button_font=\u00a0\u00bbRoboto||||||||\u00a0\u00bb button_icon_color=\u00a0\u00bb#6b6b6b\u00a0\u00bb background_layout=\u00a0\u00bbdark\u00a0\u00bb][\/et_pb_button][\/et_pb_column][\/et_pb_row][et_pb_row column_structure=\u00a0\u00bb1_4,3_4&Prime; _builder_version=\u00a0\u00bb4.6.6&Prime; _module_preset=\u00a0\u00bbdefault\u00a0\u00bb min_height=\u00a0\u00bb30.8px\u00a0\u00bb custom_margin=\u00a0\u00bb-2px|auto||auto||\u00a0\u00bb custom_padding=\u00a0\u00bb||0px|||\u00a0\u00bb][et_pb_column type=\u00a0\u00bb1_4&Prime; _builder_version=\u00a0\u00bb4.6.6&Prime; _module_preset=\u00a0\u00bbdefault\u00a0\u00bb][et_pb_image src=\u00a0\u00bbhttps:\/\/citizens.forwaves.com\/wp-content\/uploads\/2023\/07\/leadership-mentoring-training-program.webp\u00a0\u00bb title_text=\u00a0\u00bbleadership-mentoring-training-program\u00a0\u00bb _builder_version=\u00a0\u00bb4.6.6&Prime; _module_preset=\u00a0\u00bbdefault\u00a0\u00bb][\/et_pb_image][\/et_pb_column][et_pb_column type=\u00a0\u00bb3_4&Prime; _builder_version=\u00a0\u00bb4.6.6&Prime; _module_preset=\u00a0\u00bbdefault\u00a0\u00bb][et_pb_text admin_label=\u00a0\u00bbTittle\u00a0\u00bb _builder_version=\u00a0\u00bb3.27.4&Prime; text_font=\u00a0\u00bbNunito||||||||\u00a0\u00bb text_font_size=\u00a0\u00bb18px\u00a0\u00bb text_line_height=\u00a0\u00bb1.8em\u00a0\u00bb header_font=\u00a0\u00bb||||||||\u00a0\u00bb header_2_font=\u00a0\u00bbOswald|||on|||||\u00a0\u00bb header_2_text_align=\u00a0\u00bbcenter\u00a0\u00bb header_2_font_size=\u00a0\u00bb40px\u00a0\u00bb header_2_letter_spacing=\u00a0\u00bb1px\u00a0\u00bb header_2_line_height=\u00a0\u00bb1.5em\u00a0\u00bb header_3_font=\u00a0\u00bb||||||||\u00a0\u00bb max_width=\u00a0\u00bb1199px\u00a0\u00bb max_width_last_edited=\u00a0\u00bboff|desktop\u00a0\u00bb module_alignment=\u00a0\u00bbcenter\u00a0\u00bb min_height=\u00a0\u00bb64px\u00a0\u00bb custom_margin=\u00a0\u00bb-5px||1px|||\u00a0\u00bb custom_padding=\u00a0\u00bb6px||1px|||\u00a0\u00bb inline_fonts=\u00a0\u00bbRoboto\u00a0\u00bb]<\/p>\n<h1><span style=\"font-family: Roboto; font-weight: normal;\"><strong>La Communaut\u00e9 des Citoyens ForWaves souhaite contribuer \u00e0 un monde durable, inclusif et \u00e0 visage humain&#8230;<\/strong><\/span><\/h1>\n<p>[\/et_pb_text][et_pb_text admin_label=\u00a0\u00bbTittle\u00a0\u00bb _builder_version=\u00a0\u00bb3.27.4&Prime; text_font=\u00a0\u00bbNunito||||||||\u00a0\u00bb text_font_size=\u00a0\u00bb18px\u00a0\u00bb text_line_height=\u00a0\u00bb1.8em\u00a0\u00bb header_font=\u00a0\u00bb||||||||\u00a0\u00bb header_2_font=\u00a0\u00bbOswald|||on|||||\u00a0\u00bb header_2_text_align=\u00a0\u00bbcenter\u00a0\u00bb header_2_font_size=\u00a0\u00bb40px\u00a0\u00bb header_2_letter_spacing=\u00a0\u00bb1px\u00a0\u00bb header_2_line_height=\u00a0\u00bb1.5em\u00a0\u00bb header_3_font=\u00a0\u00bb||||||||\u00a0\u00bb max_width=\u00a0\u00bb1199px\u00a0\u00bb max_width_last_edited=\u00a0\u00bboff|desktop\u00a0\u00bb module_alignment=\u00a0\u00bbcenter\u00a0\u00bb custom_margin=\u00a0\u00bb-5px|||||\u00a0\u00bb custom_padding=\u00a0\u00bb6px||1px|||\u00a0\u00bb inline_fonts=\u00a0\u00bbRoboto\u00a0\u00bb]<\/p>\n<p style=\"text-align: left;\"><span style=\"font-family: Roboto; font-weight: normal;\">Notre communaut\u00e9 consid\u00e8re que chaque individu a sa raison d&rsquo;\u00eatre et que notre travail a plus d&rsquo;impact, et porte du fruit, quand il est en harmonie avec nos valeurs et qui nous sommes r\u00e9ellement. <strong>Le monde a besoin de chacun-e d&rsquo;entre nous! <\/strong><\/span><span style=\"font-family: Roboto; font-weight: normal;\"><i data-gjs-type=\"text\" draggable=\"true\" id=\"ir0c1l\"><strong>Aucun talent ne peut \u00eatre gaspill\u00e9. <\/strong><\/i><\/span><\/p>\n<p style=\"text-align: left;\"><span style=\"font-family: Roboto; font-weight: normal; color: rgba(0, 0, 0, 0.61);\"><i data-gjs-type=\"text\" draggable=\"true\" id=\"ir0c1l\">Venez vivre un moment de rencontre et de convivialit\u00e9 lors d&rsquo;un <span style=\"text-decoration: underline;\">webinar gratuit<\/span> organis\u00e9 dans le cadre de l&rsquo;Initiative Tatjana sur le <span style=\"text-decoration: underline;\">travail porteur de sens<\/span><\/i><em> et<\/em><i data-gjs-type=\"text\" draggable=\"true\" id=\"ir0c1l\"> la r\u00e9silience. <\/i><\/span><span style=\"font-family: Roboto; font-weight: normal;\"><i data-gjs-type=\"text\" draggable=\"true\" id=\"ir0c1l\"><a href=\"https:\/\/citizens.forwaves.com\/career_purpose_resilience_fr\/\"><span style=\"text-decoration: underline; color: #34a7ae;\">En savoir plus<\/span><\/a><strong><br \/><\/strong><\/i><\/span><\/p>\n<p style=\"text-align: left;\"><span style=\"font-family: Roboto; font-weight: normal;\"><\/span><\/p>\n<p>&nbsp;<\/p>\n<p>[\/et_pb_text][\/et_pb_column][\/et_pb_row][et_pb_row column_structure=\u00a0\u00bb1_4,1_2,1_4&Prime; _builder_version=\u00a0\u00bb3.25.4&Prime; custom_margin=\u00a0\u00bb1px|auto||auto||\u00a0\u00bb custom_padding=\u00a0\u00bb0px|||||\u00a0\u00bb][et_pb_column type=\u00a0\u00bb1_4&Prime; _builder_version=\u00a0\u00bb3.25.4&Prime;][\/et_pb_column][et_pb_column type=\u00a0\u00bb1_2&Prime; _builder_version=\u00a0\u00bb3.25.4&Prime;][et_pb_button button_url=\u00a0\u00bbhttps:\/\/citizens.forwaves.com\/soutien-tatjana-inscription\/\u00a0\u00bb url_new_window=\u00a0\u00bbon\u00a0\u00bb button_text=\u00a0\u00bbJe m&rsquo;inscris \u00e0 la soir\u00e9e de soutien!\u00a0\u00bb button_alignment=\u00a0\u00bbcenter\u00a0\u00bb _builder_version=\u00a0\u00bb4.6.6&Prime; custom_button=\u00a0\u00bbon\u00a0\u00bb button_text_size=\u00a0\u00bb23px\u00a0\u00bb button_text_color=\u00a0\u00bb#ffffff\u00a0\u00bb button_bg_color=\u00a0\u00bb#34a7ae\u00a0\u00bb button_border_width=\u00a0\u00bb4px\u00a0\u00bb button_font=\u00a0\u00bbRoboto||||||||\u00a0\u00bb background_layout=\u00a0\u00bbdark\u00a0\u00bb][\/et_pb_button][\/et_pb_column][et_pb_column type=\u00a0\u00bb1_4&Prime; _builder_version=\u00a0\u00bb3.25.4&Prime;][et_pb_button button_url=\u00a0\u00bbhttps:\/\/citizens.forwaves.com\/initiative-tatjana-don\/\u00a0\u00bb url_new_window=\u00a0\u00bbon\u00a0\u00bb button_text=\u00a0\u00bbJe fais un don\u00a0\u00bb button_alignment=\u00a0\u00bbcenter\u00a0\u00bb _builder_version=\u00a0\u00bb4.6.6&Prime; custom_button=\u00a0\u00bbon\u00a0\u00bb button_text_size=\u00a0\u00bb23px\u00a0\u00bb button_text_color=\u00a0\u00bb#ffffff\u00a0\u00bb button_bg_color=\u00a0\u00bb#6b6b6b\u00a0\u00bb button_border_width=\u00a0\u00bb4px\u00a0\u00bb button_border_color=\u00a0\u00bbrgba(0,0,0,0)\u00a0\u00bb button_font=\u00a0\u00bbRoboto||||||||\u00a0\u00bb button_icon_color=\u00a0\u00bb#6b6b6b\u00a0\u00bb background_layout=\u00a0\u00bbdark\u00a0\u00bb][\/et_pb_button][\/et_pb_column][\/et_pb_row][et_pb_row column_structure=\u00a0\u00bb1_4,3_4&Prime; _builder_version=\u00a0\u00bb4.6.6&Prime; _module_preset=\u00a0\u00bbdefault\u00a0\u00bb custom_padding=\u00a0\u00bb27px|||||\u00a0\u00bb][et_pb_column type=\u00a0\u00bb1_4&Prime; _builder_version=\u00a0\u00bb4.6.6&Prime; _module_preset=\u00a0\u00bbdefault\u00a0\u00bb][et_pb_image src=\u00a0\u00bbhttps:\/\/citizens.forwaves.com\/wp-content\/uploads\/2023\/07\/Maria_N_Zarraga.webp\u00a0\u00bb title_text=\u00a0\u00bbMaria_N_Zarraga\u00a0\u00bb _builder_version=\u00a0\u00bb4.6.6&Prime; _module_preset=\u00a0\u00bbdefault\u00a0\u00bb][\/et_pb_image][\/et_pb_column][et_pb_column type=\u00a0\u00bb3_4&Prime; _builder_version=\u00a0\u00bb4.6.6&Prime; _module_preset=\u00a0\u00bbdefault\u00a0\u00bb][et_pb_text admin_label=\u00a0\u00bbTittle\u00a0\u00bb _builder_version=\u00a0\u00bb4.6.6&Prime; text_font=\u00a0\u00bbNunito||||||||\u00a0\u00bb text_font_size=\u00a0\u00bb18px\u00a0\u00bb text_line_height=\u00a0\u00bb1.8em\u00a0\u00bb header_font=\u00a0\u00bb||||||||\u00a0\u00bb header_2_font=\u00a0\u00bbOswald|||on|||||\u00a0\u00bb header_2_text_align=\u00a0\u00bbcenter\u00a0\u00bb header_2_font_size=\u00a0\u00bb40px\u00a0\u00bb header_2_letter_spacing=\u00a0\u00bb1px\u00a0\u00bb header_2_line_height=\u00a0\u00bb1.5em\u00a0\u00bb header_3_font=\u00a0\u00bb||||||||\u00a0\u00bb max_width=\u00a0\u00bb1199px\u00a0\u00bb max_width_last_edited=\u00a0\u00bboff|desktop\u00a0\u00bb module_alignment=\u00a0\u00bbcenter\u00a0\u00bb custom_margin=\u00a0\u00bb-5px||12px|||\u00a0\u00bb custom_padding=\u00a0\u00bb6px||1px|||\u00a0\u00bb inline_fonts=\u00a0\u00bbRoboto\u00a0\u00bb]<\/p>\n<div data-gjs-type=\"text\" fontsize=\"20\" toppadding=\"1\" bottompadding=\"10\" paddingleftright=\"10\" id=\"i68dnj\" class=\"m-14 text-left\">\n<p>Si vous connaissez<span style=\"color: #666666;\"><a href=\"https:\/\/citizens.forwaves.com\/about-us-reorientation-carriere-leadership-recherche-d-emploi-porteur-de-sens-bilan-de-competences-entrepreneuriat-developpement-durable-changement-fr\/\" style=\"color: #666666;\"> <\/a>Maria Zarraga<\/span>,\u00a0 vous savez qu&rsquo;elle a <strong>d\u00e9di\u00e9 tout son parcours professionnel \u00e0 suivre sa mission.<\/strong> Avec 20+ ans d&rsquo;exp\u00e9rience dans les secteurs priv\u00e9 et public, titulaire d&rsquo;un <span style=\"color: #666666;\"><a data-gjs-type=\"link\" draggable=\"true\" href=\"https:\/\/wp.unil.ch\/hec-emba\/2017\/12\/alumni-story-maria-zarraga-class-of-2008\/\" id=\"inne4p-2-2-2-2\" fontsize=\"16\" class=\"link\" style=\"color: #666666;\">Executive MBA<\/a> en Finance &amp; Management <\/span>et d&rsquo;un Master en Psychologie, sa passion pour l&rsquo;humain, le d\u00e9veloppement organisationnel et la coop\u00e9ration internationale l&rsquo;a amen\u00e9e \u00e0 fonder <span style=\"color: #34a7a3;\"><a href=\"https:\/\/forwaves.com\/\" style=\"color: #34a7a3;\">ForWaves Consulting\u00ae<\/a><\/span> et <a href=\"https:\/\/citizens.forwaves.com\/\"><span style=\"color: #666666;\">l&rsquo;<span style=\"color: #34a7a3;\">Acad\u00e9mie ForWaves\u00ae <\/span><\/span><\/a>qui oeuvrent aupr\u00e8s d&rsquo;organisations internationales (ONU) et non gouvernementales, d&rsquo;entreprises et de clients priv\u00e9s, avec pour mission de:<\/p>\n<h1 class=\"article__title\"><\/h1>\n<\/div>\n<ul>\n<li data-gjs-type=\"text\" fontsize=\"20\" toppadding=\"1\" bottompadding=\"10\" paddingleftright=\"10\" class=\"m-14 text-left\">Aligner les faiseurs de changement avec leur mission et leur permettre de rapidement trouver un <span style=\"color: #34a7a3;\">emploi porteur de sens<\/span> et\/ou de cr\u00e9er leur entreprise ;<\/li>\n<li data-gjs-type=\"text\" fontsize=\"20\" toppadding=\"1\" bottompadding=\"10\" paddingleftright=\"10\" class=\"m-14 text-left\"><span style=\"color: #34a7a3;\">D\u00e9velopper les Leaders d&rsquo;impact et Leaders de demain (y compris g\u00e9n\u00e9rations Y et Z) <\/span>; et<\/li>\n<li data-gjs-type=\"text\" fontsize=\"20\" toppadding=\"1\" bottompadding=\"10\" paddingleftright=\"10\" class=\"m-14 text-left\">Aider les organisations et professionnels \u00e0 op\u00e9rer des <span style=\"color: #34a7a3;\">changements syst\u00e9miques <\/span>dans le cadre de leurs \u00e9quipes, leur organisation, et leurs projets ou programmes \u00e0 l&rsquo;\u00e9chelle nationale et dans la coop\u00e9ration internationale.<\/li>\n<li data-gjs-type=\"text\" fontsize=\"20\" toppadding=\"1\" bottompadding=\"10\" paddingleftright=\"10\" class=\"m-14 text-left\"><span style=\"color: #34a7a3;\">Cr\u00e9er de \u00ab\u00a0Nouvelles Vagues\u00a0\u00bb pour un monde plus durable et \u00e0 visage humain<\/span> au travers de coaching ex\u00e9cutif et mentorat (orientation professionnelle et techniques de recherches d&#8217;emploi), formation, gestion de projet et \u00e9valuation de projets de d\u00e9veloppement.<\/li>\n<\/ul>\n<p>Aujourd&rsquo;hui la plateforme ForWaves\u00ae inclut plus de 20 experts multi-disciplinaires bas\u00e9s dans 12 pays et 4 continents, et un r\u00e9seau international de pr\u00e8s de 200 experts.<\/p>\n<div data-gjs-type=\"text\" fontsize=\"20\" toppadding=\"1\" bottompadding=\"10\" paddingleftright=\"10\" class=\"m-14 text-left\"><\/div>\n<div data-gjs-type=\"text\" fontsize=\"20\" toppadding=\"1\" bottompadding=\"10\" paddingleftright=\"10\" class=\"m-14 text-left\"><\/div>\n<div data-gjs-type=\"text\" fontsize=\"20\" toppadding=\"1\" bottompadding=\"10\" paddingleftright=\"10\" class=\"m-14 text-left\"><\/div>\n<div id=\"ivxv3q\" fontsize=\"24\" topmargin=\"20\" bottommargin=\"20\">\n<div data-gjs-type=\"button\" id=\"iefnhl\">\n<div id=\"iiqam5\"><\/div>\n<\/div>\n<\/div>\n<p>[\/et_pb_text][\/et_pb_column][\/et_pb_row][et_pb_row column_structure=\u00a0\u00bb1_4,3_4&Prime; _builder_version=\u00a0\u00bb4.6.6&Prime; _module_preset=\u00a0\u00bbdefault\u00a0\u00bb custom_padding=\u00a0\u00bb||1px|||\u00a0\u00bb][et_pb_column type=\u00a0\u00bb1_4&Prime; _builder_version=\u00a0\u00bb4.6.6&Prime; _module_preset=\u00a0\u00bbdefault\u00a0\u00bb][et_pb_image src=\u00a0\u00bbhttps:\/\/citizens.forwaves.com\/wp-content\/uploads\/2023\/07\/Gastronamis.webp\u00a0\u00bb title_text=\u00a0\u00bbGastronamis\u00a0\u00bb _builder_version=\u00a0\u00bb4.6.6&Prime; _module_preset=\u00a0\u00bbdefault\u00a0\u00bb][\/et_pb_image][\/et_pb_column][et_pb_column type=\u00a0\u00bb3_4&Prime; _builder_version=\u00a0\u00bb4.6.6&Prime; _module_preset=\u00a0\u00bbdefault\u00a0\u00bb][et_pb_text admin_label=\u00a0\u00bbTittle\u00a0\u00bb _builder_version=\u00a0\u00bb3.27.4&Prime; text_font=\u00a0\u00bbNunito||||||||\u00a0\u00bb text_font_size=\u00a0\u00bb18px\u00a0\u00bb text_line_height=\u00a0\u00bb1.8em\u00a0\u00bb header_font=\u00a0\u00bb||||||||\u00a0\u00bb header_2_font=\u00a0\u00bbOswald|||on|||||\u00a0\u00bb header_2_text_align=\u00a0\u00bbcenter\u00a0\u00bb header_2_font_size=\u00a0\u00bb40px\u00a0\u00bb header_2_letter_spacing=\u00a0\u00bb1px\u00a0\u00bb header_2_line_height=\u00a0\u00bb1.5em\u00a0\u00bb header_3_font=\u00a0\u00bb||||||||\u00a0\u00bb max_width=\u00a0\u00bb1199px\u00a0\u00bb max_width_last_edited=\u00a0\u00bboff|desktop\u00a0\u00bb module_alignment=\u00a0\u00bbcenter\u00a0\u00bb min_height=\u00a0\u00bb64px\u00a0\u00bb custom_margin=\u00a0\u00bb-5px||1px|||\u00a0\u00bb custom_padding=\u00a0\u00bb6px||1px|||\u00a0\u00bb inline_fonts=\u00a0\u00bbRoboto\u00a0\u00bb]<\/p>\n<h1><span style=\"font-family: Roboto; font-weight: normal;\"><strong>Cuisine haut de gamme au service du d\u00e9veloppement durable<br \/><\/strong><\/span><\/h1>\n<p>[\/et_pb_text][et_pb_text admin_label=\u00a0\u00bbTittle\u00a0\u00bb _builder_version=\u00a0\u00bb3.27.4&Prime; text_font=\u00a0\u00bbNunito||||||||\u00a0\u00bb text_font_size=\u00a0\u00bb18px\u00a0\u00bb text_line_height=\u00a0\u00bb1.8em\u00a0\u00bb header_font=\u00a0\u00bb||||||||\u00a0\u00bb header_2_font=\u00a0\u00bbOswald|||on|||||\u00a0\u00bb header_2_text_align=\u00a0\u00bbcenter\u00a0\u00bb header_2_font_size=\u00a0\u00bb40px\u00a0\u00bb header_2_letter_spacing=\u00a0\u00bb1px\u00a0\u00bb header_2_line_height=\u00a0\u00bb1.5em\u00a0\u00bb header_3_font=\u00a0\u00bb||||||||\u00a0\u00bb max_width=\u00a0\u00bb1199px\u00a0\u00bb max_width_last_edited=\u00a0\u00bboff|desktop\u00a0\u00bb module_alignment=\u00a0\u00bbcenter\u00a0\u00bb custom_margin=\u00a0\u00bb-5px|||||\u00a0\u00bb custom_padding=\u00a0\u00bb6px||1px|||\u00a0\u00bb inline_fonts=\u00a0\u00bbRoboto\u00a0\u00bb]<\/p>\n<p>Nous aurons le plaisir de d\u00e9guster les mets pr\u00e9par\u00e9s par Alvar Pina, Chef cuisinier @GastronAmis! Passionn\u00e9 par son m\u00e9tier, Alvar n&rsquo;h\u00e9site pas \u00e0 mettre les petits plats dans les grands pour notamment contribuer au d\u00e9veloppement local et soutenir les personnes en difficult\u00e9.<\/p>\n<p>Retrouvez Alvar sur Instagram <span style=\"color: #34a7a3;\">@gastronamis<\/span> I Facebook: <a href=\"https:\/\/www.facebook.com\/Chef.Alvar\/\"><span style=\"color: #34a7a3;\"><\/span><\/a><span style=\"color: #34a7a3;\"><a href=\"https:\/\/www.facebook.com\/Chef.Alvar\/\" style=\"color: #34a7a3;\">https:\/\/www.facebook.com\/Chef.Alvar\/<\/a>\u00a0<\/span><span style=\"color: #34a7ae;\"><span style=\"color: #666666;\">I <\/span><\/span><span style=\"color: #34a7ae;\"><span style=\"color: #666666;\">Site internet de chef \u00e0 domicile:<\/span> <a href=\"https:\/\/gastronamis.net\/chefadomicile\" style=\"color: #34a7ae;\">https:\/\/gastronamis.net\/chefadomicile<\/a><\/span><\/p>\n<p style=\"text-align: left;\"><span style=\"font-family: Roboto; font-weight: normal;\"><\/span><\/p>\n<p>&nbsp;<\/p>\n<p>[\/et_pb_text][\/et_pb_column][\/et_pb_row][et_pb_row column_structure=\u00a0\u00bb1_3,1_3,1_3&Prime; _builder_version=\u00a0\u00bb4.6.6&Prime; _module_preset=\u00a0\u00bbdefault\u00a0\u00bb][et_pb_column type=\u00a0\u00bb1_3&Prime; _builder_version=\u00a0\u00bb4.6.6&Prime; _module_preset=\u00a0\u00bbdefault\u00a0\u00bb][et_pb_image src=\u00a0\u00bbhttps:\/\/citizens.forwaves.com\/wp-content\/uploads\/2023\/07\/Chef_Alvar_Gastronamis.webp\u00a0\u00bb title_text=\u00a0\u00bbChef_Alvar_Gastronamis\u00a0\u00bb _builder_version=\u00a0\u00bb4.6.6&Prime; _module_preset=\u00a0\u00bbdefault\u00a0\u00bb][\/et_pb_image][\/et_pb_column][et_pb_column type=\u00a0\u00bb1_3&Prime; _builder_version=\u00a0\u00bb4.6.6&Prime; _module_preset=\u00a0\u00bbdefault\u00a0\u00bb][et_pb_image src=\u00a0\u00bbhttps:\/\/citizens.forwaves.com\/wp-content\/uploads\/2023\/07\/Gastronamis-1.webp\u00a0\u00bb title_text=\u00a0\u00bbGastronamis-1&Prime; _builder_version=\u00a0\u00bb4.6.6&Prime; _module_preset=\u00a0\u00bbdefault\u00a0\u00bb][\/et_pb_image][\/et_pb_column][et_pb_column type=\u00a0\u00bb1_3&Prime; _builder_version=\u00a0\u00bb4.6.6&Prime; _module_preset=\u00a0\u00bbdefault\u00a0\u00bb][et_pb_image src=\u00a0\u00bbhttps:\/\/citizens.forwaves.com\/wp-content\/uploads\/2023\/07\/Gastronamis-2.webp\u00a0\u00bb title_text=\u00a0\u00bbGastronamis-2&Prime; _builder_version=\u00a0\u00bb4.6.6&Prime; _module_preset=\u00a0\u00bbdefault\u00a0\u00bb][\/et_pb_image][\/et_pb_column][\/et_pb_row][et_pb_row column_structure=\u00a0\u00bb1_5,3_5,1_5&Prime; _builder_version=\u00a0\u00bb3.25.4&Prime; custom_margin=\u00a0\u00bb1px|auto||auto||\u00a0\u00bb custom_padding=\u00a0\u00bb0px|||||\u00a0\u00bb][et_pb_column type=\u00a0\u00bb1_5&Prime; _builder_version=\u00a0\u00bb3.25.4&Prime;][\/et_pb_column][et_pb_column type=\u00a0\u00bb3_5&Prime; _builder_version=\u00a0\u00bb3.25.4&Prime;][et_pb_button button_url=\u00a0\u00bbhttps:\/\/citizens.forwaves.com\/soutien-tatjana-inscription\/\u00a0\u00bb url_new_window=\u00a0\u00bbon\u00a0\u00bb button_text=\u00a0\u00bbJe m&rsquo;inscris \u00e0 la soir\u00e9e de soutien!\u00a0\u00bb button_alignment=\u00a0\u00bbcenter\u00a0\u00bb _builder_version=\u00a0\u00bb4.6.6&Prime; custom_button=\u00a0\u00bbon\u00a0\u00bb button_text_size=\u00a0\u00bb23px\u00a0\u00bb button_text_color=\u00a0\u00bb#ffffff\u00a0\u00bb button_bg_color=\u00a0\u00bb#34a7ae\u00a0\u00bb button_border_width=\u00a0\u00bb4px\u00a0\u00bb button_font=\u00a0\u00bbRoboto||||||||\u00a0\u00bb background_layout=\u00a0\u00bbdark\u00a0\u00bb][\/et_pb_button][et_pb_button button_url=\u00a0\u00bbhttps:\/\/citizens.forwaves.com\/initiative-tatjana-don\/\u00a0\u00bb url_new_window=\u00a0\u00bbon\u00a0\u00bb button_text=\u00a0\u00bbJe fais un don\u00a0\u00bb button_alignment=\u00a0\u00bbcenter\u00a0\u00bb _builder_version=\u00a0\u00bb4.6.6&Prime; custom_button=\u00a0\u00bbon\u00a0\u00bb button_text_size=\u00a0\u00bb23px\u00a0\u00bb button_text_color=\u00a0\u00bb#ffffff\u00a0\u00bb button_bg_color=\u00a0\u00bb#6b6b6b\u00a0\u00bb button_border_width=\u00a0\u00bb4px\u00a0\u00bb button_border_color=\u00a0\u00bbrgba(0,0,0,0)\u00a0\u00bb button_font=\u00a0\u00bbRoboto||||||||\u00a0\u00bb button_icon_color=\u00a0\u00bb#6b6b6b\u00a0\u00bb background_layout=\u00a0\u00bbdark\u00a0\u00bb][\/et_pb_button][\/et_pb_column][et_pb_column type=\u00a0\u00bb1_5&Prime; _builder_version=\u00a0\u00bb3.25.4&Prime;][\/et_pb_column][\/et_pb_row][\/et_pb_section][et_pb_section fb_built=\u00a0\u00bb1&Prime; _builder_version=\u00a0\u00bb4.6.6&Prime; _module_preset=\u00a0\u00bbdefault\u00a0\u00bb custom_padding=\u00a0\u00bb0px||2px|||\u00a0\u00bb][et_pb_row _builder_version=\u00a0\u00bb4.6.6&Prime; _module_preset=\u00a0\u00bbdefault\u00a0\u00bb custom_padding=\u00a0\u00bb3px|||||\u00a0\u00bb][et_pb_column type=\u00a0\u00bb4_4&Prime; _builder_version=\u00a0\u00bb4.6.6&Prime; _module_preset=\u00a0\u00bbdefault\u00a0\u00bb][et_pb_image src=\u00a0\u00bbhttps:\/\/citizens.forwaves.com\/wp-content\/uploads\/2023\/07\/top-executive-leadership-training-program.webp\u00a0\u00bb alt=\u00a0\u00bbWave with quote &lsquo;Create New Waves! &#8211; Maria Zarraga'\u00a0\u00bb title_text=\u00a0\u00bbtop-executive-leadership-training-program\u00a0\u00bb _builder_version=\u00a0\u00bb4.6.6&Prime; _module_preset=\u00a0\u00bbdefault\u00a0\u00bb][\/et_pb_image][et_pb_text _builder_version=\u00a0\u00bb4.6.6&Prime; _module_preset=\u00a0\u00bbdefault\u00a0\u00bb]<\/p>\n<h5 style=\"text-align: center;\">Copyright \u00a9\u00a0 2023 ForWaves Consulting Sarl &#8211; Tous droits r\u00e9serv\u00e9s<\/h5>\n<p>[\/et_pb_text][\/et_pb_column][\/et_pb_row][\/et_pb_section]<\/p>\n","protected":false},"excerpt":{"rendered":"<p>A lire attentivement\u00a0 \u2b07\ufe0f \u00a0 Suite \u00e0 votre inscription (avant le mardi 11 avril 2023), vous recevrez une confirmation selon les places disponibles et les informations relatives au paiement. Pour des questions d&rsquo;organisation, le paiement doit nous parvenir au plus tard le mercredi 12 avril 2023. Vous recevrez ensuite une invitation \u00e0 votre nom avec [&hellip;]<\/p>\n","protected":false},"author":1,"featured_media":0,"parent":0,"menu_order":0,"comment_status":"closed","ping_status":"closed","template":"page-template-blank.php","meta":{"_et_pb_use_builder":"on","_et_pb_old_content":"","_et_gb_content_width":"","footnotes":""},"_links":{"self":[{"href":"https:\/\/citizens.forwaves.com\/fr\/wp-json\/wp\/v2\/pages\/33588"}],"collection":[{"href":"https:\/\/citizens.forwaves.com\/fr\/wp-json\/wp\/v2\/pages"}],"about":[{"href":"https:\/\/citizens.forwaves.com\/fr\/wp-json\/wp\/v2\/types\/page"}],"author":[{"embeddable":true,"href":"https:\/\/citizens.forwaves.com\/fr\/wp-json\/wp\/v2\/users\/1"}],"replies":[{"embeddable":true,"href":"https:\/\/citizens.forwaves.com\/fr\/wp-json\/wp\/v2\/comments?post=33588"}],"version-history":[{"count":51,"href":"https:\/\/citizens.forwaves.com\/fr\/wp-json\/wp\/v2\/pages\/33588\/revisions"}],"predecessor-version":[{"id":34910,"href":"https:\/\/citizens.forwaves.com\/fr\/wp-json\/wp\/v2\/pages\/33588\/revisions\/34910"}],"wp:attachment":[{"href":"https:\/\/citizens.forwaves.com\/fr\/wp-json\/wp\/v2\/media?parent=33588"}],"curies":[{"name":"wp","href":"https:\/\/api.w.org\/{rel}","templated":true}]}}