{"id":33692,"date":"2023-03-15T17:50:21","date_gmt":"2023-03-15T16:50:21","guid":{"rendered":"https:\/\/citizens.forwaves.com\/?page_id=33692"},"modified":"2023-08-04T19:42:30","modified_gmt":"2023-08-04T17:42:30","slug":"leaders-communication-mai-2023","status":"publish","type":"page","link":"https:\/\/citizens.forwaves.com\/fr\/leaders-communication-mai-2023\/","title":{"rendered":"Les Secrets de Communication des Leaders de demain-2305"},"content":{"rendered":"<p>[et_pb_section fb_built=\u00a0\u00bb1&Prime; _builder_version=\u00a0\u00bb3.25.4&Prime;][et_pb_row column_structure=\u00a0\u00bb1_5,3_5,1_5&Prime; admin_label=\u00a0\u00bbCTA Button\u00a0\u00bb _builder_version=\u00a0\u00bb3.25.4&Prime; custom_padding=\u00a0\u00bb|||0px||\u00a0\u00bb][et_pb_column type=\u00a0\u00bb1_5&Prime; _builder_version=\u00a0\u00bb3.25&Prime; custom_padding=\u00a0\u00bb|||\u00a0\u00bb custom_padding__hover=\u00a0\u00bb|||\u00a0\u00bb][\/et_pb_column][et_pb_column type=\u00a0\u00bb3_5&Prime; _builder_version=\u00a0\u00bb3.25&Prime; custom_padding=\u00a0\u00bb|||\u00a0\u00bb custom_padding__hover=\u00a0\u00bb|||\u00a0\u00bb][et_pb_image src=\u00a0\u00bbhttps:\/\/citizens.forwaves.com\/wp-content\/uploads\/2023\/07\/ForWaves_leadership_mentoring_program.webp\u00a0\u00bb title_text=\u00a0\u00bbForWaves_leadership_mentoring_program\u00a0\u00bb _builder_version=\u00a0\u00bb4.6.6&Prime; custom_padding=\u00a0\u00bb|||0px||\u00a0\u00bb][\/et_pb_image][\/et_pb_column][et_pb_column type=\u00a0\u00bb1_5&Prime; _builder_version=\u00a0\u00bb3.25&Prime; custom_padding=\u00a0\u00bb|||\u00a0\u00bb custom_padding__hover=\u00a0\u00bb|||\u00a0\u00bb][\/et_pb_column][\/et_pb_row][et_pb_row _builder_version=\u00a0\u00bb4.6.6&Prime; _module_preset=\u00a0\u00bbdefault\u00a0\u00bb custom_padding=\u00a0\u00bb||3px|||\u00a0\u00bb][et_pb_column type=\u00a0\u00bb4_4&Prime; _builder_version=\u00a0\u00bb4.6.6&Prime; _module_preset=\u00a0\u00bbdefault\u00a0\u00bb][et_pb_text _builder_version=\u00a0\u00bb4.6.6&Prime; _module_preset=\u00a0\u00bbdefault\u00a0\u00bb]<\/p>\n<h2 style=\"text-align: center;\"><\/h2>\n<h2 style=\"text-align: center;\">Prenez un temps de recul sur vos <strong>objectifs<\/strong> personnels et professionnels<\/h2>\n<h2 style=\"text-align: center;\"><\/h2>\n<h2 style=\"text-align: center;\">lors d&rsquo;un temps de <strong>retraite<\/strong> et d\u00e9couvrez:<\/h2>\n<p><span><strong>\u00a0<\/strong><\/span><\/p>\n<p>[\/et_pb_text][et_pb_text admin_label=\u00a0\u00bbTittle\u00a0\u00bb _builder_version=\u00a0\u00bb3.27.4&Prime; text_font=\u00a0\u00bbNunito||||||||\u00a0\u00bb text_font_size=\u00a0\u00bb18px\u00a0\u00bb text_line_height=\u00a0\u00bb1.8em\u00a0\u00bb header_font=\u00a0\u00bb||||||||\u00a0\u00bb header_2_font=\u00a0\u00bbOswald|||on|||||\u00a0\u00bb header_2_text_align=\u00a0\u00bbcenter\u00a0\u00bb header_2_font_size=\u00a0\u00bb40px\u00a0\u00bb header_2_letter_spacing=\u00a0\u00bb1px\u00a0\u00bb header_2_line_height=\u00a0\u00bb1.5em\u00a0\u00bb header_3_font=\u00a0\u00bb||||||||\u00a0\u00bb width=\u00a0\u00bb100%\u00a0\u00bb max_width=\u00a0\u00bb1239px\u00a0\u00bb max_width_last_edited=\u00a0\u00bboff|desktop\u00a0\u00bb custom_margin=\u00a0\u00bb-1px|-672px|-1px|0px|true|\u00a0\u00bb custom_padding=\u00a0\u00bb|0px|0px|0px||\u00a0\u00bb]<\/p>\n<h2 style=\"text-align: center;\">LES SECRETS DE COMMUNICATION<\/h2>\n<h2 style=\"text-align: center;\">DES LEADERS DE DEMAIN<\/h2>\n<h2><\/h2>\n<h2><\/h2>\n<p>[\/et_pb_text][et_pb_text _builder_version=\u00a0\u00bb4.6.6&Prime; _module_preset=\u00a0\u00bbdefault\u00a0\u00bb custom_margin=\u00a0\u00bb||0px|||\u00a0\u00bb custom_padding=\u00a0\u00bb0px||0px|||\u00a0\u00bb border_color_all=\u00a0\u00bb#000000&Prime; box_shadow_style=\u00a0\u00bbpreset3&Prime;]<\/p>\n<p>&nbsp;<\/p>\n<h3 style=\"text-align: center;\"><span style=\"color: #333333;\"><strong><span style=\"color: #e09900;\">SUITE AU SUCC\u00c8S DE L&rsquo;ATELIER EN MAI 2023 ET LA DEMANDE DE LE R\u00c9ORGANISER, <\/span><\/strong><\/span><\/h3>\n<h3 style=\"text-align: center;\"><span style=\"color: #e09900;\"><strong><\/strong><\/span><\/h3>\n<h3 style=\"text-align: center;\"><span style=\"color: #e09900;\"><strong>LES PROCHAINES DATES <\/strong><\/span><span style=\"color: #333333;\"><strong><span style=\"color: #e09900;\">SERONT BIENT\u00d4T ANNONC\u00c9ES POUR 2023.<\/span><\/strong><\/span><\/h3>\n<p>&nbsp;<\/p>\n<h3 style=\"text-align: center;\"><span style=\"color: rgba(45, 146, 150, 0.96); font-size: medium;\"><strong>Inscrivez-vous \u00e0 notre <span style=\"text-decoration: underline;\">NEWSLETTER<\/span> pour recevoir les i<\/strong><\/span><span style=\"color: rgba(45, 146, 150, 0.96); font-size: medium;\"><strong>nfos <\/strong><strong>sur nos ateliers, webinars gratuits, appels \u00e0 candidature et contenu <\/strong><strong>: <\/strong><\/span><\/h3>\n<h3 style=\"text-align: center;\"><span style=\"color: rgba(45, 146, 150, 0.96); font-size: medium;\"><strong><\/strong><\/span><\/h3>\n<h3 style=\"text-align: center;\"><span style=\"color: rgba(45, 146, 150, 0.96); font-size: medium;\"><strong><\/strong><\/span><\/h3>\n<h3 style=\"text-align: center;\"><span style=\"font-size: medium;\"><span style=\"color: rgba(45, 146, 150, 0.96);\"><strong>Inscription <span style=\"text-decoration: underline;\">en bas de page<\/span> <\/strong><\/span><span style=\"color: rgba(193, 131, 50, 0.96);\"><strong>\u27a1\ufe0f <\/strong><\/span><\/span><strong><span style=\"font-size: xx-large;\"><span style=\"color: rgba(45, 146, 150, 0.96); font-size: medium;\"><a href=\"https:\/\/citizens.forwaves.com\/\" style=\"color: rgba(45, 146, 150, 0.96);\">https:\/\/citizens.forwaves.com\/<\/a><\/span><\/span><\/strong><\/h3>\n<h3 style=\"text-align: center;\"><strong><\/strong><\/h3>\n<h3 style=\"text-align: center;\"><strong><\/strong><\/h3>\n<h3 style=\"text-align: center;\"><strong><\/strong><\/h3>\n<p><span style=\"color: rgba(193, 131, 50, 0.96); font-size: xx-large;\"><strong><\/strong><\/span><\/p>\n<p><strong><\/strong><\/p>\n<p>[\/et_pb_text][et_pb_text _builder_version=\u00a0\u00bb4.6.6&Prime; _module_preset=\u00a0\u00bbdefault\u00a0\u00bb min_height=\u00a0\u00bb266.4px\u00a0\u00bb custom_padding=\u00a0\u00bb0px|||||\u00a0\u00bb]<\/p>\n<p>&nbsp;<\/p>\n<h3 style=\"text-align: center;\"><strong><\/strong><\/h3>\n<h3 style=\"text-align: center;\"><strong>Vivez un week-end inoubliable dans un cadre magnifique\u00a0!<\/strong><\/h3>\n<h3 style=\"text-align: center;\"><strong>\u00a0<\/strong><\/h3>\n<h3 style=\"text-align: center;\"><strong>Du s<\/strong><strong>amedi 6<\/strong><strong> mai<\/strong><strong> \u00e0 9h00 au dimanche<\/strong><strong> 7<\/strong> <strong>mai<\/strong><span style=\"color: #333333;\"><strong> 2023 \u00e0 17h30.<\/strong><\/span><\/h3>\n<p><span style=\"color: #333333;\"><strong><\/strong><\/span><\/p>\n<p style=\"text-align: center;\"><span style=\"color: #333333;\"><span style=\"font-size: large;\">Possibilit\u00e9 de venir \u00e0 la journ\u00e9e<\/span><\/span><\/p>\n<h3 style=\"text-align: center;\"><span style=\"color: #333333;\"><strong><\/strong><\/span><\/h3>\n<h3 style=\"text-align: center;\"><span style=\"color: #333333;\"><strong><\/strong><\/span><\/h3>\n<p>&nbsp;<\/p>\n<p><span style=\"color: rgba(193, 131, 50, 0.96); font-size: xx-large;\"><strong><\/strong><\/span><\/p>\n<p><strong><\/strong><\/p>\n<p>[\/et_pb_text][\/et_pb_column][\/et_pb_row][\/et_pb_section][et_pb_section fb_built=\u00a0\u00bb1&Prime; _builder_version=\u00a0\u00bb3.25.4&Prime; custom_padding=\u00a0\u00bb0px||0px|||\u00a0\u00bb][et_pb_row _builder_version=\u00a0\u00bb3.25.4&Prime; custom_margin=\u00a0\u00bb-67px|auto||auto||\u00a0\u00bb custom_padding=\u00a0\u00bb40px|||||\u00a0\u00bb][et_pb_column type=\u00a0\u00bb4_4&Prime; _builder_version=\u00a0\u00bb3.25.4&Prime;][et_pb_text _builder_version=\u00a0\u00bb4.6.6&Prime; _module_preset=\u00a0\u00bbdefault\u00a0\u00bb custom_margin=\u00a0\u00bb1px|||||\u00a0\u00bb]<\/p>\n<h2 style=\"text-align: center;\">Les places sont limit\u00e9es.<\/h2>\n<h2 style=\"text-align: center;\">Ne tardez pas \u00e0 vous inscrire!<\/h2>\n<p>&nbsp;<\/p>\n<p style=\"text-align: center;\"><span style=\"font-size: large;\"><strong><span style=\"color: #e09900;\">\u00c9v\u00e9nement complet<\/span><\/strong><\/span><\/p>\n<p>&nbsp;<\/p>\n<p>[\/et_pb_text][et_pb_button button_url=\u00a0\u00bbhttps:\/\/citizens.forwaves.com\/halte_insc_2305\/\u00a0\u00bb url_new_window=\u00a0\u00bbon\u00a0\u00bb button_text=\u00a0\u00bbInscrivez-vous aujourd&rsquo;hui\u00a0\u00bb button_alignment=\u00a0\u00bbcenter\u00a0\u00bb _builder_version=\u00a0\u00bb4.6.6&Prime; custom_button=\u00a0\u00bbon\u00a0\u00bb button_text_size=\u00a0\u00bb23px\u00a0\u00bb button_text_color=\u00a0\u00bb#ffffff\u00a0\u00bb button_bg_color=\u00a0\u00bb#34a7ae\u00a0\u00bb button_border_width=\u00a0\u00bb4px\u00a0\u00bb button_font=\u00a0\u00bbRoboto||||||||\u00a0\u00bb background_layout=\u00a0\u00bbdark\u00a0\u00bb hover_enabled=\u00a0\u00bb0&Prime; sticky_enabled=\u00a0\u00bb0&Prime;][\/et_pb_button][\/et_pb_column][\/et_pb_row][et_pb_row _builder_version=\u00a0\u00bb4.6.6&Prime; _module_preset=\u00a0\u00bbdefault\u00a0\u00bb][et_pb_column type=\u00a0\u00bb4_4&Prime; _builder_version=\u00a0\u00bb4.6.6&Prime; _module_preset=\u00a0\u00bbdefault\u00a0\u00bb][et_pb_image src=\u00a0\u00bbhttps:\/\/citizens.forwaves.com\/wp-content\/uploads\/2023\/07\/Les-Secrets-de-Communication-des-leaders-de-demain.webp\u00a0\u00bb title_text=\u00a0\u00bbLes-Secrets-de-Communication-des-leaders-de-demain\u00a0\u00bb _builder_version=\u00a0\u00bb4.6.6&Prime; _module_preset=\u00a0\u00bbdefault\u00a0\u00bb][\/et_pb_image][\/et_pb_column][\/et_pb_row][\/et_pb_section][et_pb_section fb_built=\u00a0\u00bb1&Prime; _builder_version=\u00a0\u00bb4.6.6&Prime; background_color=\u00a0\u00bb#f4f4f4&Prime; custom_margin=\u00a0\u00bb-4px||-6px|||\u00a0\u00bb custom_padding=\u00a0\u00bb2px||0px|||\u00a0\u00bb][et_pb_row _builder_version=\u00a0\u00bb4.6.6&Prime; background_color=\u00a0\u00bb#f4f4f4&Prime; custom_padding=\u00a0\u00bb46px||1px|||\u00a0\u00bb border_color_all=\u00a0\u00bb#ffffff\u00a0\u00bb][et_pb_column type=\u00a0\u00bb4_4&Prime; _builder_version=\u00a0\u00bb4.6.6&Prime; background_color=\u00a0\u00bb#f4f4f4&Prime;][et_pb_text admin_label=\u00a0\u00bbTittle\u00a0\u00bb _builder_version=\u00a0\u00bb4.6.6&Prime; text_font=\u00a0\u00bbNunito||||||||\u00a0\u00bb text_font_size=\u00a0\u00bb7px\u00a0\u00bb text_line_height=\u00a0\u00bb1.8em\u00a0\u00bb header_font=\u00a0\u00bb||||||||\u00a0\u00bb header_2_font=\u00a0\u00bbOswald|||on|||||\u00a0\u00bb header_2_text_align=\u00a0\u00bbcenter\u00a0\u00bb header_2_font_size=\u00a0\u00bb40px\u00a0\u00bb header_2_letter_spacing=\u00a0\u00bb1px\u00a0\u00bb header_2_line_height=\u00a0\u00bb1.5em\u00a0\u00bb header_3_font=\u00a0\u00bb||||||||\u00a0\u00bb background_color=\u00a0\u00bb#f4f4f4&Prime; max_width=\u00a0\u00bb1207px\u00a0\u00bb max_width_last_edited=\u00a0\u00bboff|desktop\u00a0\u00bb module_alignment=\u00a0\u00bbcenter\u00a0\u00bb min_height=\u00a0\u00bb223px\u00a0\u00bb custom_margin=\u00a0\u00bb-4px|-26px|-3px|-30px||\u00a0\u00bb custom_padding=\u00a0\u00bb||0px|||\u00a0\u00bb inline_fonts=\u00a0\u00bbRoboto\u00a0\u00bb]<\/p>\n<h2 style=\"text-align: center;\"><span style=\"color: rgba(45, 146, 150, 0.96); font-size: xx-large;\">JE NE ME CONSID\u00e8RE PAS COMME UN \u00ab\u00a0LEADER\u00a0\u00bb, EST-CE QUE CET ATELIER EST AUSSI POUR MOI? Quels sont les objectifs de l&rsquo;atelier?<\/span><span style=\"font-size: x-large; color: #000000;\"><\/span><br \/> <span style=\"font-size: x-large; color: rgba(45, 146, 150, 0.96);\"><\/span><\/h2>\n<p style=\"text-align: left;\"><span style=\"font-size: x-large; color: #000000;\"><\/span><\/p>\n<p style=\"text-align: left;\"><span style=\"font-size: x-large; color: #000000;\"><\/span><\/p>\n<p style=\"text-align: left;\"><span style=\"font-size: x-large; color: #000000;\"><\/span><\/p>\n<h1 style=\"text-align: left;\"><span style=\"font-size: large;\"><em><strong><span style=\"color: rgba(45, 146, 150, 0.96);\">Chaque citoyen-ne, et quelque soit son \u00e2ge, a une influence (intentionnelle ou non) sur son entourage, notamment au travers de sa communication au quotidien. <\/span><\/strong><\/em><\/span><\/h1>\n<p><span style=\"font-size: large;\"><em><strong><span style=\"color: rgba(45, 146, 150, 0.96);\"><\/span><\/strong><\/em><\/span><\/p>\n<h1 style=\"text-align: justify;\"><span style=\"font-size: large;\"><em><strong><span style=\"color: rgba(45, 146, 150, 0.96);\"><\/span><\/strong><\/em><\/span><\/h1>\n<h1 style=\"text-align: justify;\"><span style=\"font-size: large; color: #000000;\"><em>Ce week-end de retraite &amp; atelier permet de:<\/em><\/span><\/h1>\n<p><span style=\"font-size: large; color: #000000;\"><em><\/em><\/span><\/p>\n<ul>\n<li>\n<h1><span style=\"font-size: large;\"><span style=\"color: #000000;\"><strong>Prendre du recul sur ses objectifs personnels et professionnels<\/strong> dans tous les domaines de sa vie (sant\u00e9, relations, travail, temps libre, finances, mission de vie, etc.) <\/span><span style=\"color: #000000;\"><\/span><\/span><\/h1>\n<\/li>\n<li>\n<h1><span style=\"font-size: large; color: #000000;\"><strong>D\u00e9couvrir et\/ou s&rsquo;aligner avec\u00a0 sa mission<\/strong> et ses r\u00eaves de mani\u00e8re plus approfondie<\/span><\/h1>\n<\/li>\n<li>\n<h1><span style=\"font-size: large; color: #000000;\"><strong>Prendre conscience de son influence<\/strong> sur son entourage proche, sa communaut\u00e9, au travail et \u00e0 plus large \u00e9chelle (e.g., D\u00e9veloppement durable, <a href=\"https:\/\/www.un.org\/sustainabledevelopment\/fr\/objectifs-de-developpement-durable\/\" style=\"color: #000000;\">#SDGs<\/a>)<\/span><\/h1>\n<\/li>\n<li>\n<h1><span style=\"color: #000000; font-size: large;\"><strong>Am\u00e9liorer sa communication avec soi, les autres et le monde<\/strong> dans le cadre de sa mission<br \/> <\/span><\/h1>\n<\/li>\n<li>\n<h1><span style=\"font-size: large;\"><span style=\"color: #000000;\"><strong>\u00catre accompangn\u00e9-e dans sa r\u00e9flexion et avoir une feuille de route concr\u00e8te<\/strong> relative \u00e0 comment \u00ab\u00a0cr\u00e9er de nouvelles vagues\u00a0\u00bb selon ce que chacun-e est appel\u00e9-e \u00e0 accompli<strong><\/strong><\/span><span style=\"color: #000000;\"><\/span><span style=\"color: #000000;\"><\/span><\/span><\/h1>\n<\/li>\n<li>\n<h1><span style=\"font-size: large; color: #000000;\"><strong>D\u00e9couvrir les Secrets de communication des leaders de demain&#8230;<\/strong><\/span><\/h1>\n<\/li>\n<\/ul>\n<p><span style=\"color: #000000; font-size: large;\"><\/span><\/p>\n<p><span style=\"color: #000000; font-size: large;\"><\/span><\/p>\n<p><span style=\"color: #000000; font-size: large;\"><\/span><\/p>\n<p><span style=\"color: #000000; font-size: large;\"><\/span><\/p>\n<p><span style=\"font-size: large;\"><em><span style=\"color: #000000;\">Vous pourrez:<\/span><\/em><\/span><\/p>\n<p><span style=\"color: #000000; font-size: large;\"><\/span><\/p>\n<ul>\n<li>\n<h1><span style=\"font-size: large;\"><span style=\"color: rgba(45, 146, 150, 0.96);\"><span style=\"color: #000000;\">Faire de <strong>belles rencontres<\/strong>, revoir des participant-e-s de la communaut\u00e9 et vivre un <strong>week-end de retraite<\/strong> avec des personnes aux valeurs communes dans un <strong>cadre magnifique et reposant<\/strong> <\/span><\/span><\/span><\/h1>\n<\/li>\n<li>\n<h1><span style=\"font-size: large;\"><span style=\"color: rgba(45, 146, 150, 0.96);\"><span style=\"color: #000000;\">Avoir un court <strong>entretien en personne ou en petit groupe<\/strong> avec la formatrice \/ psychologue (en bonus) pour avoir des r\u00e9ponses personnalis\u00e9es \u00e0 vos questions<\/span><\/span><\/span><\/h1>\n<\/li>\n<li>\n<h1><span style=\"font-size: x-large;\"><span style=\"color: rgba(45, 146, 150, 0.96); font-size: large;\"><span style=\"color: #000000;\">Int\u00e9grer un <strong>groupe de soutien<\/strong> pour vous aider \u00e0 concr\u00e8tement avancer en direction de vos r\u00eaves et atteindre vos objectifs suite \u00e0 l&rsquo;atelier.<\/span><\/span><em><span style=\"color: rgba(45, 146, 150, 0.96);\"><br \/> <\/span><\/em><\/span><\/h1>\n<p><span style=\"font-size: x-large;\"><em><span style=\"color: rgba(45, 146, 150, 0.96);\"><span style=\"color: #000000;\"><\/span><\/span><\/em><\/span><\/p>\n<\/li>\n<\/ul>\n<p><span style=\"font-size: x-large; color: #000000;\"><\/span><\/p>\n<p><span style=\"font-size: x-large;\"><span style=\"color: #ffffff;\"><\/span><\/span><\/p>\n<p><span style=\"color: #ffffff; font-size: x-large;\"><\/span><\/p>\n<p><span style=\"color: #ffffff; font-size: x-large;\"><\/span><\/p>\n<p><span style=\"color: #ffffff; font-size: large;\"><\/span><\/p>\n<p>[\/et_pb_text][et_pb_text admin_label=\u00a0\u00bbTittle\u00a0\u00bb _builder_version=\u00a0\u00bb4.6.6&Prime; text_font=\u00a0\u00bbNunito||||||||\u00a0\u00bb text_font_size=\u00a0\u00bb7px\u00a0\u00bb text_line_height=\u00a0\u00bb1.8em\u00a0\u00bb header_font=\u00a0\u00bb||||||||\u00a0\u00bb header_2_font=\u00a0\u00bbOswald|||on|||||\u00a0\u00bb header_2_text_align=\u00a0\u00bbcenter\u00a0\u00bb header_2_font_size=\u00a0\u00bb40px\u00a0\u00bb header_2_letter_spacing=\u00a0\u00bb1px\u00a0\u00bb header_2_line_height=\u00a0\u00bb1.5em\u00a0\u00bb header_3_font=\u00a0\u00bb||||||||\u00a0\u00bb background_color=\u00a0\u00bb#f4f4f4&Prime; max_width=\u00a0\u00bb1207px\u00a0\u00bb max_width_last_edited=\u00a0\u00bboff|desktop\u00a0\u00bb module_alignment=\u00a0\u00bbcenter\u00a0\u00bb min_height=\u00a0\u00bb133px\u00a0\u00bb custom_margin=\u00a0\u00bb-2px|-26px|-4px|-30px||\u00a0\u00bb custom_padding=\u00a0\u00bb||0px|||\u00a0\u00bb inline_fonts=\u00a0\u00bbRoboto\u00a0\u00bb]<\/p>\n<h2><span style=\"color: #000000;\">\u00a0<em><\/em><\/span><span style=\"color: rgba(45, 146, 150, 0.96); font-size: xx-large;\">ForWaves r\u00e9unit des citoyennes et citoyens engag\u00e9s \u00e0 contribuer \u00e0 un monde plus durable et \u00e0 visage humain <\/span><\/h2>\n<p><span style=\"color: #ffffff; font-size: x-large;\"><\/span><\/p>\n<p><span style=\"font-size: x-large;\"><span style=\"color: #ffffff;\"><\/span><\/span><\/p>\n<p><span style=\"font-size: x-large;\"><span style=\"color: #ffffff;\"><\/span><\/span><\/p>\n<p><span style=\"color: #ffffff; font-size: x-large;\"><\/span><\/p>\n<p><span style=\"color: #ffffff; font-size: x-large;\"><\/span><\/p>\n<p><span style=\"font-size: x-large;\"><\/span><\/p>\n<p><span style=\"color: #ffffff; font-size: large;\"><\/span><\/p>\n<p>[\/et_pb_text][et_pb_text admin_label=\u00a0\u00bbTittle\u00a0\u00bb _builder_version=\u00a0\u00bb4.6.6&Prime; text_font=\u00a0\u00bbNunito||||||||\u00a0\u00bb text_font_size=\u00a0\u00bb7px\u00a0\u00bb text_line_height=\u00a0\u00bb1.8em\u00a0\u00bb header_font=\u00a0\u00bb||||||||\u00a0\u00bb header_2_font=\u00a0\u00bbOswald|||on|||||\u00a0\u00bb header_2_text_align=\u00a0\u00bbcenter\u00a0\u00bb header_2_font_size=\u00a0\u00bb40px\u00a0\u00bb header_2_letter_spacing=\u00a0\u00bb1px\u00a0\u00bb header_2_line_height=\u00a0\u00bb1.5em\u00a0\u00bb header_3_font=\u00a0\u00bb||||||||\u00a0\u00bb background_color=\u00a0\u00bb#f4f4f4&Prime; max_width=\u00a0\u00bb1207px\u00a0\u00bb max_width_last_edited=\u00a0\u00bboff|desktop\u00a0\u00bb module_alignment=\u00a0\u00bbcenter\u00a0\u00bb min_height=\u00a0\u00bb223px\u00a0\u00bb custom_margin=\u00a0\u00bb-8px|-26px||-30px||\u00a0\u00bb custom_padding=\u00a0\u00bb||0px|||\u00a0\u00bb inline_fonts=\u00a0\u00bbRoboto\u00a0\u00bb]<\/p>\n<h1><span style=\"color: rgba(45, 146, 150, 0.96); font-size: xx-large;\"><\/span><span style=\"font-size: large; color: #000000;\">En ces temps incertains, beaucoup de personnes ont besoin de <strong>faire une pause ou d&rsquo;un nouveau d\u00e9part.<\/strong> Prendre r\u00e9guli\u00e8rement un <strong>temps pour soi<\/strong> et de retraite permet de r\u00e9guli\u00e8rement <strong>prendre du recul sur ses objectifs, s&rsquo;aligner avec sa mission et de maintenir son \u00e9quilibre<\/strong> m\u00eame dans des circonstances parfois plus difficiles.<\/span><\/h1>\n<h1><span style=\"font-size: large; color: #000000;\"><strong><\/strong><\/span><\/h1>\n<h1><span style=\"font-size: large; color: #000000;\"><strong><\/strong><\/span><\/h1>\n<h1><span style=\"font-size: large; color: #000000;\"><strong><\/strong><\/span><\/h1>\n<h1><span style=\"font-size: large;\"><span style=\"color: #000000;\"><strong> <\/strong><\/span><span style=\"color: #000000;\"><span style=\"color: rgba(45, 146, 150, 0.96);\"><strong>Se restaurer et se mettre <\/strong><\/span><\/span><span style=\"color: #000000;\"><span style=\"color: rgba(45, 146, 150, 0.96);\"><strong>concr\u00e8tement <\/strong><\/span><\/span><span style=\"color: #000000;\"><span style=\"color: rgba(45, 146, 150, 0.96);\"><strong>au service de ses proches, sa communaut\u00e9 et d&rsquo;un monde plus durable, <\/strong><\/span>notamment au travers d&rsquo;une communication authentique et efficace, tant avec soi-m\u00eame qu&rsquo;avec autrui et le monde est un art et une science qui fait partie de l&rsquo;<strong>ADN de ForWaves.<br \/> <\/strong><\/span><\/span><\/h1>\n<h1><span style=\"font-size: large;\"><strong><span style=\"color: #000000;\"><\/span><\/strong><\/span><\/h1>\n<h1><span style=\"font-size: large; color: #000000;\"><\/span><\/h1>\n<h1><span style=\"font-size: large; color: #000000;\"><\/span><\/h1>\n<h1><span style=\"font-size: large; color: #000000;\">ForWaves, plateforme de plus de 20 experts multi-disciplinaires, bas\u00e9s dans 12 pays et 4 continents, et r\u00e9seau de plus de 200 experts, est <strong>active tant au niveau local que dans des projets et programmes d&rsquo;aide au d\u00e9veloppement<\/strong> couvrant de nombreux pays. <\/span><\/h1>\n<p><span style=\"font-size: large; color: #000000;\"><\/span><\/p>\n<h1><span style=\"font-size: large; color: #000000;\"><\/span><\/h1>\n<h1><span style=\"font-size: large; color: #000000;\"><strong>L&rsquo;Acad\u00e9mie ForWaves<\/strong> organise r\u00e9guli\u00e8rement (dans le cadre de son programme de formation et de mentorat) en partenariat avec la Halte Spirituelle, institut \u00e0 but non lucratif, des week-ends d&rsquo;ateliers et de retraites dans un cadre magnifique <strong>au service de citoyens, de leaders d&rsquo;impact et de leaders de demain (y compris pour les g\u00e9n\u00e9rations Y et Z).<\/strong> <\/span><\/h1>\n<p><span style=\"font-size: large; color: #000000;\"><\/span><\/p>\n<h1><span style=\"font-size: large; color: #000000;\"><\/span><\/h1>\n<h1><span style=\"font-size: large;\"><span style=\"color: #000000;\">C&rsquo;est l&rsquo;occasion de <strong>faire une halte, prendre <\/strong><\/span><span style=\"color: #000000;\"><strong>des d\u00e9cisions <\/strong><\/span><span style=\"color: #000000;\"><strong>pour une vie porteuse de sens et sereine, <\/strong><\/span><span style=\"color: #000000;\"><strong>d\u00e9velopper ses comp\u00e9tences<\/strong><\/span><span style=\"color: #000000;\"><strong>, <\/strong><\/span><span style=\"color: #000000;\"><strong>se lib\u00e9rer du stress et <\/strong><\/span><span style=\"color: #000000;\"><strong>s&rsquo;aligner avec ses valeurs.<\/strong> <\/span><\/span><\/h1>\n<p><span style=\"color: #ffffff; font-size: x-large;\"><\/span><\/p>\n<p><span style=\"font-size: x-large;\"><span style=\"color: #ffffff;\"><\/span><\/span><\/p>\n<p><span style=\"color: #ffffff; font-size: x-large;\"><\/span><\/p>\n<p><span style=\"color: #ffffff; font-size: x-large;\"><\/span><\/p>\n<p><span style=\"color: #ffffff; font-size: x-large;\"><\/span><\/p>\n<p><span style=\"font-size: x-large;\"><\/span><\/p>\n<p><span style=\"color: #ffffff; font-size: large;\"><\/span><\/p>\n<p>[\/et_pb_text][\/et_pb_column][\/et_pb_row][\/et_pb_section][et_pb_section fb_built=\u00a0\u00bb1&Prime; _builder_version=\u00a0\u00bb4.6.6&Prime; custom_padding=\u00a0\u00bb5px||35px|||\u00a0\u00bb][et_pb_row _builder_version=\u00a0\u00bb3.25.4&Prime; custom_padding=\u00a0\u00bb0px|||||\u00a0\u00bb][et_pb_column type=\u00a0\u00bb4_4&Prime; _builder_version=\u00a0\u00bb3.25.4&Prime;][et_pb_image src=\u00a0\u00bbhttps:\/\/citizens.forwaves.com\/wp-content\/uploads\/2023\/07\/meilleurs-programmes-de-formation-continue.webp\u00a0\u00bb title_text=\u00a0\u00bbmeilleurs- programmes-de-formation- continue\u00a0\u00bb align=\u00a0\u00bbcenter\u00a0\u00bb _builder_version=\u00a0\u00bb4.6.6&Prime; _module_preset=\u00a0\u00bbdefault\u00a0\u00bb custom_margin=\u00a0\u00bb84px|||||\u00a0\u00bb custom_padding=\u00a0\u00bb0px||66px|||\u00a0\u00bb][\/et_pb_image][et_pb_image _builder_version=\u00a0\u00bb4.6.6&Prime; _module_preset=\u00a0\u00bbdefault\u00a0\u00bb][\/et_pb_image][et_pb_text admin_label=\u00a0\u00bbTittle\u00a0\u00bb _builder_version=\u00a0\u00bb4.6.6&Prime; text_font=\u00a0\u00bbNunito||||||||\u00a0\u00bb text_font_size=\u00a0\u00bb18px\u00a0\u00bb text_line_height=\u00a0\u00bb1.8em\u00a0\u00bb header_font=\u00a0\u00bb||||||||\u00a0\u00bb header_2_font=\u00a0\u00bbOswald|||on|||||\u00a0\u00bb header_2_text_align=\u00a0\u00bbcenter\u00a0\u00bb header_2_font_size=\u00a0\u00bb40px\u00a0\u00bb header_2_letter_spacing=\u00a0\u00bb1px\u00a0\u00bb header_2_line_height=\u00a0\u00bb1.5em\u00a0\u00bb header_3_font=\u00a0\u00bb||||||||\u00a0\u00bb background_color=\u00a0\u00bb#464646&Prime; max_width=\u00a0\u00bb1199px\u00a0\u00bb max_width_last_edited=\u00a0\u00bboff|desktop\u00a0\u00bb module_alignment=\u00a0\u00bbcenter\u00a0\u00bb custom_margin=\u00a0\u00bb-64px|||||\u00a0\u00bb]<\/p>\n<h2><span style=\"color: #ffffff;\">Soumettez votre inscription d\u00e8s aujourd&rsquo;hui<\/span><\/h2>\n<p>[\/et_pb_text][\/et_pb_column][\/et_pb_row][et_pb_row column_structure=\u00a0\u00bb1_5,3_5,1_5&Prime; _builder_version=\u00a0\u00bb3.25.4&Prime;][et_pb_column type=\u00a0\u00bb1_5&Prime; _builder_version=\u00a0\u00bb3.25.4&Prime;][et_pb_text _builder_version=\u00a0\u00bb4.6.6&Prime; min_height=\u00a0\u00bb63px\u00a0\u00bb inline_fonts=\u00a0\u00bbRoboto\u00a0\u00bb]<\/p>\n<p style=\"text-align: center;\"><span style=\"font-size: xx-large;\"><strong><span style=\"color: rgba(45, 146, 150, 0.96);\">EARLY <\/span><\/strong><\/span><\/p>\n<p style=\"text-align: center;\"><span style=\"font-size: xx-large;\"><strong><span style=\"color: rgba(45, 146, 150, 0.96);\">BIRD:<\/span><\/strong><\/span><\/p>\n<p style=\"text-align: center;\"><span style=\"font-size: large; color: rgba(45, 146, 150, 0.96);\"><span style=\"font-family: Roboto;\"><\/span><\/span><\/p>\n<p style=\"text-align: center;\"><span style=\"font-size: large;\"><strong><span style=\"color: rgba(45, 146, 150, 0.96);\"><span style=\"font-family: Roboto;\">&gt;&gt; Les 5 premiers inscrits re\u00e7oivent <\/span><\/span><\/strong><span style=\"font-family: Roboto;\"><strong><span style=\"color: rgba(45, 146, 150, 0.96);\">un BON d&rsquo;accompagnement individuel d&rsquo;une valeur de <span style=\"text-decoration: underline;\">CHF 100.-<\/span><\/span><\/strong><br \/> <\/span><\/span><\/p>\n<p style=\"text-align: center;\"><span style=\"font-size: medium;\"><span style=\"font-family: Roboto;\"><\/span><\/span><\/p>\n<p>[\/et_pb_text][et_pb_image _builder_version=\u00a0\u00bb4.6.6&Prime; _module_preset=\u00a0\u00bbdefault\u00a0\u00bb][\/et_pb_image][\/et_pb_column][et_pb_column type=\u00a0\u00bb3_5&Prime; _builder_version=\u00a0\u00bb4.6.6&Prime; _module_preset=\u00a0\u00bbdefault\u00a0\u00bb][et_pb_image src=\u00a0\u00bbhttps:\/\/citizens.forwaves.com\/wp-content\/uploads\/2023\/07\/leadership-and-coaching.webp\u00a0\u00bb title_text=\u00a0\u00bbleadership-and-coaching\u00a0\u00bb align=\u00a0\u00bbcenter\u00a0\u00bb _builder_version=\u00a0\u00bb4.6.6&Prime; _module_preset=\u00a0\u00bbdefault\u00a0\u00bb][\/et_pb_image][\/et_pb_column][et_pb_column type=\u00a0\u00bb1_5&Prime; _builder_version=\u00a0\u00bb4.6.6&Prime; _module_preset=\u00a0\u00bbdefault\u00a0\u00bb][et_pb_text _builder_version=\u00a0\u00bb4.6.6&Prime; _module_preset=\u00a0\u00bbdefault\u00a0\u00bb]<\/p>\n<p><span style=\"font-size: medium; color: rgba(45, 146, 150, 0.96);\"><em><span style=\"font-family: Roboto;\"><strong>Tu es \u00e9tudiant-e?<\/strong> <\/span><\/em><\/span><\/p>\n<p><span style=\"font-size: medium;\"><strong><em><span style=\"font-family: Roboto;\">Cet atelier est aussi pour toi! <\/span><\/em><\/strong><\/span><\/p>\n<p><span style=\"font-size: medium;\"><strong><em><span style=\"font-family: Roboto;\">&gt;&gt; Profite du tarif r\u00e9duit pour vivre un week-end inoubliable!<br \/><\/span><\/em><\/strong><\/span><\/p>\n<p>[\/et_pb_text][\/et_pb_column][\/et_pb_row][et_pb_row _builder_version=\u00a0\u00bb4.6.6&Prime; _module_preset=\u00a0\u00bbdefault\u00a0\u00bb custom_padding=\u00a0\u00bb1px||2px|||\u00a0\u00bb][et_pb_column type=\u00a0\u00bb4_4&Prime; _builder_version=\u00a0\u00bb4.6.6&Prime; _module_preset=\u00a0\u00bbdefault\u00a0\u00bb][et_pb_text _builder_version=\u00a0\u00bb4.6.6&Prime; text_font=\u00a0\u00bb||||||||\u00a0\u00bb custom_margin=\u00a0\u00bb0px|||||\u00a0\u00bb custom_padding=\u00a0\u00bb||0px|5px||\u00a0\u00bb inline_fonts=\u00a0\u00bbRoboto\u00a0\u00bb]<\/p>\n<p>&nbsp;<\/p>\n<p style=\"text-align: center;\">\n<p style=\"text-align: left;\"><span style=\"color: rgba(45, 146, 150, 0.96); font-size: xx-large;\"><strong>INFOS PRATIQUES &#8211; OFFRE SPECIALE<\/strong><\/span><\/p>\n<p style=\"text-align: left;\"><span style=\"color: rgba(45, 146, 150, 0.96); font-size: xx-large;\"><span style=\"color: rgba(224, 153, 0, 0.96);\"><em>\u00c9v\u00e9nement de mai 2023: complet. Prochain atelier: novembre 2023.<\/em><\/span><\/span><\/p>\n<h3 style=\"text-align: left;\"><span style=\"color: rgba(45, 146, 150, 0.96); font-size: medium;\"><strong>Inscrivez-vous \u00e0 notre <span style=\"text-decoration: underline;\">NEWSLETTER<\/span> pour recevoir les i<\/strong><\/span><span style=\"color: rgba(45, 146, 150, 0.96); font-size: medium;\"><strong>nfos <\/strong><strong>sur cet atelier. <\/strong><\/span><span style=\"font-size: medium;\"><span style=\"color: rgba(45, 146, 150, 0.96);\"><strong>Inscription <span style=\"text-decoration: underline;\">en bas de page<\/span> <\/strong><\/span><span style=\"color: rgba(193, 131, 50, 0.96);\"><strong>\u27a1\ufe0f <\/strong><\/span><\/span><strong><span style=\"font-size: xx-large;\"><span style=\"color: rgba(45, 146, 150, 0.96); font-size: medium;\"><a href=\"https:\/\/citizens.forwaves.com\/\" style=\"color: rgba(45, 146, 150, 0.96);\">https:\/\/citizens.forwaves.com\/<\/a><\/span><\/span><\/strong><\/h3>\n<p><strong><span style=\"font-size: xx-large;\"><span style=\"color: rgba(45, 146, 150, 0.96); font-size: medium;\"><\/span><\/span><\/strong><\/p>\n<p style=\"text-align: left;\"><span style=\"color: rgba(45, 146, 150, 0.96); font-size: xx-large;\"><strong><\/strong><\/span><\/p>\n<ul>\n<li><span style=\"font-size: large;\"><strong><span style=\"color: #000000;\"><span style=\"color: rgba(45, 146, 150, 0.96);\">Tarif pr\u00e9f\u00e9rentiel pour 2 jours:<\/span> CHF 390 &#8211; \u00c9tudiant-e\/Ch\u00f4mage: CHF 290<\/span><\/strong><\/span><\/li>\n<li><span style=\"font-size: large;\"><strong><span style=\"color: #000000;\"><span style=\"color: rgba(45, 146, 150, 0.96);\">Tarif pour 1 jour: <\/span>CHF 290 &#8211; \u00c9tudiant-e\/Ch\u00f4mage: CHF 190<\/span><\/strong><\/span><span style=\"font-size: large;\"><strong><span style=\"color: #000000;\"><br \/><\/span><\/strong><\/span><\/li>\n<li><span style=\"font-size: large;\"><strong><span style=\"color: #000000;\">H\u00e9bergement et repas <\/span><\/strong><span style=\"color: #000000;\">(facultatifs)<\/span><strong><span style=\"color: #000000;\">: CHF 50 par nuit<\/span><\/strong><strong><span style=\"color: #000000;\"> I CHF 15 par repas <\/span><\/strong><span style=\"color: #000000;\">(midi\/soir) <strong>I CHF 8 par petit d\u00e9jeuner.<\/strong><\/span><\/span><span style=\"color: #e09900;\"><span style=\"font-size: large;\"><strong><\/strong><\/span><span style=\"font-size: large;\"><\/span><span style=\"font-size: large;\"><strong><\/strong><\/span><\/span><\/li>\n<\/ul>\n<p><span style=\"font-size: large;\"><span style=\"color: #000000;\"><em><span style=\"color: #e09900;\"><strong>Initiative solidaire: <\/strong><\/span>L&rsquo;aspect financier ne doit pas \u00eatre un frein \u00e0 votre participation! <strong><span style=\"color: rgba(45, 146, 150, 0.96);\">L&rsquo;Initiative Tatjana <\/span><\/strong>(voir plus bas) a pour but de rendre cet \u00e9v\u00e9nement accessible tenant compte notamment de vos besoins et moyens financiers. <\/em><\/span><\/span><\/p>\n<p><span style=\"font-size: large; color: #000000;\"><em><\/em><\/span><\/p>\n<p><span style=\"font-size: large; color: #000000;\"><span style=\"color: rgba(45, 146, 150, 0.96);\"><strong>Pr\u00e9voir :<\/strong> <\/span>Prendre avec soi un <strong>pique-nique<\/strong> pour le repas de samedi midi, une tenue confortable pour les journ\u00e9es de formation et une tenue de marche.<\/span><\/p>\n<p><span style=\"font-size: large; color: #000000;\"><span style=\"color: rgba(45, 146, 150, 0.96);\"><strong>D\u00e9roulement :<\/strong><\/span> alternance entre le cours, des moments de <strong>marche (facultatif)<\/strong> et en bonus <em><strong>Coin Caf\u00e9<\/strong> <\/em>en personne ou petit groupe avec la formatrice-psychologue pour des <strong>r\u00e9ponses personnalis\u00e9es<\/strong> \u00e0 vos questions.<\/span><\/p>\n<p><span style=\"font-size: large; color: #000000;\"><span style=\"color: rgba(45, 146, 150, 0.96);\"><strong>Lieu:<\/strong> <\/span>Halte Spirituelle &#8211; <span style=\"font-size: large;\"><span style=\"color: #000000;\">Institut St-Fran\u00e7ois de Sales &#8211; Grand-Rue 40 &#8211; 1618 Ch\u00e2tel-St-Denis &#8211; Suisse<\/span><\/span><\/span><\/p>\n<p><span style=\"font-size: large; color: #000000;\"><em>Nous vous encourageons \u00e0 loger sur place (selon les places disponibles) ou \u00e0 Ch\u00e2tel-Saint-Denis la nuit du samedi pour pleinement profiter de votre s\u00e9jour.<\/em><\/span><\/p>\n<p><span style=\"font-size: large; color: #000000;\"><\/span><\/p>\n<p><span style=\"font-size: large;\"><\/span><\/p>\n<p><span style=\"font-size: large;\"><span style=\"color: #000000;\"><strong><span style=\"color: rgba(45, 146, 150, 0.96);\">Infos pratiques :<\/span> <\/strong><span style=\"color: rgba(45, 146, 150, 0.96);\">haltest-francois<a href=\"mailto:info@institut-chatel.ch\" style=\"color: rgba(45, 146, 150, 0.96);\">@institut-chatel.ch<\/a> <span style=\"color: rgba(0, 0, 0, 0.96);\">I <\/span><\/span><\/span><\/span><span style=\"font-size: large;\"><span style=\"color: #000000;\"><span style=\"color: rgba(45, 146, 150, 0.96);\"><span style=\"color: rgba(0, 0, 0, 0.96);\"><span style=\"color: rgba(0, 0, 0, 0.96);\"><a href=\"https:\/\/www.institut-chatel.ch\/fr\/\" style=\"color: rgba(0, 0, 0, 0.96);\">https:\/\/www.institut-chatel.ch<\/a> <\/span>I T\u00e9l.<\/span><\/span> +41 21 948 77 13<\/span><\/span><\/p>\n<p><span style=\"font-size: large;\"><span style=\"color: #000000;\"><span style=\"color: rgba(45, 146, 150, 0.96);\"><strong>Infos sur l&rsquo;atelier : <\/strong><span style=\"color: rgba(45, 146, 150, 0.96);\"><a href=\"mailto:contact@citizens.forwaves.com\" style=\"color: rgba(45, 146, 150, 0.96);\">contact@citizens.forwaves.com<\/a> <span style=\"color: rgba(0, 0, 0, 0.96);\">I T\u00e9l.<\/span><\/span><\/span><span style=\"color: rgba(0, 0, 0, 0.96);\"> +41 22 366 80 80<\/span><br \/><\/span><\/span><\/p>\n<p><span style=\"font-size: large;\"><span style=\"color: #000000;\"><span style=\"color: rgba(0, 0, 0, 0.96);\"><span style=\"color: rgba(45, 146, 150, 0.96);\"><strong>Initiative Tatjana <\/strong>(Demande pour tarif r\u00e9duit):<\/span> <span style=\"font-size: large; color: #000000;\"><span style=\"color: rgba(45, 146, 150, 0.96);\"><a href=\"mailto:Tatjana-Initiative@forwaves.com\" style=\"color: rgba(45, 146, 150, 0.96);\"><span style=\"color: rgba(45, 146, 150, 0.96);\"><\/span><\/a><a style=\"color: rgba(45, 146, 150, 0.96);\">tatjana-initiative@forwaves.com<\/a><\/span><strong>\u00a0<\/strong><span style=\"color: rgba(0, 0, 0, 0.96);\">I T\u00e9l. +41 22 366 80 80 <\/span><\/span><\/span><\/span><\/span><\/p>\n<p><span style=\"font-size: large;\"><span style=\"color: #000000;\"><span style=\"color: rgba(0, 0, 0, 0.96);\"><span style=\"font-size: large; color: #000000;\"><span style=\"color: rgba(0, 0, 0, 0.96);\"><br \/><\/span><\/span><\/span><\/span><\/span><span style=\"font-size: large;\"><span style=\"color: #000000;\"><span style=\"color: rgba(0, 0, 0, 0.96);\"><span style=\"font-size: large; color: #000000;\"><span style=\"color: rgba(0, 0, 0, 0.96);\"><span style=\"font-size: small;\">Les organisateurs se r\u00e9servent le droit d&rsquo;effectuer une s\u00e9lection des inscriptions pour assurer une dynamique de groupe \u00e9quilibr\u00e9e.<\/span><\/span><\/span><\/span><\/span><\/span><\/p>\n<p>[\/et_pb_text][\/et_pb_column][\/et_pb_row][\/et_pb_section][et_pb_section fb_built=\u00a0\u00bb1&Prime; _builder_version=\u00a0\u00bb4.6.6&Prime; background_color=\u00a0\u00bb#f4f4f4&Prime; custom_padding=\u00a0\u00bb5px||7px|||\u00a0\u00bb][et_pb_row column_structure=\u00a0\u00bb1_4,3_4&Prime; _builder_version=\u00a0\u00bb3.25.4&Prime; custom_padding=\u00a0\u00bb||0px|||\u00a0\u00bb][et_pb_column type=\u00a0\u00bb1_4&Prime; _builder_version=\u00a0\u00bb3.25.4&Prime;][et_pb_image src=\u00a0\u00bbhttps:\/\/citizens.forwaves.com\/wp-content\/uploads\/2023\/07\/Maria_N_Zarraga.webp\u00a0\u00bb title_text=\u00a0\u00bbMaria_N_Zarraga\u00a0\u00bb _builder_version=\u00a0\u00bb4.6.6&Prime; _module_preset=\u00a0\u00bbdefault\u00a0\u00bb][\/et_pb_image][\/et_pb_column][et_pb_column type=\u00a0\u00bb3_4&Prime; _builder_version=\u00a0\u00bb4.6.6&Prime; _module_preset=\u00a0\u00bbdefault\u00a0\u00bb][et_pb_text admin_label=\u00a0\u00bbTittle\u00a0\u00bb _builder_version=\u00a0\u00bb3.27.4&Prime; text_font=\u00a0\u00bbNunito||||||||\u00a0\u00bb text_font_size=\u00a0\u00bb18px\u00a0\u00bb text_line_height=\u00a0\u00bb1.8em\u00a0\u00bb header_font=\u00a0\u00bb||||||||\u00a0\u00bb header_2_font=\u00a0\u00bbOswald|||on|||||\u00a0\u00bb header_2_text_align=\u00a0\u00bbcenter\u00a0\u00bb header_2_font_size=\u00a0\u00bb40px\u00a0\u00bb header_2_letter_spacing=\u00a0\u00bb1px\u00a0\u00bb header_2_line_height=\u00a0\u00bb1.5em\u00a0\u00bb header_3_font=\u00a0\u00bb||||||||\u00a0\u00bb max_width=\u00a0\u00bb1199px\u00a0\u00bb max_width_last_edited=\u00a0\u00bboff|desktop\u00a0\u00bb module_alignment=\u00a0\u00bbcenter\u00a0\u00bb custom_margin=\u00a0\u00bb-5px||11px|||\u00a0\u00bb custom_padding=\u00a0\u00bb6px||1px|||\u00a0\u00bb inline_fonts=\u00a0\u00bbRoboto\u00a0\u00bb]<\/p>\n<h1><span style=\"font-family: Roboto; font-weight: normal;\"><strong>Expertise de la fondatrice&#8230;<\/strong><\/span><\/h1>\n<p>[\/et_pb_text][et_pb_text admin_label=\u00a0\u00bbTittle\u00a0\u00bb _builder_version=\u00a0\u00bb4.6.6&Prime; text_font=\u00a0\u00bbNunito||||||||\u00a0\u00bb text_font_size=\u00a0\u00bb18px\u00a0\u00bb text_line_height=\u00a0\u00bb1.8em\u00a0\u00bb header_font=\u00a0\u00bb||||||||\u00a0\u00bb header_2_font=\u00a0\u00bbOswald|||on|||||\u00a0\u00bb header_2_text_align=\u00a0\u00bbcenter\u00a0\u00bb header_2_font_size=\u00a0\u00bb40px\u00a0\u00bb header_2_letter_spacing=\u00a0\u00bb1px\u00a0\u00bb header_2_line_height=\u00a0\u00bb1.5em\u00a0\u00bb header_3_font=\u00a0\u00bb||||||||\u00a0\u00bb max_width=\u00a0\u00bb1199px\u00a0\u00bb max_width_last_edited=\u00a0\u00bboff|desktop\u00a0\u00bb module_alignment=\u00a0\u00bbcenter\u00a0\u00bb custom_margin=\u00a0\u00bb-5px||12px|||\u00a0\u00bb custom_padding=\u00a0\u00bb6px||10px|||\u00a0\u00bb inline_fonts=\u00a0\u00bbRoboto\u00a0\u00bb]<\/p>\n<div data-gjs-type=\"text\" fontsize=\"20\" toppadding=\"1\" bottompadding=\"10\" paddingleftright=\"10\" id=\"i68dnj\" class=\"m-14 text-left\">\n<p><span>Fondatrice de l&rsquo;<strong><a href=\"https:\/\/citizens.forwaves.com\"><span style=\"color: rgba(45, 146, 150, 0.96);\">Acad\u00e9mie des citoyens ForWaves<\/span><span style=\"font-size: large; color: #444444;\"><span style=\"color: #34a7ae;\"><em><b data-gjs-type=\"text\" draggable=\"true\" style=\"transition: all .2s;\" id=\"i03wd2-2-2-2-2-2-2-2-2-2-2-2-2-2-2-2-2-2\"><span style=\"color: rgba(45, 146, 150, 0.96);\">\u00ae<\/span><\/b><\/em><\/span><\/span><\/a>,<\/strong> <strong>F<\/strong><\/span><span><strong>ormatrice certifi\u00e9e, <\/strong><\/span><span><strong><\/strong><\/span><span><strong>Executive MBA en Finance &amp; Management, P<\/strong><\/span><span><strong>sychologue, Entrepreneur et C<\/strong><\/span><span><strong>onsultante en gestion, <\/strong><\/span><span><strong><span style=\"color: rgba(45, 146, 150, 0.96);\"><a href=\"https:\/\/citizens.forwaves.com\/about-us\/\" style=\"color: rgba(45, 146, 150, 0.96);\">Maria Zarraga<\/a><\/span><\/strong> est \u00e9galement <strong>Cheffe de projet certifi\u00e9e et \u00c9valuatrice senior de programmes \/ projets de d\u00e9veloppement (ONU et ONGs). <\/strong>Directrice de<strong> <a href=\"https:\/\/forwaves.com\/\"><span style=\"color: rgba(45, 146, 150, 0.96);\"><\/span><\/a><a href=\"https:\/\/forwaves.com\"><span style=\"color: rgba(45, 146, 150, 0.96);\">ForWaves Consulting<span style=\"color: rgba(45, 146, 150, 0.96);\"><em><b data-gjs-type=\"text\" draggable=\"true\" style=\"transition: all .2s;\" id=\"i03wd2-2-2-2-2-2-2-2-2-2-2-2-2-2-2-2-2-2\">\u00ae<\/b><\/em><\/span><\/span><\/a><\/strong><\/span>, une entreprise <span>sp\u00e9cialis\u00e9e dans la <strong>Gestion du changement<\/strong><\/span><span>, Maria a plus de <\/span><span>20 ans d\u2019exp\u00e9rience dans les secteurs public et priv\u00e9. Tout au long de s<\/span>on riche parcours de vie et sa carri\u00e8re (ONU, direction de PME, multinationales) <span style=\"color: rgba(45, 146, 150, 0.96);\"><span style=\"color: rgba(0, 0, 0, 0.96);\">elle s\u2019est<\/span><em><\/em><strong><em> align\u00e9e avec sa mission pour se mettre au service d\u2019un monde plus durable et \u00e0 visage humain.<br \/><\/em><\/strong><\/span><\/p>\n<p><span><strong>Mentor<\/strong> reconnu<\/span><span>, elle a <\/span><span>aussi<\/span><span> accompagn\u00e9 avec succ\u00e8s<\/span><span> un grand nombre de personnes, depuis plus de 18 ans,<\/span><span> \u00e0 <\/span><span>avoir un <em><strong>travail porteur de sens<\/strong><\/em><\/span><em><strong>, \u00e9voluer en tant que professionnel et cadre, et op\u00e9rer aussi des changements au niveau personnel, <\/strong><\/em><span><em><strong>organisationnel, national et international.<\/strong><\/em> <\/span><\/p>\n<p><span>Elle donne \u00e9galement r\u00e9guli\u00e8rement des <strong>formations<\/strong> notamment sur les Objectifs de D\u00e9veloppement Durables (<span style=\"color: rgba(45, 146, 150, 0.96);\"><a href=\"https:\/\/www.un.org\/sustainabledevelopment\/fr\/objectifs-de-developpement-durable\/\" style=\"color: rgba(45, 146, 150, 0.96);\">#SDGs<\/a><\/span>) et dans le cadre de programmes d&rsquo;insertion professionnelle mandat\u00e9s par les autorit\u00e9s publiques.<br \/><\/span><\/p>\n<p><span><strong>Speaker<\/strong> dans<\/span><span> divers<\/span><span> \u00e9v\u00e9nements au niveau local et international sur des th\u00e9matiques comme le<\/span><span> leadership, <\/span><span>la<\/span><span> recherche d\u2019emploi, <\/span><span><strong><a href=\"https:\/\/citizens.forwaves.com\/career_purpose_resilience_fr\/\"><span style=\"color: rgba(45, 146, 150, 0.96);\">le travail porteur de sens (voir webinar gratuit)<\/span><\/a><\/strong>, l<\/span><span>\u2019\u00e9galit\u00e9 des genres, <\/span><span>et le<\/span><span> D\u00e9veloppement durable, elle nous <\/span><span>fait une offre sp\u00e9ciale pour que cet atelier soit accessible au plus grand nombre <\/span><\/p>\n<p><span><\/span><\/p>\n<\/div>\n<div id=\"ivxv3q\" fontsize=\"24\" topmargin=\"20\" bottommargin=\"20\">\n<div data-gjs-type=\"button\" id=\"iefnhl\">\n<div id=\"iiqam5\"><\/div>\n<\/div>\n<\/div>\n<p>[\/et_pb_text][et_pb_button button_url=\u00a0\u00bbhttps:\/\/citizens.forwaves.com\/halte_insc_2305\/\u00a0\u00bb url_new_window=\u00a0\u00bbon\u00a0\u00bb button_text=\u00a0\u00bbJe m&rsquo;inscris \u00e0 l&rsquo;atelier des 6-7 mai\u00a0\u00bb button_alignment=\u00a0\u00bbleft\u00a0\u00bb _builder_version=\u00a0\u00bb4.6.6&Prime; custom_button=\u00a0\u00bbon\u00a0\u00bb button_text_size=\u00a0\u00bb23px\u00a0\u00bb button_text_color=\u00a0\u00bb#ffffff\u00a0\u00bb button_bg_color=\u00a0\u00bb#34a7ae\u00a0\u00bb button_border_width=\u00a0\u00bb4px\u00a0\u00bb button_font=\u00a0\u00bbRoboto||||||||\u00a0\u00bb background_layout=\u00a0\u00bbdark\u00a0\u00bb custom_margin=\u00a0\u00bb||33px|||\u00a0\u00bb hover_enabled=\u00a0\u00bb0&Prime; sticky_enabled=\u00a0\u00bb0&Prime;][\/et_pb_button][\/et_pb_column][\/et_pb_row][et_pb_row column_structure=\u00a0\u00bb1_4,3_4&Prime; _builder_version=\u00a0\u00bb4.6.6&Prime; _module_preset=\u00a0\u00bbdefault\u00a0\u00bb custom_padding=\u00a0\u00bb||37px|||\u00a0\u00bb][et_pb_column type=\u00a0\u00bb1_4&Prime; _builder_version=\u00a0\u00bb4.6.6&Prime; _module_preset=\u00a0\u00bbdefault\u00a0\u00bb][et_pb_image src=\u00a0\u00bbhttps:\/\/citizens.forwaves.com\/wp-content\/uploads\/2023\/07\/aide-re\u0301insertion-professionnelle.webp\u00a0\u00bb title_text=\u00a0\u00bbaide-re\u0301insertion-professionnelle\u00a0\u00bb _builder_version=\u00a0\u00bb4.6.6&Prime; _module_preset=\u00a0\u00bbdefault\u00a0\u00bb min_height=\u00a0\u00bb319.7px\u00a0\u00bb custom_padding=\u00a0\u00bb||0px|||\u00a0\u00bb][\/et_pb_image][et_pb_image src=\u00a0\u00bbhttps:\/\/citizens.forwaves.com\/wp-content\/uploads\/2023\/07\/tatjana-initiative.webp\u00a0\u00bb title_text=\u00a0\u00bbtatjana-initiative\u00a0\u00bb url=\u00a0\u00bbhttps:\/\/www.youtube.com\/watch?v=2dtYT95lAR4&Prime; url_new_window=\u00a0\u00bbon\u00a0\u00bb _builder_version=\u00a0\u00bb4.6.6&Prime; _module_preset=\u00a0\u00bbdefault\u00a0\u00bb][\/et_pb_image][\/et_pb_column][et_pb_column type=\u00a0\u00bb3_4&Prime; _builder_version=\u00a0\u00bb4.6.6&Prime; _module_preset=\u00a0\u00bbdefault\u00a0\u00bb][et_pb_text _builder_version=\u00a0\u00bb4.6.6&Prime; text_font=\u00a0\u00bb||||||||\u00a0\u00bb text_font_size=\u00a0\u00bb24px\u00a0\u00bb text_line_height=\u00a0\u00bb1.9em\u00a0\u00bb header_3_font_size=\u00a0\u00bb24px\u00a0\u00bb custom_margin=\u00a0\u00bb0px||-2px|||\u00a0\u00bb custom_padding=\u00a0\u00bb||0px|||\u00a0\u00bb inline_fonts=\u00a0\u00bbRoboto\u00a0\u00bb]<\/p>\n<h2><span style=\"font-size: x-large;\"><span style=\"color: #000000;\"><span style=\"color: rgba(45, 146, 150, 0.96);\"><strong>OFFRE SPECIALE &#8211; <\/strong><\/span><\/span><\/span><span style=\"font-size: large;\"><span style=\"color: #000000;\"><span style=\"color: rgba(45, 146, 150, 0.96); font-size: x-large;\"><strong>INITIATIVE TATJANA<\/strong><\/span><span style=\"color: rgba(45, 146, 150, 0.96);\"><strong><br \/> <\/strong><\/span><\/span><\/span><\/h2>\n<ul>\n<li><span style=\"font-size: medium;\"><span style=\"color: #000000;\"><strong>L&rsquo;offre sp\u00e9ciale<\/strong> pour cet atelier a \u00e9t\u00e9 con\u00e7ue pour aussi permettre \u00e0 des personnes ayant peu de moyens d&rsquo;avoir acc\u00e8s \u00e0 l&rsquo;atelier. <\/span><\/span><\/li>\n<li><span style=\"font-size: medium;\"><span style=\"color: #000000;\">Le tarif de l&rsquo;atelier a \u00e9t\u00e9 r\u00e9duit de sa valeur<\/span><span style=\"color: #000000;\"> de plus de 50% <\/span><span style=\"color: #000000;\">en partenariat avec la Halte Spirituelle. Il est possible de b\u00e9n\u00e9ficier, selon les fonds disponibles, d&rsquo;une aide suppl\u00e9mentaire pour des personnes ayant peu de moyens financiers en envoyant votre demande pour une place gratuite ou \u00e0 tarif r\u00e9duit \u00e0 <span style=\"color: #000000;\"><span style=\"color: rgba(45, 146, 150, 0.96);\"><a href=\"mailto:contact@citizens.forwaves.com\" style=\"color: rgba(45, 146, 150, 0.96);\">tatjana-initiative@forwaves.com<\/a><\/span><\/span>.<br \/> <\/span><\/span><\/li>\n<li><span style=\"font-size: medium;\"><span style=\"color: #000000;\"><strong>Cette offre fait partie de L&rsquo;Initiative<\/strong> <strong>Tatjana<\/strong> (pr\u00e9c\u00e9demment appel\u00e9e \u00ab\u00a0Activit\u00e9s de gratitude\u00a0\u00bb). L&rsquo;Initiative a \u00e9t\u00e9 renomm\u00e9e <a href=\"https:\/\/www.youtube.com\/watch?v=2dtYT95lAR4\"><em><span style=\"color: rgba(45, 146, 150, 0.96);\"><span style=\"color: rgba(0, 0, 0, 0.96);\"><\/span><\/span><span style=\"color: rgba(45, 146, 150, 0.96);\"><span style=\"color: rgba(0, 0, 0, 0.96);\"><span style=\"color: rgba(45, 146, 150, 0.96);\"><strong>en souvenir de la m\u00e8re de Maria, Tatjana<\/strong><\/span><\/span><\/span><\/em><span style=\"color: #000000;\">, d\u00e9c\u00e9d\u00e9e il y aun peu plus d&rsquo;une ann\u00e9e<\/span><\/a>. N\u00e9e dans un camps de r\u00e9fugi\u00e9s, Tatjana, avait toujours \u00e0 coeur l&rsquo;inclusion et la diversit\u00e9.<br \/> <\/span><\/span><\/li>\n<li><span style=\"font-size: medium;\"><span style=\"color: #000000;\">Si vous souhaitez <strong>contribuer \u00e0 notre mission <\/strong>d&rsquo;aider les<span style=\"color: rgba(45, 146, 150, 0.96);\"><em> faiseurs de changement \u00e0 suivre leur voie, s&rsquo;aligner avec leurs valeurs et contribuer \u00e0 un monde \u00e0 visage humain sans tarder<\/em><\/span>, contactez-nous<\/span><span style=\"color: #000000;\"> pour <strong>offrir <\/strong><\/span><span style=\"color: #000000;\"><strong>des bons de formation \/ d&rsquo;accompagnement individuel<\/strong> <strong>\u00e0 votre entourage<\/strong> ou soutenir financi\u00e8rement des <strong>participant-e-s <\/strong><\/span><span style=\"color: #000000;\"><strong>ayant peu de moyens<\/strong> pour participer \u00e0 cet <\/span><span style=\"color: #000000;\">atelier organis\u00e9 en partenariat avec la Halte Spirituelle (aucun montant n&rsquo;est trop petit!) :<\/span><\/span><span style=\"font-size: large;\"><span style=\"font-size: medium;\"><span style=\"color: #000000;\"><\/span><\/span><span style=\"color: #000000;\"><\/span><\/span><\/li>\n<\/ul>\n<p><span style=\"font-size: large;\"><span style=\"color: #000000;\"><\/span><\/span><\/p>\n<p>[\/et_pb_text][et_pb_text _builder_version=\u00a0\u00bb4.6.6&Prime; _module_preset=\u00a0\u00bbdefault\u00a0\u00bb]<\/p>\n<p><span style=\"font-size: large;\"><span style=\"font-size: medium;\"><span style=\"color: #000000;\"><span style=\"color: rgba(45, 146, 150, 0.96);\"><span style=\"color: rgba(0, 0, 0, 0.96);\">E-mail:<\/span> <a href=\"mailto:contact@citizens.forwaves.com\" style=\"color: rgba(45, 146, 150, 0.96);\">Tatjana-Initiative@forwaves.com<\/a> <\/span><\/span><span style=\"color: #000000;\">I T\u00e9l: <\/span><span style=\"color: #000000;\">+41 22 366 80 80. Vous pouvez aussi faire un\u00a0\u00a0\u00a0\u00a0 don directement en cliquant ici.<\/span><\/span><\/span><\/p>\n<p>[\/et_pb_text][et_pb_button button_url=\u00a0\u00bbhttps:\/\/citizens.forwaves.com\/halte_insc_2305\/\u00a0\u00bb url_new_window=\u00a0\u00bbon\u00a0\u00bb button_text=\u00a0\u00bbJe m&rsquo;inscris \u00e0 l&rsquo;atelier des 6-7 mai\u00a0\u00bb button_alignment=\u00a0\u00bbleft\u00a0\u00bb _builder_version=\u00a0\u00bb4.6.6&Prime; custom_button=\u00a0\u00bbon\u00a0\u00bb button_text_size=\u00a0\u00bb23px\u00a0\u00bb button_text_color=\u00a0\u00bb#ffffff\u00a0\u00bb button_bg_color=\u00a0\u00bb#34a7ae\u00a0\u00bb button_border_width=\u00a0\u00bb4px\u00a0\u00bb button_font=\u00a0\u00bbRoboto||||||||\u00a0\u00bb background_layout=\u00a0\u00bbdark\u00a0\u00bb custom_margin=\u00a0\u00bb||0px|||\u00a0\u00bb hover_enabled=\u00a0\u00bb0&Prime; sticky_enabled=\u00a0\u00bb0&Prime;][\/et_pb_button][\/et_pb_column][\/et_pb_row][\/et_pb_section][et_pb_section fb_built=\u00a0\u00bb1&Prime; _builder_version=\u00a0\u00bb4.6.6&Prime; background_color=\u00a0\u00bb#ffffff\u00a0\u00bb custom_padding=\u00a0\u00bb47px||7px|||\u00a0\u00bb][et_pb_row _builder_version=\u00a0\u00bb4.6.6&Prime; background_color=\u00a0\u00bb#ffffff\u00a0\u00bb custom_margin=\u00a0\u00bb3px|auto|-4px|auto||\u00a0\u00bb custom_padding=\u00a0\u00bb0px||0px|||\u00a0\u00bb][et_pb_column type=\u00a0\u00bb4_4&Prime; _builder_version=\u00a0\u00bb3.25.4&Prime;][et_pb_text admin_label=\u00a0\u00bbTittle\u00a0\u00bb _builder_version=\u00a0\u00bb4.6.6&Prime; text_font=\u00a0\u00bbNunito||||||||\u00a0\u00bb text_font_size=\u00a0\u00bb18px\u00a0\u00bb text_line_height=\u00a0\u00bb1.8em\u00a0\u00bb header_font=\u00a0\u00bb||||||||\u00a0\u00bb header_2_font=\u00a0\u00bbOswald|||on|||||\u00a0\u00bb header_2_text_align=\u00a0\u00bbcenter\u00a0\u00bb header_2_font_size=\u00a0\u00bb40px\u00a0\u00bb header_2_letter_spacing=\u00a0\u00bb1px\u00a0\u00bb header_2_line_height=\u00a0\u00bb1.5em\u00a0\u00bb header_3_font=\u00a0\u00bb||||||||\u00a0\u00bb max_width=\u00a0\u00bb1199px\u00a0\u00bb max_width_last_edited=\u00a0\u00bboff|desktop\u00a0\u00bb module_alignment=\u00a0\u00bbcenter\u00a0\u00bb min_height=\u00a0\u00bb61px\u00a0\u00bb custom_margin=\u00a0\u00bb3px|||||\u00a0\u00bb custom_padding=\u00a0\u00bb1px|||||\u00a0\u00bb]<\/p>\n<h2>Pourquoi vous inscrire aux activit\u00e9s de l&rsquo;Acad\u00e9mie des Citoyens ForWaves? Et pourquoi est-ce le meilleur moment pour rejoindre notre communaut\u00e9?<\/h2>\n<p>[\/et_pb_text][et_pb_text admin_label=\u00a0\u00bbTittle\u00a0\u00bb _builder_version=\u00a0\u00bb3.27.4&Prime; text_font=\u00a0\u00bbNunito||||||||\u00a0\u00bb text_font_size=\u00a0\u00bb18px\u00a0\u00bb text_line_height=\u00a0\u00bb1.8em\u00a0\u00bb header_font=\u00a0\u00bb||||||||\u00a0\u00bb header_2_font=\u00a0\u00bbOswald|||on|||||\u00a0\u00bb header_2_text_align=\u00a0\u00bbcenter\u00a0\u00bb header_2_font_size=\u00a0\u00bb40px\u00a0\u00bb header_2_letter_spacing=\u00a0\u00bb1px\u00a0\u00bb header_2_line_height=\u00a0\u00bb1.5em\u00a0\u00bb header_3_font=\u00a0\u00bb||||||||\u00a0\u00bb max_width=\u00a0\u00bb1199px\u00a0\u00bb max_width_last_edited=\u00a0\u00bboff|desktop\u00a0\u00bb module_alignment=\u00a0\u00bbcenter\u00a0\u00bb custom_margin=\u00a0\u00bb-5px|||||\u00a0\u00bb custom_padding=\u00a0\u00bb6px||1px|||\u00a0\u00bb inline_fonts=\u00a0\u00bbRoboto\u00a0\u00bb]<\/p>\n<h1><span style=\"font-family: Roboto; font-weight: normal;\"><strong>Qui sommes nous?<br \/><\/strong><\/span><\/h1>\n<p>[\/et_pb_text][et_pb_text admin_label=\u00a0\u00bbTittle\u00a0\u00bb _builder_version=\u00a0\u00bb4.6.6&Prime; text_font=\u00a0\u00bbNunito||||||||\u00a0\u00bb text_font_size=\u00a0\u00bb18px\u00a0\u00bb text_line_height=\u00a0\u00bb1.8em\u00a0\u00bb header_font=\u00a0\u00bb||||||||\u00a0\u00bb header_2_font=\u00a0\u00bbOswald|||on|||||\u00a0\u00bb header_2_text_align=\u00a0\u00bbcenter\u00a0\u00bb header_2_font_size=\u00a0\u00bb40px\u00a0\u00bb header_2_letter_spacing=\u00a0\u00bb1px\u00a0\u00bb header_2_line_height=\u00a0\u00bb1.5em\u00a0\u00bb header_3_font=\u00a0\u00bb||||||||\u00a0\u00bb max_width=\u00a0\u00bb1199px\u00a0\u00bb max_width_last_edited=\u00a0\u00bboff|desktop\u00a0\u00bb module_alignment=\u00a0\u00bbcenter\u00a0\u00bb custom_margin=\u00a0\u00bb-5px|||||\u00a0\u00bb custom_padding=\u00a0\u00bb6px||1px|||\u00a0\u00bb inline_fonts=\u00a0\u00bbRoboto\u00a0\u00bb]<\/p>\n<p style=\"text-align: left;\"><span style=\"color: rgba(45, 146, 150, 0.96);\"><strong><em>La mission de<a href=\"https:\/\/forwaves.com\/\" style=\"color: rgba(45, 146, 150, 0.96);\"> ForWaves<\/a><\/em><a href=\"https:\/\/forwaves.com\/\" style=\"color: rgba(45, 146, 150, 0.96);\">\u00ae<\/a> est d&rsquo;accompagner les leaders et faiseurs de changement pour:<\/strong><\/span><\/p>\n<ul>\n<li data-gjs-type=\"text\" fontsize=\"20\" toppadding=\"1\" bottompadding=\"10\" paddingleftright=\"10\" class=\"m-14 text-left\">Aligner les faiseurs de changement avec leur mission et leur permettre de rapidement trouver un <span style=\"color: #34a7a3;\">emploi porteur de sens<\/span> et\/ou de cr\u00e9er leur entreprise ;<\/li>\n<li data-gjs-type=\"text\" fontsize=\"20\" toppadding=\"1\" bottompadding=\"10\" paddingleftright=\"10\" class=\"m-14 text-left\"><span style=\"color: #34a7a3;\">D\u00e9velopper les Leaders d\u2019impact et Leaders de demain (y compris g\u00e9n\u00e9rations Y et Z) <\/span>; et<\/li>\n<li data-gjs-type=\"text\" fontsize=\"20\" toppadding=\"1\" bottompadding=\"10\" paddingleftright=\"10\" class=\"m-14 text-left\">Aider les organisations et professionnels \u00e0 op\u00e9rer des <span style=\"color: #34a7a3;\">changements syst\u00e9miques <\/span>dans le cadre de leurs \u00e9quipes, leur organisation, et leurs projets ou programmes \u00e0 l\u2019\u00e9chelle nationale et dans la coop\u00e9ration internationale.<\/li>\n<li data-gjs-type=\"text\" fontsize=\"20\" toppadding=\"1\" bottompadding=\"10\" paddingleftright=\"10\" class=\"m-14 text-left\"><span style=\"color: #34a7a3;\">Cr\u00e9er de \u201cNouvelles Vagues\u201d pour un monde plus durable et \u00e0 visage humain<\/span> au travers de coaching ex\u00e9cutif et mentorat (orientation professionnelle et techniques de recherches d\u2019emploi), formation, gestion de projet et \u00e9valuation de projets de d\u00e9veloppement.<\/li>\n<\/ul>\n<p>Aujourd\u2019hui la plateforme ForWaves\u00ae inclut plus de 20 experts multi-disciplinaires bas\u00e9s dans 12 pays et 4 continents, et un r\u00e9seau international de plus de 200 experts.<\/p>\n<p><span style=\"font-size: large; color: #444444;\"><\/span><\/p>\n<p>[\/et_pb_text][\/et_pb_column][\/et_pb_row][et_pb_row column_structure=\u00a0\u00bb1_3,1_3,1_3&Prime; _builder_version=\u00a0\u00bb4.6.6&Prime; _module_preset=\u00a0\u00bbdefault\u00a0\u00bb custom_padding=\u00a0\u00bb0px||0px|||\u00a0\u00bb][et_pb_column type=\u00a0\u00bb1_3&Prime; _builder_version=\u00a0\u00bb4.6.6&Prime; _module_preset=\u00a0\u00bbdefault\u00a0\u00bb][et_pb_button button_url=\u00a0\u00bbhttps:\/\/forwaves.com\/?lang=fr\u00a0\u00bb url_new_window=\u00a0\u00bbon\u00a0\u00bb button_text=\u00a0\u00bbForWaves Consulting\u00a0\u00bb button_alignment=\u00a0\u00bbcenter\u00a0\u00bb _builder_version=\u00a0\u00bb4.6.6&Prime; custom_button=\u00a0\u00bbon\u00a0\u00bb button_text_size=\u00a0\u00bb16px\u00a0\u00bb button_text_color=\u00a0\u00bb#ffffff\u00a0\u00bb button_bg_color=\u00a0\u00bb#33677a\u00a0\u00bb button_border_width=\u00a0\u00bb4px\u00a0\u00bb button_border_color=\u00a0\u00bbrgba(0,0,0,0)\u00a0\u00bb button_border_radius=\u00a0\u00bb5px\u00a0\u00bb button_font=\u00a0\u00bbRoboto||||||||\u00a0\u00bb button_icon=\u00a0\u00bb%%1%%\u00a0\u00bb background_layout=\u00a0\u00bbdark\u00a0\u00bb custom_margin=\u00a0\u00bb1px||2px|||\u00a0\u00bb][\/et_pb_button][\/et_pb_column][et_pb_column type=\u00a0\u00bb1_3&Prime; _builder_version=\u00a0\u00bb4.6.6&Prime; _module_preset=\u00a0\u00bbdefault\u00a0\u00bb][et_pb_button button_url=\u00a0\u00bbhttps:\/\/citizens.forwaves.com\u00a0\u00bb url_new_window=\u00a0\u00bbon\u00a0\u00bb button_text=\u00a0\u00bbForWaves Academy\u00a0\u00bb button_alignment=\u00a0\u00bbcenter\u00a0\u00bb _builder_version=\u00a0\u00bb4.6.6&Prime; custom_button=\u00a0\u00bbon\u00a0\u00bb button_text_size=\u00a0\u00bb16px\u00a0\u00bb button_text_color=\u00a0\u00bb#ffffff\u00a0\u00bb button_bg_color=\u00a0\u00bb#5a8399&Prime; button_border_width=\u00a0\u00bb4px\u00a0\u00bb button_border_color=\u00a0\u00bbrgba(0,0,0,0)\u00a0\u00bb button_border_radius=\u00a0\u00bb5px\u00a0\u00bb button_font=\u00a0\u00bbRoboto||||||||\u00a0\u00bb button_icon=\u00a0\u00bb%%1%%\u00a0\u00bb background_layout=\u00a0\u00bbdark\u00a0\u00bb custom_margin=\u00a0\u00bb1px||1px|||\u00a0\u00bb][\/et_pb_button][\/et_pb_column][et_pb_column type=\u00a0\u00bb1_3&Prime; _builder_version=\u00a0\u00bb4.6.6&Prime; _module_preset=\u00a0\u00bbdefault\u00a0\u00bb][et_pb_button button_url=\u00a0\u00bbhttps:\/\/www.youtube.com\/channel\/UCqSa3slL2srRrK61vShDPmA\u00a0\u00bb url_new_window=\u00a0\u00bbon\u00a0\u00bb button_text=\u00a0\u00bbYouTube @ForWaves \u00a0\u00bb button_alignment=\u00a0\u00bbcenter\u00a0\u00bb _builder_version=\u00a0\u00bb4.6.6&Prime; custom_button=\u00a0\u00bbon\u00a0\u00bb button_text_size=\u00a0\u00bb16px\u00a0\u00bb button_text_color=\u00a0\u00bb#000000&Prime; button_bg_color=\u00a0\u00bb#ffffff\u00a0\u00bb button_border_width=\u00a0\u00bb4px\u00a0\u00bb button_border_color=\u00a0\u00bb#e02b20&Prime; button_border_radius=\u00a0\u00bb5px\u00a0\u00bb button_font=\u00a0\u00bbRoboto||||||||\u00a0\u00bb button_icon=\u00a0\u00bb%%1%%\u00a0\u00bb background_layout=\u00a0\u00bbdark\u00a0\u00bb custom_margin=\u00a0\u00bb1px||48px|||\u00a0\u00bb][\/et_pb_button][\/et_pb_column][\/et_pb_row][et_pb_row _builder_version=\u00a0\u00bb4.6.6&Prime; _module_preset=\u00a0\u00bbdefault\u00a0\u00bb custom_margin=\u00a0\u00bb|auto|33px|auto||\u00a0\u00bb custom_padding=\u00a0\u00bb1px||2px|||\u00a0\u00bb][et_pb_column type=\u00a0\u00bb4_4&Prime; _builder_version=\u00a0\u00bb4.6.6&Prime; _module_preset=\u00a0\u00bbdefault\u00a0\u00bb][et_pb_text admin_label=\u00a0\u00bbTittle\u00a0\u00bb _builder_version=\u00a0\u00bb4.6.6&Prime; text_font=\u00a0\u00bbNunito||||||||\u00a0\u00bb text_font_size=\u00a0\u00bb18px\u00a0\u00bb text_line_height=\u00a0\u00bb1.8em\u00a0\u00bb header_font=\u00a0\u00bb||||||||\u00a0\u00bb header_2_font=\u00a0\u00bbOswald|||on|||||\u00a0\u00bb header_2_text_align=\u00a0\u00bbcenter\u00a0\u00bb header_2_font_size=\u00a0\u00bb40px\u00a0\u00bb header_2_letter_spacing=\u00a0\u00bb1px\u00a0\u00bb header_2_line_height=\u00a0\u00bb1.5em\u00a0\u00bb header_3_font=\u00a0\u00bb||||||||\u00a0\u00bb max_width=\u00a0\u00bb1199px\u00a0\u00bb max_width_last_edited=\u00a0\u00bboff|desktop\u00a0\u00bb module_alignment=\u00a0\u00bbcenter\u00a0\u00bb custom_margin=\u00a0\u00bb-5px|||||\u00a0\u00bb custom_padding=\u00a0\u00bb6px||1px|||\u00a0\u00bb inline_fonts=\u00a0\u00bbRoboto\u00a0\u00bb]<\/p>\n<p><span style=\"font-size: large; color: #444444;\"><a href=\"https:\/\/citizens.forwaves.com\"><span style=\"color: #34a7ae;\"><em><b data-gjs-type=\"text\" draggable=\"true\" style=\"transition: all .2s;\" id=\"i03wd2-2-2-2-2-2-2-2-2-2-2-2-2-2-2-2-2-2\">L&rsquo;Acad\u00e9mie de Formation et Mentorat des Citoyens ForWaves<span style=\"color: rgba(45, 146, 150, 0.96);\"><strong>\u00ae<\/strong><\/span><\/b><\/em><\/span><\/a> d\u00e9pend de <a href=\"https:\/\/forwaves.com\"><span style=\"color: rgba(45, 146, 150, 0.96);\"><strong><em>ForWaves Consulting\u00ae<\/em><\/strong><\/span><\/a> et propose notamment un programme d&rsquo;accompagnement individuel ou en groupe aux citoyen-ne-s souhaitant <b data-gjs-type=\"text\" draggable=\"true\" style=\"transition: all .2s;\" id=\"i2uhdj-2-2-2-2-2-2-2-2-2-2-2-2-2-2-2-2\">cr\u00e9er une vie porteuse<\/b><\/span><span style=\"font-size: large; color: #444444;\"><b data-gjs-type=\"text\" draggable=\"true\" style=\"transition: all .2s;\" id=\"i2uhdj-2-2-2-2-2-2-2-2-2-2-2-2-2-2-2-2\"> de sens, <\/b><strong>et d\u00e9velopper leurs talents au service d&rsquo;un monde plus durable. <span style=\"color: rgba(45, 146, 150, 0.96);\"><a href=\"https:\/\/www.un.org\/fr\/exhibit\/odd-17-objectifs-pour-transformer-notre-monde\" style=\"color: rgba(45, 146, 150, 0.96);\">#<em><span style=\"text-decoration: underline;\">SDGs (Objectifs de d\u00e9veloppement durable)<\/span><\/em><\/a><\/span><\/strong><br \/> <\/span><\/p>\n<p>[\/et_pb_text][et_pb_text admin_label=\u00a0\u00bbTittle\u00a0\u00bb _builder_version=\u00a0\u00bb3.27.4&Prime; text_font=\u00a0\u00bbNunito||||||||\u00a0\u00bb text_font_size=\u00a0\u00bb18px\u00a0\u00bb text_line_height=\u00a0\u00bb1.8em\u00a0\u00bb header_font=\u00a0\u00bb||||||||\u00a0\u00bb header_2_font=\u00a0\u00bbOswald|||on|||||\u00a0\u00bb header_2_text_align=\u00a0\u00bbcenter\u00a0\u00bb header_2_font_size=\u00a0\u00bb40px\u00a0\u00bb header_2_letter_spacing=\u00a0\u00bb1px\u00a0\u00bb header_2_line_height=\u00a0\u00bb1.5em\u00a0\u00bb header_3_font=\u00a0\u00bb||||||||\u00a0\u00bb max_width=\u00a0\u00bb1199px\u00a0\u00bb max_width_last_edited=\u00a0\u00bboff|desktop\u00a0\u00bb module_alignment=\u00a0\u00bbcenter\u00a0\u00bb custom_margin=\u00a0\u00bb-5px|||||\u00a0\u00bb custom_padding=\u00a0\u00bb6px||1px|||\u00a0\u00bb inline_fonts=\u00a0\u00bbRoboto\u00a0\u00bb]<\/p>\n<h1><span style=\"font-family: Roboto; font-weight: normal;\"><strong>Gagnez du temps en utilisant des approches et outils qui marchent&#8230;<\/strong><\/span><\/h1>\n<p>[\/et_pb_text][et_pb_text admin_label=\u00a0\u00bbTittle\u00a0\u00bb _builder_version=\u00a0\u00bb4.6.6&Prime; text_font=\u00a0\u00bbNunito||||||||\u00a0\u00bb text_font_size=\u00a0\u00bb18px\u00a0\u00bb text_line_height=\u00a0\u00bb1.8em\u00a0\u00bb header_font=\u00a0\u00bb||||||||\u00a0\u00bb header_2_font=\u00a0\u00bbOswald|||on|||||\u00a0\u00bb header_2_text_align=\u00a0\u00bbcenter\u00a0\u00bb header_2_font_size=\u00a0\u00bb40px\u00a0\u00bb header_2_letter_spacing=\u00a0\u00bb1px\u00a0\u00bb header_2_line_height=\u00a0\u00bb1.5em\u00a0\u00bb header_3_font=\u00a0\u00bb||||||||\u00a0\u00bb max_width=\u00a0\u00bb1199px\u00a0\u00bb max_width_last_edited=\u00a0\u00bboff|desktop\u00a0\u00bb module_alignment=\u00a0\u00bbcenter\u00a0\u00bb custom_margin=\u00a0\u00bb-5px|||||\u00a0\u00bb custom_padding=\u00a0\u00bb6px||1px|||\u00a0\u00bb inline_fonts=\u00a0\u00bbRoboto\u00a0\u00bb]<\/p>\n<p style=\"text-align: left;\"><span data-gjs-type=\"text\" draggable=\"true\" id=\"iq3ueh-2-2-2-2-2-2-2-2-2-2-2-2-2\"><strong>Si vous souhaitez r\u00e9ellement faire une diff\u00e9rence dans votre entourage proche, votre communaut\u00e9 locale ou \u00e0 l\u2019international,<\/strong> notre programme est sp\u00e9cialement con\u00e7u pour vous, et sera sans doute bien diff\u00e9rent de que ce que vous avez vu jusqu&rsquo;ici, selon les retours de nos participant-e-s.<br \/> <\/span><\/p>\n<p style=\"text-align: left;\"><span style=\"font-family: Roboto; font-weight: normal;\"><span style=\"font-size: large; color: #444444;\">Notre <b data-gjs-type=\"text\" draggable=\"true\" style=\"transition: all .2s;\" id=\"i3yqji-2-2-2-2-2-2-2-2\">approche unique et techniques \u00e9prouv\u00e9es <\/b>permettent <b data-gjs-type=\"text\" draggable=\"true\" style=\"transition: all .2s;\" id=\"ipctox-2-2-2-2-2-2-2\">depuis plus de 18 ans <\/b>\u00e0 des personnes de tous horizons de concr\u00e8tement trouver leur voie, et de les accompagner avec succ\u00e8s dans leur transition de vie, d&rsquo;\u00e9tudes et de carri\u00e8re, en alignement avec leurs aspirations et valeurs. <\/span><\/span><span style=\"font-family: Roboto; font-weight: normal;\">Selon Einstein, <i data-gjs-type=\"text\" draggable=\"true\" id=\"i6mm7y-2-2-2-2-2\">\u00ab\u00a0La folie, c&rsquo;est de faire toujours la m\u00eame chose et de s&rsquo;attendre \u00e0 un r\u00e9sultat diff\u00e9rent\u00a0\u00bb. <\/i>Vous pouvez obtenir des r\u00e9sultats probants en am\u00e9liorant et ajustant vos d\u00e9marches &#8211; m\u00eame lorsque vous pensiez avoir <i data-gjs-type=\"text\" draggable=\"true\" id=\"icecfz\">tout<\/i> essay\u00e9! <strong>Saisissez cette belle opportunit\u00e9 qui s&rsquo;offre \u00e0 vous et venez rencontrer des personnes aux valeurs communes!<br \/> <\/strong><\/span><\/p>\n<p>[\/et_pb_text][et_pb_text admin_label=\u00a0\u00bbTittle\u00a0\u00bb _builder_version=\u00a0\u00bb3.27.4&Prime; text_font=\u00a0\u00bbNunito||||||||\u00a0\u00bb text_font_size=\u00a0\u00bb18px\u00a0\u00bb text_line_height=\u00a0\u00bb1.8em\u00a0\u00bb header_font=\u00a0\u00bb||||||||\u00a0\u00bb header_2_font=\u00a0\u00bbOswald|||on|||||\u00a0\u00bb header_2_text_align=\u00a0\u00bbcenter\u00a0\u00bb header_2_font_size=\u00a0\u00bb40px\u00a0\u00bb header_2_letter_spacing=\u00a0\u00bb1px\u00a0\u00bb header_2_line_height=\u00a0\u00bb1.5em\u00a0\u00bb header_3_font=\u00a0\u00bb||||||||\u00a0\u00bb max_width=\u00a0\u00bb1199px\u00a0\u00bb max_width_last_edited=\u00a0\u00bboff|desktop\u00a0\u00bb module_alignment=\u00a0\u00bbcenter\u00a0\u00bb min_height=\u00a0\u00bb64px\u00a0\u00bb custom_margin=\u00a0\u00bb-5px||-3px|||\u00a0\u00bb custom_padding=\u00a0\u00bb49px||1px|||\u00a0\u00bb inline_fonts=\u00a0\u00bbRoboto\u00a0\u00bb]<\/p>\n<h1><span style=\"font-family: Roboto; font-weight: normal;\"><strong>Une communaut\u00e9 de citoyens souhaitant contribuer \u00e0 un monde durable, inclusif et \u00e0 visage humain&#8230;<\/strong><\/span><\/h1>\n<p>[\/et_pb_text][et_pb_text admin_label=\u00a0\u00bbTittle\u00a0\u00bb _builder_version=\u00a0\u00bb4.6.6&Prime; text_font=\u00a0\u00bbNunito||||||||\u00a0\u00bb text_font_size=\u00a0\u00bb18px\u00a0\u00bb text_line_height=\u00a0\u00bb1.8em\u00a0\u00bb header_font=\u00a0\u00bb||||||||\u00a0\u00bb header_2_font=\u00a0\u00bbOswald|||on|||||\u00a0\u00bb header_2_text_align=\u00a0\u00bbcenter\u00a0\u00bb header_2_font_size=\u00a0\u00bb40px\u00a0\u00bb header_2_letter_spacing=\u00a0\u00bb1px\u00a0\u00bb header_2_line_height=\u00a0\u00bb1.5em\u00a0\u00bb header_3_font=\u00a0\u00bb||||||||\u00a0\u00bb max_width=\u00a0\u00bb1199px\u00a0\u00bb max_width_last_edited=\u00a0\u00bboff|desktop\u00a0\u00bb module_alignment=\u00a0\u00bbcenter\u00a0\u00bb custom_margin=\u00a0\u00bb-5px|||||\u00a0\u00bb custom_padding=\u00a0\u00bb6px||1px|||\u00a0\u00bb inline_fonts=\u00a0\u00bbRoboto\u00a0\u00bb]<\/p>\n<p style=\"text-align: left;\"><span style=\"font-family: Roboto; font-weight: normal;\">Notre communaut\u00e9 consid\u00e8re que chaque individu a sa raison d&rsquo;\u00eatre et que notre travail a plus d&rsquo;impact quand il est en harmonie avec nos valeurs et qui nous sommes r\u00e9ellement. <strong>Le monde a besoin de vous! <i data-gjs-type=\"text\" draggable=\"true\" id=\"ir0c1l\">Aucun talent ne peut \u00eatre gaspill\u00e9. <\/i><\/strong>Avoir un travail et une vie correspondant \u00e0 ses valeurs et aspirations permet de faire le meilleur usage de notre temps pr\u00e9cieux, au b\u00e9n\u00e9fice de tous. <\/span><\/p>\n<p>[\/et_pb_text][et_pb_button button_url=\u00a0\u00bbhttps:\/\/citizens.forwaves.com\/halte_insc_2305\/\u00a0\u00bb url_new_window=\u00a0\u00bbon\u00a0\u00bb button_text=\u00a0\u00bbJe m&rsquo;inscris \u00e0 l&rsquo;atelier des 6-7 mai\u00a0\u00bb button_alignment=\u00a0\u00bbcenter\u00a0\u00bb _builder_version=\u00a0\u00bb4.6.6&Prime; custom_button=\u00a0\u00bbon\u00a0\u00bb button_text_size=\u00a0\u00bb23px\u00a0\u00bb button_text_color=\u00a0\u00bb#ffffff\u00a0\u00bb button_bg_color=\u00a0\u00bb#34a7ae\u00a0\u00bb button_border_width=\u00a0\u00bb4px\u00a0\u00bb button_font=\u00a0\u00bbRoboto||||||||\u00a0\u00bb background_layout=\u00a0\u00bbdark\u00a0\u00bb custom_margin=\u00a0\u00bb||0px|||\u00a0\u00bb hover_enabled=\u00a0\u00bb0&Prime; sticky_enabled=\u00a0\u00bb0&Prime;][\/et_pb_button][\/et_pb_column][\/et_pb_row][\/et_pb_section][et_pb_section fb_built=\u00a0\u00bb1&Prime; _builder_version=\u00a0\u00bb4.6.6&Prime; background_color=\u00a0\u00bb#ffffff\u00a0\u00bb custom_padding=\u00a0\u00bb5px||7px|||\u00a0\u00bb][et_pb_row _builder_version=\u00a0\u00bb4.6.6&Prime; _module_preset=\u00a0\u00bbdefault\u00a0\u00bb custom_margin=\u00a0\u00bb|auto|33px|auto||\u00a0\u00bb custom_padding=\u00a0\u00bb1px||2px|||\u00a0\u00bb][et_pb_column type=\u00a0\u00bb4_4&Prime; _builder_version=\u00a0\u00bb4.6.6&Prime; _module_preset=\u00a0\u00bbdefault\u00a0\u00bb][et_pb_text admin_label=\u00a0\u00bbTittle\u00a0\u00bb _builder_version=\u00a0\u00bb3.27.4&Prime; text_font=\u00a0\u00bbNunito||||||||\u00a0\u00bb text_font_size=\u00a0\u00bb18px\u00a0\u00bb text_line_height=\u00a0\u00bb1.8em\u00a0\u00bb header_font=\u00a0\u00bb||||||||\u00a0\u00bb header_2_font=\u00a0\u00bbOswald|||on|||||\u00a0\u00bb header_2_text_align=\u00a0\u00bbcenter\u00a0\u00bb header_2_font_size=\u00a0\u00bb40px\u00a0\u00bb header_2_letter_spacing=\u00a0\u00bb1px\u00a0\u00bb header_2_line_height=\u00a0\u00bb1.5em\u00a0\u00bb header_3_font=\u00a0\u00bb||||||||\u00a0\u00bb max_width=\u00a0\u00bb1199px\u00a0\u00bb max_width_last_edited=\u00a0\u00bboff|desktop\u00a0\u00bb module_alignment=\u00a0\u00bbcenter\u00a0\u00bb min_height=\u00a0\u00bb64px\u00a0\u00bb custom_margin=\u00a0\u00bb-5px||-4px|||\u00a0\u00bb custom_padding=\u00a0\u00bb6px||1px|||\u00a0\u00bb inline_fonts=\u00a0\u00bbRoboto\u00a0\u00bb]<\/p>\n<h1><span style=\"font-family: Roboto; font-weight: normal;\"><strong>T\u00e9moignag<\/strong><\/span><span style=\"font-family: Roboto; font-weight: normal;\"><strong>es re\u00e7us<br \/><\/strong><\/span><\/h1>\n<p>[\/et_pb_text][et_pb_slider arrows_custom_color=\u00a0\u00bb#000000&Prime; dot_nav_custom_color=\u00a0\u00bb#000000&Prime; _builder_version=\u00a0\u00bb4.6.6&Prime; _module_preset=\u00a0\u00bbdefault\u00a0\u00bb body_text_color=\u00a0\u00bb#000000&Prime; min_height=\u00a0\u00bb524px\u00a0\u00bb custom_margin=\u00a0\u00bb-4px|||||\u00a0\u00bb custom_padding=\u00a0\u00bb1px||1px|||\u00a0\u00bb][et_pb_slide button_text=\u00a0\u00bbClick Here\u00a0\u00bb _builder_version=\u00a0\u00bb4.6.6&Prime; _module_preset=\u00a0\u00bbdefault\u00a0\u00bb background_color=\u00a0\u00bb#ffffff\u00a0\u00bb background_enable_color=\u00a0\u00bbon\u00a0\u00bb sticky_transition=\u00a0\u00bbon\u00a0\u00bb]<\/p>\n<p>RETRAITE &amp; ATELIER DE LEADERSHIP:<\/p>\n<p style=\"text-align: justify;\">\u00ab\u00a0J\u2019ai vraiment appr\u00e9ci\u00e9 la qualit\u00e9 de cette formation pour son approche \u00e0 la fois tr\u00e8s professionnelle et en m\u00eame temps l\u2019empathie dont t\u00e9moigne Maria. Cet atelier est tr\u00e8s utile pour avoir des \u00e9l\u00e9ments concrets sur comment am\u00e9liorer sa communication et sa place dans la soci\u00e9t\u00e9 de mani\u00e8re plus globale. Son approche d\u2019une \u00ab\u00a0business for good\u00a0\u00bb est exceptionnelle et sa vision \/ philosophe de vie vraiment appr\u00e9ciable. Merci infiniment Maria pour toute ton humanit\u00e9, chaleur et partage de ton expertise.\u00a0\u00bb-C.S.<\/p>\n<p style=\"text-align: justify;\">\u00ab\u00a0Je suis \u00e0 chaque fois \u00e9blouie par la passion et l&rsquo;humanit\u00e9 qui \u00e9mane de Maria. La communication avec les autres membres du groupe se fait toujours de mani\u00e8re naturelle et constructive. Et au-del\u00e0 de cela ce sont les outils avec lesquels on repart et qui nous premettent de mieux se comprendre et \u00e9voluer. Merci Maria!\u00a0\u00bb-I.S.<\/p>\n<p style=\"text-align: justify;\">\u00ab\u00a0Le s\u00e9minaire m\u2019a montr\u00e9 de nouvelles mani\u00e8res de mieux communiquer, et ce qui est une bonne communication pour mon interlocuteur. Il m\u2019a \u00e9galement appris \u00e0 mieux comprendre mes objectifs et comment les atteindre gr\u00e2ce \u00e0 une meilleure communication. Merci beaucoup\u2026\u00a0\u00bb-C.L.<\/p>\n<p style=\"text-align: justify;\">\u00ab\u00a0Un excellent programme pour d\u00e9velopper le leadership avec un c\u0153ur, pour faire face aux d\u00e9fis de l&rsquo;avenir.\u00a0\u00bb-A.D.<\/p>\n<p>[\/et_pb_slide][et_pb_slide button_text=\u00a0\u00bbClick Here\u00a0\u00bb _builder_version=\u00a0\u00bb4.6.6&Prime; _module_preset=\u00a0\u00bbdefault\u00a0\u00bb background_color=\u00a0\u00bb#ffffff\u00a0\u00bb background_enable_color=\u00a0\u00bbon\u00a0\u00bb sticky_transition=\u00a0\u00bbon\u00a0\u00bb]<\/p>\n<p style=\"text-align: justify;\">RETRAITE &amp; ATELIER DE LEADERSHIP:<\/p>\n<p style=\"text-align: justify;\">\u00ab\u00a0Je suis \u00e0 chaque fois \u00e9blouie par la passion et l&rsquo;humanit\u00e9 qui \u00e9mane de Maria. La communication avec les autres membres du groupe se fait toujours de mani\u00e8re naturelle et constructive. Et au-del\u00e0 de cela ce sont les outils avec lesquels on repart et qui nous premettent de mieux se comprendre et \u00e9voluer. Merci Maria!\u00a0\u00bb-I.S.<\/p>\n<p style=\"text-align: justify;\">\u00ab\u00a0Maria a une belle personnalit\u00e9, un grand c\u0153ur et un esprit ouvert. J&rsquo;ai vraiment appr\u00e9ci\u00e9 de travailler avec elle. Elle met beaucoup de cr\u00e9ativit\u00e9 dans son atelier. Elle m&rsquo;a vraiment aid\u00e9e \u00e0 d\u00e9velopper de nouvelles id\u00e9es pour ma vie professionnelle, mais aussi \u00e0 r\u00e9fl\u00e9chir sur moi-m\u00eame et \u00e0 pratiquer l&rsquo;amour de soi. Maria a cr\u00e9\u00e9 pendant l&rsquo;atelier une atmosph\u00e8re formidable, qui a \u00e9t\u00e9 b\u00e9n\u00e9fique pour l&rsquo;ensemble du groupe. Merci beaucoup Maria !\u00a0\u00bb-D.K.<\/p>\n<p style=\"text-align: justify;\">\u00ab\u00a0Un t\u00e9moignage ne suffit pas, il faut exp\u00e9rimenter cette formation pour comprendre son impact et r\u00e9sultat physique, mental et \u00e9nerg\u00e9tique. C&rsquo;est un week-end de transformation puissant! Un investissement n\u00e9cessaire pour d\u00e9couvrir les secrets de communcation des leaders de demain. Mille mercis Maria!\u00a0\u00bb-A.C.<\/p>\n<p>[\/et_pb_slide][et_pb_slide button_text=\u00a0\u00bbClick Here\u00a0\u00bb _builder_version=\u00a0\u00bb4.6.6&Prime; _module_preset=\u00a0\u00bbdefault\u00a0\u00bb header_text_align=\u00a0\u00bbleft\u00a0\u00bb header_text_color=\u00a0\u00bb#000000&Prime; background_color=\u00a0\u00bb#ffffff\u00a0\u00bb background_enable_color=\u00a0\u00bbon\u00a0\u00bb sticky_transition=\u00a0\u00bbon\u00a0\u00bb]<\/p>\n<p><span style=\"color: #000000;\"><span class=\"JsGRdQ\" style=\"font-weight: bold; font-style: italic; text-decoration: none;\"><\/span><\/span><\/p>\n<p><span style=\"color: #000000;\"><strong><em>\u00ab\u00a0Mme Zarraga m&rsquo;a captiv\u00e9e. <\/em><\/strong><\/span><\/p>\n<p><span style=\"color: #000000;\"><strong><em>Par son savoir-faire, sa connaissance de la narration, sa pertinence, son professionnalisme.\u00bb<\/em><\/strong><\/span><\/p>\n<p>[\/et_pb_slide][et_pb_slide button_text=\u00a0\u00bbClick Here\u00a0\u00bb _builder_version=\u00a0\u00bb4.6.6&Prime; _module_preset=\u00a0\u00bbdefault\u00a0\u00bb header_text_align=\u00a0\u00bbleft\u00a0\u00bb header_text_color=\u00a0\u00bb#000000&Prime; background_color=\u00a0\u00bb#ffffff\u00a0\u00bb background_enable_color=\u00a0\u00bbon\u00a0\u00bb sticky_transition=\u00a0\u00bbon\u00a0\u00bb]<\/p>\n<p><span style=\"color: #000000;\">Les personnes qui se seront inscrites \u00e0 ce cours par le pass\u00e9 n\u2019ont pas \u00e9t\u00e9 d\u00e9\u00e7ues! <\/span><\/p>\n<p><em><span style=\"color: #000000;\">D\u00e9couvrez <strong>quelques t\u00e9moignages et commentaires <\/strong>de personnes ayant particip\u00e9 \u00e0 des formations et programmes de mentoring avec Maria\u00a0:<\/span><\/em><\/p>\n<p><em><span style=\"color: #000000;\"><\/span><\/em><\/p>\n<p><em><span style=\"color: #000000;\"><span class=\"JsGRdQ\" style=\"font-weight: bold; font-style: italic; text-decoration: none;\">\u00ab\u00a0(&#8230;) Maria est une formatrice excellente, bienveillante, d&rsquo;une grande richesse de c\u0153ur et de m\u00e9tier.\u00a0\u00bb <\/span><span class=\"JsGRdQ\" style=\"font-style: italic; text-decoration: none;\">(Cliquez sur la fl\u00e8che \u00e0 droite pour voir la suite)<\/span><span class=\"JsGRdQ\" style=\"font-weight: bold; font-style: italic; text-decoration: none;\"><br \/> <\/span><\/span><\/em><\/p>\n<p>[\/et_pb_slide][et_pb_slide button_text=\u00a0\u00bbClick Here\u00a0\u00bb _builder_version=\u00a0\u00bb4.6.6&Prime; _module_preset=\u00a0\u00bbdefault\u00a0\u00bb header_text_align=\u00a0\u00bbleft\u00a0\u00bb header_text_color=\u00a0\u00bb#000000&Prime; body_line_height=\u00a0\u00bb1.9em\u00a0\u00bb background_color=\u00a0\u00bb#ffffff\u00a0\u00bb background_enable_color=\u00a0\u00bbon\u00a0\u00bb sticky_transition=\u00a0\u00bbon\u00a0\u00bb]<\/p>\n<div class=\"module--translations-translatedtext js-module--translations-translatedtext\" data-size=\"s\" style=\"height: 486px; text-align: left;\">\u00ab\u00a0(&#8230;) J&rsquo;ai \u00e9t\u00e9 tr\u00e8s impressionn\u00e9e par la <strong>force de la nature qu&rsquo;est Mme Zarraga \u2013 une v\u00e9ritable professionnelle avec une grande exp\u00e9rience qui \u00e9coute activement <\/strong>et qui est capable de <strong>faire ressortir le meilleur de chaque individu dans chaque situation. Elle a les connaissances et l&rsquo;intelligence \u00e9motionnelle pour conduire le changement chez les gens <\/strong>et j&rsquo;esp\u00e8re travailler \u00e0 nouveau avec elle dans un proche avenir.<strong> \u00bb<\/strong> \u2013 C.M., Participante (formation et accompagnement individuel)<\/div>\n<p>[\/et_pb_slide][et_pb_slide button_text=\u00a0\u00bbClick Here\u00a0\u00bb _builder_version=\u00a0\u00bb4.6.6&Prime; _module_preset=\u00a0\u00bbdefault\u00a0\u00bb header_text_align=\u00a0\u00bbleft\u00a0\u00bb header_text_color=\u00a0\u00bb#000000&Prime; background_color=\u00a0\u00bb#ffffff\u00a0\u00bb background_enable_color=\u00a0\u00bbon\u00a0\u00bb sticky_transition=\u00a0\u00bbon\u00a0\u00bb]<\/p>\n<div class=\"module--translations-translatedtext js-module--translations-translatedtext\" data-size=\"s\" style=\"height: 486px;\">\n<p style=\"text-align: justify;\"><span style=\"color: black;\"><\/span><\/p>\n<p style=\"text-align: justify;\"><span style=\"color: black;\"><\/span><\/p>\n<p style=\"text-align: justify;\"><span style=\"color: black;\"><\/span><\/p>\n<p style=\"text-align: justify;\"><span style=\"color: black;\"><\/span><\/p>\n<p style=\"text-align: justify;\"><span style=\"color: black;\"><\/span>\u00abJ&rsquo;ai eu la chance de rencontrer Mme Maria Zarraga lors d&rsquo;un atelier sur le d\u00e9veloppement de carri\u00e8re et le r\u00e9seautage. J&rsquo;ai grandement appr\u00e9ci\u00e9 le temps que vous avez pass\u00e9 avec moi pendant l&rsquo;atelier et le mentorat en dehors des cours. Vous avez pris le temps de m&rsquo;\u00e9couter et vous m&rsquo;avez accompagn\u00e9 dans ce processus. Et au-del\u00e0 de cela, je tiens \u00e0 vous remercier en particulier de m&rsquo;avoir fait<strong> prendre conscience de mes capacit\u00e9s et de mes diverses r\u00e9alisations.<\/strong> J&rsquo;ai pu percevoir mes r\u00e9alisations sous un angle diff\u00e9rent et cela m&rsquo;a permis de mettre en \u00e9vidence d&rsquo;autres comp\u00e9tences que j&rsquo;avais acquises. <strong>Je ne peux que recommander fortement ce programme \u00e0 tous ceux qui souhaitent prendre cette voie, il va au-del\u00e0 de ce qui est attendu! Une belle rencontre et merci encore pour votre pr\u00e9cieuse collaboration<\/strong>.\u00bbH.H.<\/p>\n<\/div>\n<p>[\/et_pb_slide][et_pb_slide button_text=\u00a0\u00bbClick Here\u00a0\u00bb _builder_version=\u00a0\u00bb4.6.6&Prime; _module_preset=\u00a0\u00bbdefault\u00a0\u00bb header_text_align=\u00a0\u00bbleft\u00a0\u00bb header_text_color=\u00a0\u00bb#000000&Prime; background_color=\u00a0\u00bb#ffffff\u00a0\u00bb background_enable_color=\u00a0\u00bbon\u00a0\u00bb sticky_transition=\u00a0\u00bbon\u00a0\u00bb]<\/p>\n<p><span style=\"color: #000000;\"><span class=\"JsGRdQ\" style=\"font-weight: bold; font-style: italic; text-decoration: none;\">\u00ab La formatrice \u00e9tait <strong>tr\u00e8s exp\u00e9riment\u00e9e<\/strong> <strong>dans le sujet du cours, a pu partager des exp\u00e9riences r\u00e9elles et personnelles<\/strong> et a donn\u00e9 un cours tr\u00e8s int\u00e9ressant! \u00ab\u00a0<\/span><\/span><\/p>\n<p>[\/et_pb_slide][et_pb_slide button_text=\u00a0\u00bbClick Here\u00a0\u00bb _builder_version=\u00a0\u00bb4.6.6&Prime; _module_preset=\u00a0\u00bbdefault\u00a0\u00bb header_text_align=\u00a0\u00bbleft\u00a0\u00bb header_text_color=\u00a0\u00bb#000000&Prime; background_color=\u00a0\u00bb#ffffff\u00a0\u00bb background_enable_color=\u00a0\u00bbon\u00a0\u00bb sticky_transition=\u00a0\u00bbon\u00a0\u00bb]<\/p>\n<p><span style=\"color: #000000;\"><span class=\"JsGRdQ\" style=\"font-weight: bold; font-style: italic; text-decoration: none;\"><\/span><\/span><\/p>\n<div class=\"module--translations-translatedtext js-module--translations-translatedtext\" data-size=\"s\" style=\"height: 329px;\"><em><strong>\u00ab\u00a0(&#8230;) Le service personnalis\u00e9 et les conseils que j&rsquo;ai re\u00e7us ont \u00e9t\u00e9 incomparables pour me remettre sur pied et les id\u00e9es fournies par les m\u00e9thodes \u00e9prouv\u00e9es ont \u00e9t\u00e9 vraiment r\u00e9v\u00e9latrices et stimulantes. ForWaves m\u00e9rite mes sinc\u00e8res remerciements et mes \u00e9loges. \u00a0\u00bb <\/strong><\/em>\u2014 R.L., PhD<\/div>\n<p><span style=\"color: #000000;\"><strong><em>\u00a0<\/em><\/strong><\/span><\/p>\n<p>[\/et_pb_slide][et_pb_slide button_text=\u00a0\u00bbClick Here\u00a0\u00bb _builder_version=\u00a0\u00bb4.6.6&Prime; _module_preset=\u00a0\u00bbdefault\u00a0\u00bb header_text_align=\u00a0\u00bbleft\u00a0\u00bb header_text_color=\u00a0\u00bb#000000&Prime; background_color=\u00a0\u00bb#ffffff\u00a0\u00bb background_enable_color=\u00a0\u00bbon\u00a0\u00bb sticky_transition=\u00a0\u00bbon\u00a0\u00bb]<\/p>\n<p><span style=\"color: #000000;\"><span class=\"JsGRdQ\" style=\"font-weight: bold; font-style: italic; text-decoration: none;\">\u00ab\u00a0Juste parfait!\u00a0\u00bb<\/span><\/span><\/p>\n<p><span style=\"color: #000000;\"><span class=\"JsGRdQ\" style=\"font-weight: bold; font-style: italic; text-decoration: none;\">\u00ab\u00a0Cours incroyable, merci beaucoup!\u00a0\u00bb<\/span><\/span><\/p>\n<p><span style=\"color: #000000;\"><span class=\"JsGRdQ\" style=\"font-weight: bold; font-style: italic; text-decoration: none;\">\u00ab\u00a0Le cours le plus int\u00e9ressant \/ inspirant.\u00a0\u00bb<\/span><\/span><\/p>\n<p><span style=\"color: #000000;\"><span class=\"JsGRdQ\" style=\"font-weight: bold; font-style: italic; text-decoration: none;\">\u00ab\u00a0Intervenante tr\u00e8s attentive, motivante, encourageante et rassurante. (&#8230;)\u00a0\u00bb<\/span><\/span><\/p>\n<p><span style=\"color: #000000;\"><span class=\"JsGRdQ\" style=\"font-weight: bold; font-style: italic; text-decoration: none;\">\u00ab\u00a0Merci pour cette belle \u00e9nergie. (&#8230;)\u00a0\u00bb<\/span><\/span><\/p>\n<p><span style=\"color: #000000;\"><span class=\"JsGRdQ\" style=\"font-weight: bold; font-style: italic; text-decoration: none;\">\u00ab\u00a0Ce cours fut mon pr\u00e9f\u00e9r\u00e9, gr\u00e2ce \u00e0 l&rsquo;\u00e9nergie et motivation infectieuse de madame Zarraga. (&#8230;)\u00a0\u00bb<\/span><\/span><\/p>\n<p><span style=\"color: #000000;\"><span class=\"JsGRdQ\" style=\"font-weight: bold; font-style: italic; text-decoration: none;\">\u00ab\u00a0J&rsquo;ai rien \u00e0 dire, juste parfait! (&#8230;)\u00a0\u00bb<\/span><\/span><\/p>\n<p>[\/et_pb_slide][et_pb_slide button_text=\u00a0\u00bbClick Here\u00a0\u00bb _builder_version=\u00a0\u00bb4.6.6&Prime; _module_preset=\u00a0\u00bbdefault\u00a0\u00bb header_text_align=\u00a0\u00bbleft\u00a0\u00bb header_text_color=\u00a0\u00bb#000000&Prime; background_color=\u00a0\u00bb#ffffff\u00a0\u00bb background_enable_color=\u00a0\u00bbon\u00a0\u00bb sticky_transition=\u00a0\u00bbon\u00a0\u00bb]<\/p>\n<div class=\"module--translations-translatedtext js-module--translations-translatedtext\" data-size=\"s\" style=\"height: 371px;\">Pourquoi recommander ForWaves? \u00ab \u00c0 cause de Maria. C&rsquo;est une personne si <strong>bienveillante et attentionn\u00e9e. D\u00e8s que vous la rencontrez, vous comprenez que vous pouvez lui faire confiance et que vous \u00eates entre de bonnes mains.<\/strong> Mon exp\u00e9rience avec elle a \u00e9t\u00e9 extraordinaire. <strong>Elle vous aide \u00e0 regarder au plus profond de vous-m\u00eame, pose les bonnes et percutantes questions. Elle est pr\u00e9sente<\/strong> quand vous avez besoin d&rsquo;aide.\u00a0\u00bb L\u00e9a (accompagnement individuel)<\/div>\n<p>[\/et_pb_slide][et_pb_slide button_text=\u00a0\u00bbClick Here\u00a0\u00bb _builder_version=\u00a0\u00bb4.6.6&Prime; _module_preset=\u00a0\u00bbdefault\u00a0\u00bb header_text_align=\u00a0\u00bbleft\u00a0\u00bb header_text_color=\u00a0\u00bb#000000&Prime; background_color=\u00a0\u00bb#ffffff\u00a0\u00bb background_enable_color=\u00a0\u00bbon\u00a0\u00bb sticky_transition=\u00a0\u00bbon\u00a0\u00bb]<\/p>\n<div class=\"module--translations-translatedtext js-module--translations-translatedtext\" data-size=\"s\" style=\"height: 329px;\">\n<p style=\"font-weight: 400;\"><em><strong><sup>\u00ab\u00a0Mme Zarraga est une intervenante ultra-comp\u00e9tente, encourageante, sinc\u00e8rement curieuse des parcours de chacune et chacun. <\/sup><\/strong><\/em><\/p>\n<p style=\"font-weight: 400;\"><em><strong><sup>Elle a une expertise concr\u00e8te qu&rsquo;elle met au service des participants, de fa\u00e7on claire et tr\u00e8s professionnelle. <\/sup><\/strong><\/em><\/p>\n<p style=\"font-weight: 400;\"><em><strong><sup>Les outils qu&rsquo;elle a mis en place sont intelligents, pragmatiques et permettent de revaloriser son profil, notamment dans le cadre d&rsquo;un lieu professionnel. (&#8230;) Super super cours!\u00a0\u00bb<\/sup><\/strong><\/em><\/p>\n<p><strong><br \/> <\/strong><\/p>\n<\/div>\n<p>[\/et_pb_slide][et_pb_slide button_text=\u00a0\u00bbClick Here\u00a0\u00bb _builder_version=\u00a0\u00bb4.6.6&Prime; _module_preset=\u00a0\u00bbdefault\u00a0\u00bb header_text_align=\u00a0\u00bbleft\u00a0\u00bb header_text_color=\u00a0\u00bb#000000&Prime; background_color=\u00a0\u00bb#ffffff\u00a0\u00bb background_enable_color=\u00a0\u00bbon\u00a0\u00bb sticky_transition=\u00a0\u00bbon\u00a0\u00bb]<\/p>\n<div class=\"module--translations-translatedtext js-module--translations-translatedtext\" data-size=\"s\" style=\"height: 329px;\"><strong>\u00ab\u00a0(&#8230;) Je quitte cette formation avec un projet professionnel, un plan d&rsquo;action, une feuille de route claire et de nombreux conseils pr\u00e9cieux &#8211; Maria est une excellente formatrice, attentionn\u00e9e, avec une grande richesse de c\u0153ur et une richesse d&rsquo;exp\u00e9rience.\u00bb<br \/> <\/strong><\/div>\n<p>[\/et_pb_slide][\/et_pb_slider][et_pb_text admin_label=\u00a0\u00bbTittle\u00a0\u00bb _builder_version=\u00a0\u00bb4.6.6&Prime; text_font=\u00a0\u00bbNunito||||||||\u00a0\u00bb text_font_size=\u00a0\u00bb18px\u00a0\u00bb text_line_height=\u00a0\u00bb1.8em\u00a0\u00bb header_font=\u00a0\u00bb||||||||\u00a0\u00bb header_2_font=\u00a0\u00bbOswald|||on|||||\u00a0\u00bb header_2_text_align=\u00a0\u00bbcenter\u00a0\u00bb header_2_font_size=\u00a0\u00bb40px\u00a0\u00bb header_2_letter_spacing=\u00a0\u00bb1px\u00a0\u00bb header_2_line_height=\u00a0\u00bb1.5em\u00a0\u00bb header_3_font=\u00a0\u00bb||||||||\u00a0\u00bb max_width=\u00a0\u00bb1199px\u00a0\u00bb max_width_last_edited=\u00a0\u00bboff|desktop\u00a0\u00bb module_alignment=\u00a0\u00bbcenter\u00a0\u00bb custom_margin=\u00a0\u00bb-5px||-2px|||\u00a0\u00bb custom_padding=\u00a0\u00bb6px||28px|||\u00a0\u00bb inline_fonts=\u00a0\u00bbRoboto\u00a0\u00bb]<\/p>\n<p style=\"text-align: left;\"><span style=\"font-size: large;\"><span style=\"color: rgba(45, 146, 150, 0.96);\"><span style=\"color: #000000;\"><\/span><\/span><\/span><span style=\"font-size: large;\"><em>\u00ab\u00a0<\/em><em>Je tiens \u00e0 t\u00e9moigner de mon exp\u00e9rience de participante \u00a0\u00e0 l&rsquo;Atelier \u00ab\u00a0Remettre ses r\u00eaves et actions \u00e0 aujourd&rsquo;hui\u00a0\u00bb de Maria Zarraga (novembre 2022). J\u2019ai pris un grand plaisir \u00e0 l\u2019\u00e9couter, \u00e0 exercer sa m\u00e9thodologie, \u00e0 apprendre ses\u00a0outils tr\u00e8s efficaces et \u00e0 \u00e9changer avec Maria et les participantes dans un tr\u00e8s bel \u00e9tat d&rsquo;esprit. Maria est avant tout une personne pleine de belles qualit\u00e9s humaines, passionn\u00e9e par sa mission et qui arrive naturellement \u00e0 transmettre ses connaissances et \u00e0 transformer positivement les pens\u00e9es de ses participants. J&rsquo;admire Maria pour tout son parcours, son courage, sa pers\u00e9v\u00e9rance et son expertise dans plusieurs domaines dont le leadership.\u00a0 <span style=\"color: rgba(45, 146, 150, 0.96);\"><strong>Elle a aussi le don de comprendre rapidement la probl\u00e9matique de chaque personne et de cibler les solutions ad\u00e9quates, c&rsquo;est impressionnant.\u00a0<\/strong><\/span><\/em><\/span><\/p>\n<p style=\"text-align: left;\"><span style=\"font-size: large;\"><em><\/em><\/span><\/p>\n<h1 style=\"text-align: left;\"><span style=\"font-size: large;\">Le lieu, la <em>Halte Spirituelle<\/em>, \u00e9tait\u00a0aussi un \u00e9l\u00e9ment important au tr\u00e8s bon d\u00e9roulement de cet atelier, les Soeurs \u00e9taient tr\u00e8s chaleureuses et nous ont transmis beaucoup d&rsquo;amour et de s\u00e9r\u00e9nit\u00e9 tout au long du s\u00e9jour. Maria nous a fait une magnifique surprise &lt;concert de violon&gt; le samedi soir, toujours aussi touchante et talentueuse. <br \/><\/span><\/h1>\n<p style=\"text-align: left;\"><span style=\"font-size: large;\"><\/span><\/p>\n<h1 style=\"text-align: left;\"><span style=\"font-size: large;\">Je suis tr\u00e8s heureuse et reconnaissante d&rsquo;avoir eu l&rsquo;opportunit\u00e9 de participer \u00e0 cet atelier gr\u00e2ce \u00e0 <a href=\"https:\/\/citizens.forwaves.com\/initiative-tatjana-don\/\"><span style=\"color: rgba(45, 146, 150, 0.96);\"><strong>l&rsquo;Initiative\u00a0Tatjana<\/strong><\/span><\/a> et tr\u00e8s satisfaite du r\u00e9sultat.\u00a0 Apr\u00e8s cet atelier, je suis repartie l&rsquo;esprit plus clairvoyant, avec une tr\u00e8s belle \u00e9nergie et des pens\u00e9es positives pour mener \u00e0 bon terme ma mission. Son approche est unique et je recommande vivement les formations de Maria \u00e0 toute personne ou organisation qui souhaite avancer rapidement vers le changement constructif et \u00e9panouissant.\u00a0\u00bb-A.C.<\/span><\/h1>\n<p>[\/et_pb_text][et_pb_button button_url=\u00a0\u00bbhttps:\/\/citizens.forwaves.com\/halte_insc_2305\/\u00a0\u00bb url_new_window=\u00a0\u00bbon\u00a0\u00bb button_text=\u00a0\u00bbJe m&rsquo;incris maitenant!\u00a0\u00bb button_alignment=\u00a0\u00bbcenter\u00a0\u00bb _builder_version=\u00a0\u00bb4.6.6&Prime; custom_button=\u00a0\u00bbon\u00a0\u00bb button_text_size=\u00a0\u00bb23px\u00a0\u00bb button_text_color=\u00a0\u00bb#ffffff\u00a0\u00bb button_bg_color=\u00a0\u00bb#34a7ae\u00a0\u00bb button_border_width=\u00a0\u00bb4px\u00a0\u00bb button_border_color=\u00a0\u00bbrgba(0,0,0,0)\u00a0\u00bb button_border_radius=\u00a0\u00bb5px\u00a0\u00bb button_font=\u00a0\u00bbRoboto||||||||\u00a0\u00bb button_icon=\u00a0\u00bb%%1%%\u00a0\u00bb background_layout=\u00a0\u00bbdark\u00a0\u00bb custom_margin=\u00a0\u00bb1px||1px||true|\u00a0\u00bb custom_padding=\u00a0\u00bb||0px|||\u00a0\u00bb hover_enabled=\u00a0\u00bb0&Prime; sticky_enabled=\u00a0\u00bb0&Prime;][\/et_pb_button][et_pb_image src=\u00a0\u00bbhttps:\/\/citizens.forwaves.com\/wp-content\/uploads\/2023\/07\/Career_Purpose_Resilience.webp\u00a0\u00bb title_text=\u00a0\u00bbCareer_Purpose_Resilience\u00a0\u00bb align=\u00a0\u00bbcenter\u00a0\u00bb _builder_version=\u00a0\u00bb4.6.6&Prime; _module_preset=\u00a0\u00bbdefault\u00a0\u00bb min_height=\u00a0\u00bb373px\u00a0\u00bb custom_margin=\u00a0\u00bb1px||40px|||\u00a0\u00bb custom_padding=\u00a0\u00bb47px|||||\u00a0\u00bb][\/et_pb_image][\/et_pb_column][\/et_pb_row][\/et_pb_section][et_pb_section fb_built=\u00a0\u00bb1&Prime; admin_label=\u00a0\u00bbCoffee Menu\u00a0\u00bb _builder_version=\u00a0\u00bb4.6.6&Prime; background_color=\u00a0\u00bb#000000&Prime; custom_margin=\u00a0\u00bb28px|||||\u00a0\u00bb custom_padding=\u00a0\u00bb8px||0px|||\u00a0\u00bb][et_pb_row _builder_version=\u00a0\u00bb4.6.6&Prime; background_color=\u00a0\u00bb#000000&Prime; custom_margin=\u00a0\u00bb-8px|auto||auto||\u00a0\u00bb custom_padding=\u00a0\u00bb43px|||||\u00a0\u00bb][et_pb_column type=\u00a0\u00bb4_4&Prime; _builder_version=\u00a0\u00bb3.25.4&Prime;][et_pb_text _builder_version=\u00a0\u00bb4.6.6&Prime;]<\/p>\n<div data-gjs-type=\"default\" draggable=\"true\" id=\"inm65d-2\"><\/div>\n<div data-gjs-type=\"text\" draggable=\"true\" style=\"transition: all 0.2s ease 0s; text-align: center;\" id=\"i8f4wj-2\"><span style=\"color: #ffffff;\">Copyright \u00a9 2023<span data-gjs-type=\"text\" draggable=\"true\" style=\"transition: all .2s;\" id=\"ih5ge1\"> ForWaves Consulting Sarl &#8211; Tous droits r\u00e9serv\u00e9s<\/span><\/span><\/div>\n<p>[\/et_pb_text][\/et_pb_column][\/et_pb_row][\/et_pb_section]<\/p>\n","protected":false},"excerpt":{"rendered":"<p>Prenez un temps de recul sur vos objectifs personnels et professionnels lors d&rsquo;un temps de retraite et d\u00e9couvrez: \u00a0LES SECRETS DE COMMUNICATION DES LEADERS DE DEMAIN &nbsp; SUITE AU SUCC\u00c8S DE L&rsquo;ATELIER EN MAI 2023 ET LA DEMANDE DE LE R\u00c9ORGANISER, LES PROCHAINES DATES SERONT BIENT\u00d4T ANNONC\u00c9ES POUR 2023. &nbsp; Inscrivez-vous \u00e0 notre NEWSLETTER pour [&hellip;]<\/p>\n","protected":false},"author":1,"featured_media":0,"parent":0,"menu_order":0,"comment_status":"closed","ping_status":"closed","template":"page-template-blank.php","meta":{"_et_pb_use_builder":"on","_et_pb_old_content":"","_et_gb_content_width":"","footnotes":""},"_links":{"self":[{"href":"https:\/\/citizens.forwaves.com\/fr\/wp-json\/wp\/v2\/pages\/33692"}],"collection":[{"href":"https:\/\/citizens.forwaves.com\/fr\/wp-json\/wp\/v2\/pages"}],"about":[{"href":"https:\/\/citizens.forwaves.com\/fr\/wp-json\/wp\/v2\/types\/page"}],"author":[{"embeddable":true,"href":"https:\/\/citizens.forwaves.com\/fr\/wp-json\/wp\/v2\/users\/1"}],"replies":[{"embeddable":true,"href":"https:\/\/citizens.forwaves.com\/fr\/wp-json\/wp\/v2\/comments?post=33692"}],"version-history":[{"count":99,"href":"https:\/\/citizens.forwaves.com\/fr\/wp-json\/wp\/v2\/pages\/33692\/revisions"}],"predecessor-version":[{"id":35073,"href":"https:\/\/citizens.forwaves.com\/fr\/wp-json\/wp\/v2\/pages\/33692\/revisions\/35073"}],"wp:attachment":[{"href":"https:\/\/citizens.forwaves.com\/fr\/wp-json\/wp\/v2\/media?parent=33692"}],"curies":[{"name":"wp","href":"https:\/\/api.w.org\/{rel}","templated":true}]}}