{"id":49638,"date":"2022-08-01T19:37:19","date_gmt":"2022-08-01T17:37:19","guid":{"rendered":"https:\/\/citizens.forwaves.com\/organizations-et-entreprises\/"},"modified":"2025-11-20T11:47:20","modified_gmt":"2025-11-20T10:47:20","slug":"organizations-et-entreprises","status":"publish","type":"page","link":"https:\/\/citizens.forwaves.com\/fr\/organizations-et-entreprises\/","title":{"rendered":"ORGANISATIONS ET ENTREPRISES"},"content":{"rendered":"<p>[et_pb_section fb_built=\u00a0\u00bb1&Prime; fullwidth=\u00a0\u00bbon\u00a0\u00bb admin_label=\u00a0\u00bbSection\u00a0\u00bb _builder_version=\u00a0\u00bb4.24.3&Prime; module_alignment=\u00a0\u00bbcenter\u00a0\u00bb custom_margin=\u00a0\u00bb||-5px|||\u00a0\u00bb custom_padding=\u00a0\u00bb0px|0px|0px|0px\u00a0\u00bb hover_enabled=\u00a0\u00bb0&Prime; transparent_background=\u00a0\u00bboff\u00a0\u00bb make_fullwidth=\u00a0\u00bboff\u00a0\u00bb use_custom_width=\u00a0\u00bboff\u00a0\u00bb width_unit=\u00a0\u00bboff\u00a0\u00bb custom_width_px=\u00a0\u00bb1080px\u00a0\u00bb custom_width_percent=\u00a0\u00bb80%\u00a0\u00bb global_colors_info=\u00a0\u00bb{}\u00a0\u00bb sticky_enabled=\u00a0\u00bb0&Prime;][et_pb_fullwidth_slider admin_label=\u00a0\u00bbCurseur de d\u00e9filement plein \u00e9cran\u00a0\u00bb _builder_version=\u00a0\u00bb4.24.3&Prime; remove_inner_shadow=\u00a0\u00bbon\u00a0\u00bb hide_content_on_mobile=\u00a0\u00bboff\u00a0\u00bb hide_cta_on_mobile=\u00a0\u00bboff\u00a0\u00bb show_inner_shadow=\u00a0\u00bboff\u00a0\u00bb button_letter_spacing_hover=\u00a0\u00bb0&Prime; global_colors_info=\u00a0\u00bb{}\u00a0\u00bb button_one_text_size__hover_enabled=\u00a0\u00bboff\u00a0\u00bb button_two_text_size__hover_enabled=\u00a0\u00bboff\u00a0\u00bb button_one_text_color__hover_enabled=\u00a0\u00bboff\u00a0\u00bb button_two_text_color__hover_enabled=\u00a0\u00bboff\u00a0\u00bb button_one_border_width__hover_enabled=\u00a0\u00bboff\u00a0\u00bb button_two_border_width__hover_enabled=\u00a0\u00bboff\u00a0\u00bb button_one_border_color__hover_enabled=\u00a0\u00bboff\u00a0\u00bb button_two_border_color__hover_enabled=\u00a0\u00bboff\u00a0\u00bb button_one_border_radius__hover_enabled=\u00a0\u00bboff\u00a0\u00bb button_two_border_radius__hover_enabled=\u00a0\u00bboff\u00a0\u00bb button_one_letter_spacing__hover_enabled=\u00a0\u00bboff\u00a0\u00bb button_two_letter_spacing__hover_enabled=\u00a0\u00bboff\u00a0\u00bb button_one_bg_color__hover_enabled=\u00a0\u00bboff\u00a0\u00bb button_two_bg_color__hover_enabled=\u00a0\u00bboff\u00a0\u00bb][et_pb_slide heading=\u00a0\u00bbForWaves Academy\u00a0\u00bb _builder_version=\u00a0\u00bb4.24.3&Prime; background_image=\u00a0\u00bbhttps:\/\/citizens.forwaves.com\/wp-content\/uploads\/2023\/07\/executive-leadership-training-programs.webp\u00a0\u00bb background_enable_image=\u00a0\u00bbon\u00a0\u00bb button_text_color_hover=\u00a0\u00bb#666666&Prime; button_bg_color_hover=\u00a0\u00bb#ffffff\u00a0\u00bb inline_fonts=\u00a0\u00bbAllura,Bayon\u00a0\u00bb global_colors_info=\u00a0\u00bb{}\u00a0\u00bb button_one_text_size__hover_enabled=\u00a0\u00bboff\u00a0\u00bb button_two_text_size__hover_enabled=\u00a0\u00bboff\u00a0\u00bb button_one_text_color__hover_enabled=\u00a0\u00bboff\u00a0\u00bb button_two_text_color__hover_enabled=\u00a0\u00bboff\u00a0\u00bb button_one_border_width__hover_enabled=\u00a0\u00bboff\u00a0\u00bb button_two_border_width__hover_enabled=\u00a0\u00bboff\u00a0\u00bb button_one_border_color__hover_enabled=\u00a0\u00bboff\u00a0\u00bb button_two_border_color__hover_enabled=\u00a0\u00bboff\u00a0\u00bb button_one_border_radius__hover_enabled=\u00a0\u00bboff\u00a0\u00bb button_two_border_radius__hover_enabled=\u00a0\u00bboff\u00a0\u00bb button_one_letter_spacing__hover_enabled=\u00a0\u00bboff\u00a0\u00bb button_two_letter_spacing__hover_enabled=\u00a0\u00bboff\u00a0\u00bb button_one_bg_color__hover_enabled=\u00a0\u00bboff\u00a0\u00bb button_two_bg_color__hover_enabled=\u00a0\u00bboff\u00a0\u00bb sticky_transition=\u00a0\u00bbon\u00a0\u00bb]<\/p>\n<h2>R\u00e9aliser un changement durable.<\/h2>\n<p>#SDGs<\/p>\n<p>Cr\u00e9ez de nouvelles vagues.<br \/>\nSoyez une force de Bon. <\/p>\n<p>(\u00a9 Photo de Martin Drevermann)<\/p>\n<p>[\/et_pb_slide][\/et_pb_fullwidth_slider][\/et_pb_section][et_pb_section fb_built=\u00a0\u00bb1&Prime; _builder_version=\u00a0\u00bb4.16&Prime; global_colors_info=\u00a0\u00bb{}\u00a0\u00bb][et_pb_row _builder_version=\u00a0\u00bb4.24.3&Prime; _module_preset=\u00a0\u00bb525baa99-3ba2-4be4-90f5-186e635e1f37&Prime; global_colors_info=\u00a0\u00bb{}\u00a0\u00bb][et_pb_column type=\u00a0\u00bb4_4&Prime; _builder_version=\u00a0\u00bb4.16&Prime; _module_preset=\u00a0\u00bbdefault\u00a0\u00bb global_colors_info=\u00a0\u00bb{}\u00a0\u00bb][et_pb_text _builder_version=\u00a0\u00bb4.24.3&Prime; _module_preset=\u00a0\u00bbcf500ab8-4166-4bcd-b755-84c1d429b14b\u00a0\u00bb global_colors_info=\u00a0\u00bb{}\u00a0\u00bb]<\/p>\n<h1>Acad\u00e9mie ForWaves\u00ae Citizens<\/h1>\n<h2>Une mission pour faire prosp\u00e9rer les organisations, les entreprises et les dirigeants ax\u00e9s sur l&rsquo;impact<\/h2>\n<p>&nbsp;<\/p>\n<h3>QUI SERVONS-NOUS ?<\/h3>\n<p>Nos clients proviennent des secteurs public et priv\u00e9. Forts d&rsquo;une solide expertise dans les deux secteurs, nous sommes \u00e0 l&rsquo;aise dans l&rsquo;un ou l&rsquo;autre monde et nous aidons les institutions gouvernementales et \u00e0 but non lucratif, les entreprises, les jeunes pousses et la vie des gens \u00e0 passer \u00e0 la vitesse sup\u00e9rieure. <\/p>\n<p>Avec une plateforme de 20 experts multidisciplinaires, bas\u00e9s dans 11 pays et 4 continents, et un r\u00e9seau de plus de 200 experts dans le monde entier, <a href=\"https:\/\/forwaves.com\/\"><\/a><a href=\"https:\/\/forwaves.com\/\">ForWaves Consulting<\/a> et <a href=\"https:\/\/citizens.forwaves.com\/\">ForWaves Citizens Academy<\/a> soutiennent les Nations Unies et les organisations non gouvernementales, les programmes nationaux et r\u00e9gionaux, les entreprises, les leaders d&rsquo;impact d\u00e9di\u00e9s, les managers et leurs \u00e9quipes.<\/p>\n<p>&nbsp;<\/p>\n<h3>CE QUE NOUS OFFRONS<\/h3>\n<p>ForWaves\u00ae Academy propose des ateliers de formation uniques, du mentorat et du coaching de cadres, ainsi que des \u00e9v\u00e9nements de team building. Pla\u00e7ant les personnes au c\u0153ur de ses efforts, notre \u00e9quipe soutient \u00e9galement les cadres et les responsables des ressources humaines \u00e0 travers une large gamme de services comprenant l&rsquo;\u00e9laboration de strat\u00e9gies, la gestion du changement, l&rsquo;\u00e9valuation des comp\u00e9tences en mati\u00e8re de recrutement, l&rsquo;outplacement et les projets agiles ax\u00e9s sur les r\u00e9sultats. D&rsquo;autres interventions comprennent notamment la promotion du genre, de la diversit\u00e9 et de la sant\u00e9 au travail. Nos outils et m\u00e9thodologies ont aid\u00e9 avec succ\u00e8s de nombreux professionnels et cadres depuis plus de 18 ans dans un large \u00e9ventail d&rsquo;industries.   <\/p>\n<p>Nous concevons des solutions innovantes pour aider votre organisation \u00e0 prosp\u00e9rer. Contrairement \u00e0 une approche unique, nous offrons des services personnalis\u00e9s et sur mesure. <\/p>\n<p>&nbsp;<\/p>\n<h3>NOTRE APPROCHE ET NOS M\u00c9THODOLOGIES<\/h3>\n<p>Notre approche est non seulement connue pour son impact, son pragmatisme, sa rigueur et sa pertinence dans des secteurs donn\u00e9s, mais elle est \u00e9galement fond\u00e9e sur des m\u00e9thodologies \u00e9prouv\u00e9es et scientifiques d&rsquo;apprentissage des adultes, de psychologie du travail, de mentorat, de gestion et de m\u00e9thodologies d\u2019entreprise.<\/p>\n<p>Nous sommes connus pour l&rsquo;attention que nous portons \u00e0 nos clients. Nous vous soutenons par une \u00e9coute personnalis\u00e9e et des solutions de pointe pour acc\u00e9l\u00e9rer vos r\u00e9sultats et maintenir votre impact. Nos clients appr\u00e9cient hautement notre expertise notamment en mati\u00e8re de gestion du changement, de changement de comportement et de changement des syst\u00e8mes.  <\/p>\n<p>&nbsp;<\/p>\n<h3>QUI SOMMES-NOUS ?<\/h3>\n<p>Forts de nos ann\u00e9es d&rsquo;exp\u00e9rience, nous avons mis en place la plateforme ForWaves\u00ae, un r\u00e9seau mondial d&rsquo;experts enthousiastes, passionn\u00e9s et d\u00e9vou\u00e9s couvrant un large \u00e9ventail de disciplines. Nous avons l&rsquo;habitude de travailler au-del\u00e0 des fronti\u00e8res, des fuseaux horaires et des langues sur des projets de petite ou de grande envergure. <\/p>\n<p>Ce qui nous relie est \u00e0 la fois notre orientation sur les r\u00e9sultats et notre d\u00e9sir profond de travailler en harmonie avec un monde moderne et durable, et non contre celui-ci. Nous sommes passionn\u00e9s par la cr\u00e9ation de solutions puissantes et \u00e9volutives facilitant des changements positifs dans les organisations et dans le monde. C\u2019est l\u2019excellence qui nous guide ; mais l\u2019excellence fermement enracin\u00e9e dans un d\u00e9veloppement socio-\u00e9conomique, environnemental et humain. <\/p>\n<p><a href=\"https:\/\/citizens.forwaves.com\/fr\/a-propos-de-nous\/\">D\u00e9couvrez notre \u00e9quipe d&rsquo;ambassadeurs ForWaves<\/a><\/p>\n<p><a href=\"https:\/\/forwaves.com\/wp-content\/uploads\/2018\/03\/forwaves-ambassadors_fr_intro.pdf\">Nos valeurs<\/a><\/p>\n<p>D\u00e9veloppez-vous en tant qu&rsquo;organisation de premier plan et contactez-nous pour en savoir plus.<\/p>\n<p>Services en anglais et en fran\u00e7ais (possible en espagnol)<\/p>\n<h1><\/h1>\n<p>[\/et_pb_text][et_pb_button button_url=\u00a0\u00bbhttps:\/\/citizens.forwaves.com\/fr\/contact\/\u00a0\u00bb button_text=\u00a0\u00bbR\u00e9server un appel\u00a0\u00bb _builder_version=\u00a0\u00bb4.16&Prime; button_text_size=\u00a0\u00bb18px\u00a0\u00bb button_border_color=\u00a0\u00bbrgba(0,0,0,0)\u00a0\u00bb button_font=\u00a0\u00bb||||||||\u00a0\u00bb locked=\u00a0\u00bboff\u00a0\u00bb global_colors_info=\u00a0\u00bb{}\u00a0\u00bb][\/et_pb_button][\/et_pb_column][\/et_pb_row][\/et_pb_section][et_pb_section fb_built=\u00a0\u00bb1&Prime; _builder_version=\u00a0\u00bb4.24.3&Prime; background_color=\u00a0\u00bbgcid-2ea2459a-0f20-451c-bcb3-3c7328323bde\u00a0\u00bb global_colors_info=\u00a0\u00bb{%22gcid-2ea2459a-0f20-451c-bcb3-3c7328323bde%22:%91%22background_color%22%93}\u00a0\u00bb][et_pb_row column_structure=\u00a0\u00bb1_2,1_2&Prime; _builder_version=\u00a0\u00bb4.23&Prime; _module_preset=\u00a0\u00bbdefault\u00a0\u00bb global_colors_info=\u00a0\u00bb{}\u00a0\u00bb][et_pb_column type=\u00a0\u00bb1_2&Prime; _builder_version=\u00a0\u00bb4.16&Prime; _module_preset=\u00a0\u00bbdefault\u00a0\u00bb global_colors_info=\u00a0\u00bb{}\u00a0\u00bb][et_pb_image src=\u00a0\u00bbhttps:\/\/citizens.forwaves.com\/wp-content\/uploads\/2023\/07\/executive-leadership-training-program.webp\u00a0\u00bb title_text=\u00a0\u00bbexecutive-leadership-training-program\u00a0\u00bb _builder_version=\u00a0\u00bb4.23&Prime; global_colors_info=\u00a0\u00bb{}\u00a0\u00bb][\/et_pb_image][et_pb_text _builder_version=\u00a0\u00bb4.24.3&Prime; _module_preset=\u00a0\u00bbdefault\u00a0\u00bb global_colors_info=\u00a0\u00bb{}\u00a0\u00bb]<\/p>\n<p><em>Nous renfor\u00e7ons les capacit\u00e9s des organisations et des personnes avec un sens du service, de la passion et de l&rsquo;excellence. <\/em><\/p>\n<p><em>Nous permettons \u00e0 vos cadres et \u00e0 vos \u00e9quipes de faire preuve d&rsquo;une capacit\u00e9 et d&rsquo;un engagement renforc\u00e9s pour atteindre des objectifs communs. Nos formations sont g\u00e9n\u00e9ralement con\u00e7ues sur mesure. <\/em><\/p>\n<p><em>#Training<\/em><\/p>\n<h2><\/h2>\n<p>[\/et_pb_text][\/et_pb_column][et_pb_column type=\u00a0\u00bb1_2&Prime; _builder_version=\u00a0\u00bb4.16&Prime; _module_preset=\u00a0\u00bbdefault\u00a0\u00bb global_colors_info=\u00a0\u00bb{}\u00a0\u00bb][et_pb_text _builder_version=\u00a0\u00bb4.24.3&Prime; _module_preset=\u00a0\u00bbcf500ab8-4166-4bcd-b755-84c1d429b14b\u00a0\u00bb global_colors_info=\u00a0\u00bb{}\u00a0\u00bb]<\/p>\n<h2>Programmes de formation au leadership et \u00e0 la gestion<\/h2>\n<h3>L&rsquo;Acad\u00e9mie de formation ForWaves\u00ae am\u00e9liore la valeur et l&rsquo;impact de votre organisation, en pla\u00e7ant le capital humain au premier plan.<\/h3>\n<h4>Nos ateliers et programmes ex\u00e9cutifs sur mesure couvrent des sujets tels que<\/h4>\n<ul>\n<li>Leadership et \u00e9laboration de strat\u00e9gies<\/li>\n<li>Management<\/li>\n<li>D\u00e9veloppement organisationnel et gestion de la complexit\u00e9<\/li>\n<li>Project Management<\/li>\n<li>Gestion de projet<\/li>\n<li>Ressources humaines et gestion du personnel<\/li>\n<li>Recrutement et d\u00e9veloppement des talents<\/li>\n<li>Communication et capacit\u00e9 \u00e0 convaincre<\/li>\n<li>Comp\u00e9tences en mati\u00e8re de pr\u00e9sentation<\/li>\n<li>R\u00e9seaux d&rsquo;entreprises<\/li>\n<li>Design Thinking (ou \u00ab pens\u00e9e design \u00bb)<\/li>\n<li>R\u00e9alisation des objectifs de d\u00e9veloppement durable (ODD)<\/li>\n<li>Les domaines th\u00e9matiques comprennent le travail d\u00e9cent, la migration, l&rsquo;inclusion sociale, la traite des \u00eatres humains et l&rsquo;esclavage moderne, la r\u00e9silience climatique, les droits de l&rsquo;homme, le d\u00e9veloppement des comp\u00e9tences, le commerce, la finance sociale et le d\u00e9veloppement des entreprises.<\/li>\n<li>Responsabilit\u00e9 sociale des entreprises (RSE)<\/li>\n<li>D\u00e9veloppement des entreprises<\/li>\n<li>Formation \u00e0 base communautaire (CBT) et activit\u00e9s g\u00e9n\u00e9ratrices de revenus<\/li>\n<li>Entrepreneuriat ; D\u00e9veloppement des PME ; Propri\u00e9t\u00e9 intellectuelle<\/li>\n<li>Genre et diversit\u00e9 ; Travail d\u00e9cent ; Sant\u00e9 au travail<\/li>\n<li>Changement de comportement<\/li>\n<li>Changement syst\u00e9mique \u00e0 petite et grande \u00e9chelle (entreprise et coop\u00e9ration internationale).<\/li>\n<\/ul>\n<p>[\/et_pb_text][et_pb_button button_url=\u00a0\u00bbhttps:\/\/citizens.forwaves.com\/fr\/contact\/\u00a0\u00bb button_text=\u00a0\u00bbContactez-nous\u00a0\u00bb admin_label=\u00a0\u00bbButton\u00a0\u00bb _builder_version=\u00a0\u00bb4.16&Prime; button_text_size=\u00a0\u00bb18px\u00a0\u00bb button_border_color=\u00a0\u00bbrgba(0,0,0,0)\u00a0\u00bb button_font=\u00a0\u00bb||||||||\u00a0\u00bb locked=\u00a0\u00bboff\u00a0\u00bb global_colors_info=\u00a0\u00bb{}\u00a0\u00bb][\/et_pb_button][\/et_pb_column][\/et_pb_row][\/et_pb_section][et_pb_section fb_built=\u00a0\u00bb1&Prime; _builder_version=\u00a0\u00bb4.16&Prime; global_colors_info=\u00a0\u00bb{}\u00a0\u00bb][et_pb_row column_structure=\u00a0\u00bb1_2,1_2&Prime; _builder_version=\u00a0\u00bb4.16&Prime; global_colors_info=\u00a0\u00bb{}\u00a0\u00bb][et_pb_column type=\u00a0\u00bb1_2&Prime; _builder_version=\u00a0\u00bb4.16&Prime; global_colors_info=\u00a0\u00bb{}\u00a0\u00bb][et_pb_image src=\u00a0\u00bbhttps:\/\/citizens.forwaves.com\/wp-content\/uploads\/2023\/07\/best-executive-coaching-programs.webp\u00a0\u00bb title_text=\u00a0\u00bbbest-executive-coaching-programs\u00a0\u00bb _builder_version=\u00a0\u00bb4.16&Prime; global_colors_info=\u00a0\u00bb{}\u00a0\u00bb][\/et_pb_image][et_pb_text _builder_version=\u00a0\u00bb4.24.3&Prime; _module_preset=\u00a0\u00bbdefault\u00a0\u00bb global_colors_info=\u00a0\u00bb{}\u00a0\u00bb]<\/p>\n<p><em>Notre mission est de permettre aux acteurs du changement de devenir des communicateurs puissants et des leaders exceptionnels qui s&rsquo;engagent \u00e0 faire la diff\u00e9rence. <\/em><\/p>\n<p><em>#Leadership #Mentoring #ExecutiveCoaching #Team Building<\/em><\/p>\n<p>[\/et_pb_text][\/et_pb_column][et_pb_column type=\u00a0\u00bb1_2&Prime; _builder_version=\u00a0\u00bb4.16&Prime; global_colors_info=\u00a0\u00bb{}\u00a0\u00bb][et_pb_text _builder_version=\u00a0\u00bb4.24.3&Prime; _module_preset=\u00a0\u00bbcf500ab8-4166-4bcd-b755-84c1d429b14b\u00a0\u00bb global_colors_info=\u00a0\u00bb{}\u00a0\u00bb]<\/p>\n<h2>Coaching des cadres, mentorat et renforcement de l&rsquo;esprit d&rsquo;\u00e9quipe<\/h2>\n<h3>\u00c9laboration de strat\u00e9gies, leadership et excellence d&rsquo;\u00e9quipe<span style=\"color: #52adbf; font-size: large;\"><\/span><em><strong><\/strong><\/em><\/h3>\n<h4>Utilisez au mieux les talents, le temps et l&rsquo;engagement de vos cadres et de vos \u00e9quipes.<\/h4>\n<p>Nous aidons les dirigeants \u00e0 \u00e9laborer et \u00e0 mettre en \u0153uvre des strat\u00e9gies puissantes, \u00e0 adopter un \u00e9tat d&rsquo;esprit gagnant pour atteindre des objectifs ambitieux, \u00e0 d\u00e9velopper leurs \u00e9quipes et \u00e0 r\u00e9soudre les probl\u00e8mes les plus difficiles.<\/p>\n<p>Notre approche du Team Building permet de fournir des outils et des approches pragmatiques applicables dans le travail au quotidien. Nous renfor\u00e7ons la coh\u00e9sion, la collaboration et la performance, notamment gr\u00e2ce \u00e0 la compl\u00e9mentarit\u00e9 des profils et \u00e0 leur compr\u00e9hension, \u00e0 l&rsquo;am\u00e9lioration de la communication, \u00e0 la r\u00e9solution des conflits et aux objectifs partag\u00e9s. <\/p>\n<p>Notre approche unique a permis \u00e0 de nombreux managers et \u00e0 leurs \u00e9quipes d&rsquo;op\u00e9rer avec succ\u00e8s et de naviguer dans le changement au sein d\u2019environnements tr\u00e8s complexes.<\/p>\n<p>[\/et_pb_text][et_pb_button button_url=\u00a0\u00bbhttps:\/\/citizens.forwaves.com\/fr\/contact\/\u00a0\u00bb button_text=\u00a0\u00bbContactez-nous\u00a0\u00bb admin_label=\u00a0\u00bbButton\u00a0\u00bb _builder_version=\u00a0\u00bb4.16&Prime; button_text_size=\u00a0\u00bb18px\u00a0\u00bb button_border_color=\u00a0\u00bbrgba(0,0,0,0)\u00a0\u00bb button_font=\u00a0\u00bb||||||||\u00a0\u00bb locked=\u00a0\u00bboff\u00a0\u00bb global_colors_info=\u00a0\u00bb{}\u00a0\u00bb][\/et_pb_button][\/et_pb_column][\/et_pb_row][\/et_pb_section][et_pb_section fb_built=\u00a0\u00bb1&Prime; _builder_version=\u00a0\u00bb4.16&Prime; global_colors_info=\u00a0\u00bb{}\u00a0\u00bb][et_pb_row column_structure=\u00a0\u00bb1_2,1_2&Prime; _builder_version=\u00a0\u00bb4.16&Prime; global_colors_info=\u00a0\u00bb{}\u00a0\u00bb][et_pb_column type=\u00a0\u00bb1_2&Prime; _builder_version=\u00a0\u00bb4.16&Prime; global_colors_info=\u00a0\u00bb{}\u00a0\u00bb][et_pb_image src=\u00a0\u00bbhttps:\/\/citizens.forwaves.com\/wp-content\/uploads\/2023\/07\/career-transition-coaching.webp\u00a0\u00bb title_text=\u00a0\u00bbcareer-transition-coaching\u00a0\u00bb admin_label=\u00a0\u00bbImage\u00a0\u00bb _builder_version=\u00a0\u00bb4.16&Prime; global_colors_info=\u00a0\u00bb{}\u00a0\u00bb][\/et_pb_image][et_pb_text _builder_version=\u00a0\u00bb4.16&Prime; _module_preset=\u00a0\u00bbdefault\u00a0\u00bb global_colors_info=\u00a0\u00bb{}\u00a0\u00bb]<\/p>\n<p style=\"text-align: right;\"><span style=\"color: #ffffff; font-size: x-small;\"><em><span style=\"color: #808080;\"><\/span><\/em><\/span><\/p>\n<p style=\"text-align: right;\"><span style=\"color: #808080; font-size: x-small;\"><em>\u00a9 Photo de Martin Drevermann). <br \/><\/em><\/span><\/p>\n<p>[\/et_pb_text][et_pb_text _builder_version=\u00a0\u00bb4.24.3&Prime; _module_preset=\u00a0\u00bbdefault\u00a0\u00bb link_option_url=\u00a0\u00bbhttps:\/\/citizens.forwaves.com\/contact-reorientation-meaningful-career-transition-skills-assessment-leadership-executive-job-search-entrepreneur-sustainable-development-change-management\/\u00a0\u00bb global_colors_info=\u00a0\u00bb{}\u00a0\u00bb]<\/p>\n<p><em>Les erreurs de recrutement et de gestion du personnel sont connues pour \u00eatre co\u00fbteuses pour les employeurs. <\/em><\/p>\n<p><em>\u00c9vitez ce risque en b\u00e9n\u00e9ficiant de l&rsquo;aide d&rsquo;un expert, en donnant la priorit\u00e9 aux personnes et en faisant en sorte que votre organisation se d\u00e9marque avec succ\u00e8s.<\/em><\/p>\n<p><em>#Assessment #Outplacement<\/em><\/p>\n<p>[\/et_pb_text][\/et_pb_column][et_pb_column type=\u00a0\u00bb1_2&Prime; _builder_version=\u00a0\u00bb4.16&Prime; global_colors_info=\u00a0\u00bb{}\u00a0\u00bb][et_pb_text _builder_version=\u00a0\u00bb4.24.3&Prime; _module_preset=\u00a0\u00bbcf500ab8-4166-4bcd-b755-84c1d429b14b\u00a0\u00bb global_colors_info=\u00a0\u00bb{}\u00a0\u00bb]<\/p>\n<h2>Assessment &amp; Outplacement<\/h2>\n<h3>Obtenez des conseils d&rsquo;experts et un soutien dans les processus de recrutement, le d\u00e9veloppement des personnes et l&rsquo;outplacement.<\/h3>\n<p>Les \u00e9valuations de recrutement permettent d&rsquo;\u00e9valuer les candidats pr\u00e9s\u00e9lectionn\u00e9s de la mani\u00e8re la plus pr\u00e9cise possible et de comparer ces profils avec un profil sp\u00e9cifique que vous recherchez.<\/p>\n<p>Les bilans de comp\u00e9tences permettent aux individus de faire le point sur leurs comp\u00e9tences existantes, leurs pr\u00e9f\u00e9rences professionnelles, leurs valeurs et leurs motivations afin de d\u00e9finir leur orientation et leur \u00e9volution de carri\u00e8re.<\/p>\n<p>Une \u00e9valuation des comp\u00e9tences des membres du personnel pour orienter leur d\u00e9veloppement professionnel au sein d&rsquo;une organisation. Cela permet de d\u00e9finir un plan de d\u00e9veloppement personnalis\u00e9. <\/p>\n<p>Lors d&rsquo;un outplacement, les salari\u00e9s sont guid\u00e9s dans leur transition professionnelle et leur strat\u00e9gie de recherche d&#8217;emploi.<\/p>\n<p>[\/et_pb_text][et_pb_button button_url=\u00a0\u00bbhttps:\/\/citizens.forwaves.com\/fr\/contact\/\u00a0\u00bb button_text=\u00a0\u00bbContactez-nous\u00a0\u00bb admin_label=\u00a0\u00bbButton\u00a0\u00bb _builder_version=\u00a0\u00bb4.16&Prime; button_text_size=\u00a0\u00bb18px\u00a0\u00bb button_border_color=\u00a0\u00bbrgba(0,0,0,0)\u00a0\u00bb button_font=\u00a0\u00bb||||||||\u00a0\u00bb locked=\u00a0\u00bboff\u00a0\u00bb global_colors_info=\u00a0\u00bb{}\u00a0\u00bb][\/et_pb_button][\/et_pb_column][\/et_pb_row][\/et_pb_section][et_pb_section fb_built=\u00a0\u00bb1&Prime; _builder_version=\u00a0\u00bb4.16&Prime; global_colors_info=\u00a0\u00bb{}\u00a0\u00bb][et_pb_row column_structure=\u00a0\u00bb1_2,1_2&Prime; _builder_version=\u00a0\u00bb4.16&Prime; global_colors_info=\u00a0\u00bb{}\u00a0\u00bb][et_pb_column type=\u00a0\u00bb1_2&Prime; _builder_version=\u00a0\u00bb4.16&Prime; global_colors_info=\u00a0\u00bb{}\u00a0\u00bb][et_pb_image src=\u00a0\u00bbhttps:\/\/citizens.forwaves.com\/wp-content\/uploads\/2023\/07\/hr-management-people-development-scaled-1.webp\u00a0\u00bb title_text=\u00a0\u00bbhr-management-people-development-scaled\u00a0\u00bb admin_label=\u00a0\u00bbImage\u00a0\u00bb _builder_version=\u00a0\u00bb4.16&Prime; global_colors_info=\u00a0\u00bb{}\u00a0\u00bb][\/et_pb_image][et_pb_text _builder_version=\u00a0\u00bb4.24.3&Prime; _module_preset=\u00a0\u00bbdefault\u00a0\u00bb global_colors_info=\u00a0\u00bb{}\u00a0\u00bb]<\/p>\n<p><em>Positionnez votre organisation de mani\u00e8re strat\u00e9gique. Attirez les talents et les clients pour la qualit\u00e9 de vos services et l\u2019impact de vos interventions.<\/em><em><\/em><\/p>\n<p><em>#HRManagement #PeopleDevelopment #ChangeManagement<\/em><\/p>\n<p>[\/et_pb_text][\/et_pb_column][et_pb_column type=\u00a0\u00bb1_2&Prime; _builder_version=\u00a0\u00bb4.16&Prime; _module_preset=\u00a0\u00bbdefault\u00a0\u00bb global_colors_info=\u00a0\u00bb{}\u00a0\u00bb][et_pb_text _builder_version=\u00a0\u00bb4.24.3&Prime; _module_preset=\u00a0\u00bbcf500ab8-4166-4bcd-b755-84c1d429b14b\u00a0\u00bb inline_fonts=\u00a0\u00bbAbel\u00a0\u00bb global_colors_info=\u00a0\u00bb{}\u00a0\u00bb]<\/p>\n<h2>Soutien \u00e0 la gestion des RH<\/h2>\n<h3>Favoriser la structure organisationnelle appropri\u00e9e, le d\u00e9veloppement des comp\u00e9tences et la culture d&rsquo;entreprise souhait\u00e9e<\/h3>\n<h4>D\u00e9velopper les strat\u00e9gies et les interventions les plus efficaces pour la r\u00e9ussite des RH. Nous offrons des services sur mesure dans des domaines tels que : <\/h4>\n<ul>\n<li>Conseil strat\u00e9gique en mati\u00e8re de RH<\/li>\n<li>D\u00e9veloppement du capital humain<\/li>\n<li>Coaching individuel et\/ou d&rsquo;\u00e9quipe<\/li>\n<li>Assessment et Outplacement<\/li>\n<li> Formation<\/li>\n<li>Sant\u00e9 au travail : Pr\u00e9vention et conseil<\/li>\n<li>Changement de comportement ; gestion du changement<\/li>\n<li>Project Management \u2013 Monitoring and Evaluation (M&amp;E).<\/li>\n<\/ul>\n<p>[\/et_pb_text][\/et_pb_column][\/et_pb_row][et_pb_row column_structure=\u00a0\u00bb1_2,1_2&Prime; _builder_version=\u00a0\u00bb4.16&Prime; _module_preset=\u00a0\u00bbdefault\u00a0\u00bb global_colors_info=\u00a0\u00bb{}\u00a0\u00bb][et_pb_column type=\u00a0\u00bb1_2&Prime; _builder_version=\u00a0\u00bb4.16&Prime; _module_preset=\u00a0\u00bbdefault\u00a0\u00bb global_colors_info=\u00a0\u00bb{}\u00a0\u00bb][et_pb_button button_url=\u00a0\u00bbhttps:\/\/citizens.forwaves.com\/wp-content\/uploads\/2022\/07\/FORWAVES_CORPORATE-PRESENTATION_HR_brochure_2022.pdf\u00a0\u00bb button_text=\u00a0\u00bbT\u00e9l\u00e9charger la brochure\u00a0\u00bb admin_label=\u00a0\u00bbButton\u00a0\u00bb _builder_version=\u00a0\u00bb4.24.3&Prime; _module_preset=\u00a0\u00bb5fb943bc-d9c7-441c-81e1-4e2b60c5eac1&Prime; button_text_size=\u00a0\u00bb18px\u00a0\u00bb button_bg_color=\u00a0\u00bb#4c4c4c\u00a0\u00bb button_border_color=\u00a0\u00bbrgba(153,153,153,0)\u00a0\u00bb button_font=\u00a0\u00bb||||||||\u00a0\u00bb locked=\u00a0\u00bboff\u00a0\u00bb global_colors_info=\u00a0\u00bb{}\u00a0\u00bb][\/et_pb_button][\/et_pb_column][et_pb_column type=\u00a0\u00bb1_2&Prime; _builder_version=\u00a0\u00bb4.16&Prime; _module_preset=\u00a0\u00bbdefault\u00a0\u00bb global_colors_info=\u00a0\u00bb{}\u00a0\u00bb][et_pb_button button_url=\u00a0\u00bbhttps:\/\/citizens.forwaves.com\/fr\/contact\/\u00a0\u00bb button_text=\u00a0\u00bbContactez-nous\u00a0\u00bb admin_label=\u00a0\u00bbButton\u00a0\u00bb _builder_version=\u00a0\u00bb4.16&Prime; button_text_size=\u00a0\u00bb18px\u00a0\u00bb button_border_color=\u00a0\u00bbrgba(0,0,0,0)\u00a0\u00bb button_font=\u00a0\u00bb||||||||\u00a0\u00bb locked=\u00a0\u00bboff\u00a0\u00bb global_colors_info=\u00a0\u00bb{}\u00a0\u00bb][\/et_pb_button][\/et_pb_column][\/et_pb_row][\/et_pb_section][et_pb_section fb_built=\u00a0\u00bb1&Prime; _builder_version=\u00a0\u00bb4.16&Prime; global_colors_info=\u00a0\u00bb{}\u00a0\u00bb][et_pb_row column_structure=\u00a0\u00bb1_2,1_2&Prime; _builder_version=\u00a0\u00bb4.16&Prime; global_colors_info=\u00a0\u00bb{}\u00a0\u00bb][et_pb_column type=\u00a0\u00bb1_2&Prime; _builder_version=\u00a0\u00bb4.16&Prime; global_colors_info=\u00a0\u00bb{}\u00a0\u00bb][et_pb_image src=\u00a0\u00bbhttps:\/\/citizens.forwaves.com\/wp-content\/uploads\/2023\/07\/change-management.webp\u00a0\u00bb title_text=\u00a0\u00bbchange-management\u00a0\u00bb _builder_version=\u00a0\u00bb4.23&Prime; _module_preset=\u00a0\u00bbdefault\u00a0\u00bb global_colors_info=\u00a0\u00bb{}\u00a0\u00bb][\/et_pb_image][et_pb_text _builder_version=\u00a0\u00bb4.16&Prime; _module_preset=\u00a0\u00bbdefault\u00a0\u00bb global_colors_info=\u00a0\u00bb{}\u00a0\u00bb]<\/p>\n<p style=\"text-align: right;\"><span style=\"color: #808080; font-size: x-small;\"><em>\u00a9 Photo de Martin Drevermann) <br \/> <\/em><\/span><\/p>\n<p>[\/et_pb_text][et_pb_text _builder_version=\u00a0\u00bb4.24.3&Prime; _module_preset=\u00a0\u00bbdefault\u00a0\u00bb global_colors_info=\u00a0\u00bb{}\u00a0\u00bb]<\/p>\n<p><em>Nous vous aidons \u00e0 vous d\u00e9marquer en tant que catalyseur du changement.<\/em><\/p>\n<p><em>#Strategy #ChangeManagement #SystemsChange<\/em><\/p>\n<p>&nbsp;<\/p>\n<p>[\/et_pb_text][\/et_pb_column][et_pb_column type=\u00a0\u00bb1_2&Prime; _builder_version=\u00a0\u00bb4.16&Prime; _module_preset=\u00a0\u00bbdefault\u00a0\u00bb global_colors_info=\u00a0\u00bb{}\u00a0\u00bb][et_pb_text _builder_version=\u00a0\u00bb4.24.3&Prime; _module_preset=\u00a0\u00bbcf500ab8-4166-4bcd-b755-84c1d429b14b\u00a0\u00bb inline_fonts=\u00a0\u00bbAbel\u00a0\u00bb global_colors_info=\u00a0\u00bb{}\u00a0\u00bb]<\/p>\n<h2>Gestion du changement<\/h2>\n<h3>Est-ce que votre organisation ou entreprise souhaite s&rsquo;engager dans un changement r\u00e9ellement durable ?<\/h3>\n<p>Bien que souvent n\u00e9glig\u00e9e, la gestion du changement est un \u00e9l\u00e9ment essentiel de la r\u00e9ussite des organisations !<\/p>\n<p>Notre exp\u00e9rience nous a montr\u00e9 que des strat\u00e9gies de changement bien con\u00e7ues r\u00e9duisent la r\u00e9sistance et augmentent votre retour sur investissement, car vous devenez un catalyseur du changement.<\/p>\n<ol>\n<li>Au lieu d&rsquo;en faire plus et d&rsquo;esp\u00e9rer que tout se passe bien, nous vous fournissons des conseils d&rsquo;experts, des feuilles de route et des cadres pr\u00e9cis et r\u00e9fl\u00e9chis pour guider le changement que vous entreprenez.<\/li>\n<li>Nos bilans de situation, nos \u00e9valuations et nos analyses de march\u00e9 soutiennent vos d\u00e9cisions de gestion strat\u00e9gique.<\/li>\n<li style=\"text-align: justify;\">Sur la base d\u2019une compr\u00e9hension approfondie de votre organisation, de ses besoins et de son environnement, nos experts vous guideront avec les meilleurs conseils en temps opportun, vous faisant gagner du temps et de l\u2019argent.<span style=\"color: #52adbf; font-size: small;\"><em><span style=\"color: #000000;\"><\/span><\/em><\/span><\/li>\n<\/ol>\n<p>[\/et_pb_text][et_pb_button button_url=\u00a0\u00bbhttps:\/\/citizens.forwaves.com\/fr\/contact\/\u00a0\u00bb button_text=\u00a0\u00bbContactez-nous\u00a0\u00bb admin_label=\u00a0\u00bbButton\u00a0\u00bb _builder_version=\u00a0\u00bb4.16&Prime; button_text_size=\u00a0\u00bb18px\u00a0\u00bb button_border_color=\u00a0\u00bbrgba(0,0,0,0)\u00a0\u00bb button_font=\u00a0\u00bb||||||||\u00a0\u00bb locked=\u00a0\u00bboff\u00a0\u00bb global_colors_info=\u00a0\u00bb{}\u00a0\u00bb][\/et_pb_button][\/et_pb_column][\/et_pb_row][\/et_pb_section][et_pb_section fb_built=\u00a0\u00bb1&Prime; _builder_version=\u00a0\u00bb4.16&Prime; _module_preset=\u00a0\u00bbdefault\u00a0\u00bb global_colors_info=\u00a0\u00bb{}\u00a0\u00bb][et_pb_row _builder_version=\u00a0\u00bb4.16&Prime; _module_preset=\u00a0\u00bbdefault\u00a0\u00bb global_colors_info=\u00a0\u00bb{}\u00a0\u00bb][et_pb_column type=\u00a0\u00bb4_4&Prime; _builder_version=\u00a0\u00bb4.16&Prime; _module_preset=\u00a0\u00bbdefault\u00a0\u00bb global_colors_info=\u00a0\u00bb{}\u00a0\u00bb][et_pb_text _builder_version=\u00a0\u00bb4.24.3&Prime; _module_preset=\u00a0\u00bbcf500ab8-4166-4bcd-b755-84c1d429b14b\u00a0\u00bb global_colors_info=\u00a0\u00bb{}\u00a0\u00bb]<\/p>\n<h2 style=\"text-align: center;\">Nos clients et participants sont nos meilleurs ambassadeurs<\/h2>\n<h3 style=\"text-align: center;\">Quelques t\u00e9moignages<br \/><\/h3>\n<p>[\/et_pb_text][\/et_pb_column][\/et_pb_row][et_pb_row column_structure=\u00a0\u00bb1_2,1_2&Prime; _builder_version=\u00a0\u00bb4.16&Prime; _module_preset=\u00a0\u00bbdefault\u00a0\u00bb global_colors_info=\u00a0\u00bb{}\u00a0\u00bb][et_pb_column type=\u00a0\u00bb1_2&Prime; _builder_version=\u00a0\u00bb4.16&Prime; _module_preset=\u00a0\u00bbdefault\u00a0\u00bb global_colors_info=\u00a0\u00bb{}\u00a0\u00bb][et_pb_image src=\u00a0\u00bbhttps:\/\/citizens.forwaves.com\/wp-content\/uploads\/2023\/07\/top-executive-coaching-training-programs.webp\u00a0\u00bb title_text=\u00a0\u00bbtop-executive-coaching-training-programs\u00a0\u00bb admin_label=\u00a0\u00bbImage\u00a0\u00bb _builder_version=\u00a0\u00bb4.24.3&Prime; _module_preset=\u00a0\u00bbdefault\u00a0\u00bb global_colors_info=\u00a0\u00bb{}\u00a0\u00bb][\/et_pb_image][\/et_pb_column][et_pb_column type=\u00a0\u00bb1_2&Prime; _builder_version=\u00a0\u00bb4.16&Prime; _module_preset=\u00a0\u00bbdefault\u00a0\u00bb global_colors_info=\u00a0\u00bb{}\u00a0\u00bb][et_pb_slider admin_label=\u00a0\u00bbSlider\u00a0\u00bb _builder_version=\u00a0\u00bb4.16&Prime; _module_preset=\u00a0\u00bbdefault\u00a0\u00bb button_text_size=\u00a0\u00bb1px\u00a0\u00bb button_bg_color=\u00a0\u00bb#ffffff\u00a0\u00bb button_use_icon=\u00a0\u00bboff\u00a0\u00bb global_colors_info=\u00a0\u00bb{}\u00a0\u00bb][et_pb_slide button_text=\u00a0\u00bbCliquez ici\u00a0\u00bb _builder_version=\u00a0\u00bb4.16&Prime; _module_preset=\u00a0\u00bb8ca290f5-9f09-4ab4-bcb9-109a331ce1bb\u00a0\u00bb global_colors_info=\u00a0\u00bb{}\u00a0\u00bb sticky_transition=\u00a0\u00bbon\u00a0\u00bb]<\/p>\n<p><span style=\"color: #000000;\"><\/span><\/p>\n<p style=\"text-align: justify;\"><span style=\"color: #000000;\">\u00ab\u00a0(&#8230;) Au cours de cette mission, Mme Zarraga s&rsquo;est acquitt\u00e9e de son r\u00f4le avec un grand sens des responsabilit\u00e9s, de l&rsquo;engagement, de la flexibilit\u00e9 et de l&rsquo;humanit\u00e9 \u00e0 l&rsquo;\u00e9gard des membres de notre \u00e9quipe en Suisse, en C\u00f4te d&rsquo;Ivoire et au Ghana. Ses solides comp\u00e9tences dans les domaines de la gestion des ressources humaines, de la gestion du changement, du d\u00e9veloppement organisationnel, du coaching et de la formation ont \u00e9t\u00e9 tr\u00e8s appr\u00e9ci\u00e9es par (notre) \u00e9quipe de direction et les autres membres de l&rsquo;\u00e9quipe. Le projet (&#8230;) Comp\u00e9tences de base, dirig\u00e9 par Mme Zarraga, a contribu\u00e9 \u00e0 renforcer un environnement institutionnel favorable, qui favorise l&rsquo;acquisition de qualifications, de comp\u00e9tences et d&rsquo;une structure organisationnelle appropri\u00e9es au sein des RH et dans l&rsquo;ensemble de l&rsquo;organisation, et qui renforce globalement les capacit\u00e9s et les ressources en mati\u00e8re de RH. Nous lui sommes extr\u00eamement reconnaissants de sa collaboration et de son d\u00e9vouement pendant sa mission de conseil (&#8230;). \u00a0\u00bb &#8211; <\/span><span style=\"color: #000000;\">Directeur des ressources humaines d&rsquo;une ONG<br \/> <\/span><\/p>\n<p>[\/et_pb_slide][et_pb_slide _builder_version=\u00a0\u00bb4.16&Prime; _module_preset=\u00a0\u00bbdefault\u00a0\u00bb global_colors_info=\u00a0\u00bb{}\u00a0\u00bb sticky_transition=\u00a0\u00bbon\u00a0\u00bb]<\/p>\n<p style=\"text-align: justify;\"><span style=\"color: #000000; font-size: small;\">\u00ab\u00a0(&#8230;) J&rsquo;ai \u00e9t\u00e9 tr\u00e8s impressionn\u00e9 par la force de la nature qu&rsquo;est Mme Zarraga &#8211; une v\u00e9ritable professionnelle dot\u00e9e d&rsquo;une grande exp\u00e9rience, qui \u00e9coute activement et est capable de faire ressortir le meilleur de chaque individu dans chaque situation. Elle poss\u00e8de les connaissances et l&rsquo;intelligence \u00e9motionnelle n\u00e9cessaires pour susciter le changement chez les gens et j&rsquo;esp\u00e8re travailler \u00e0 nouveau avec elle dans un avenir proche. &#8211; C.M., Participant \u00e0 la formation<br \/> <\/span><\/p>\n<p>[\/et_pb_slide][et_pb_slide _builder_version=\u00a0\u00bb4.16&Prime; _module_preset=\u00a0\u00bbdefault\u00a0\u00bb global_colors_info=\u00a0\u00bb{}\u00a0\u00bb sticky_transition=\u00a0\u00bbon\u00a0\u00bb]<\/p>\n<p><span>\u00ab\u00a0J\u2019ai eu le plaisir de participer \u00e0 l\u2019atelier sur le d\u00e9veloppement de carri\u00e8re et le r\u00e9seautage donn\u00e9 par Mme Maria Zarraga. J\u2019ai trouv\u00e9 l\u2019approche pr\u00e9conis\u00e9e pour la vie professionnelle (et la vie en g\u00e9n\u00e9ral) comme \u00e9tant un  <\/span>\u00e9quilibre parfait alliant \u00e0 la fois respect, politesse, humilit\u00e9, clart\u00e9 et savoir aller \u00e0 l\u2019essentiel.<\/p>\n<p>Les outils et les m\u00e9thodologies sont bien align\u00e9s sur cette approche, se diff\u00e9renciant des approches de r\u00e9seautage souvent m\u00e9caniques, pr\u00e9conis\u00e9es par d\u2019autres. M\u00eame les r\u00e9seauteurs exp\u00e9riment\u00e9s auront une approche plus \u00e9labor\u00e9e \u00e0 la suite de cet atelier ! \u00a0\u00bb &#8211; Robin Marks, gestionnaire de projets, de programmes et de portefeuilles <\/p>\n<p>[\/et_pb_slide][et_pb_slide _builder_version=\u00a0\u00bb4.16&Prime; _module_preset=\u00a0\u00bbdefault\u00a0\u00bb global_colors_info=\u00a0\u00bb{}\u00a0\u00bb sticky_transition=\u00a0\u00bbon\u00a0\u00bb]<\/p>\n<div class=\"module--translations-translatedtext js-module--translations-translatedtext is-placeholder\" style=\"height: 224px;\" data-size=\"s\">\u00a0\u00bb Un conf\u00e9rencier vraiment brillant, un cours passionnant et int\u00e9ressant (li\u00e9 \u00e0 l&rsquo;assistance technique). Avec de bons exemples pratiques, des vid\u00e9os pour illustrer la th\u00e9orie, etc. \u00a0\u00bb &#8211; Participant \u00e0 la formation<\/div>\n<p>[\/et_pb_slide][et_pb_slide _builder_version=\u00a0\u00bb4.16&Prime; _module_preset=\u00a0\u00bbdefault\u00a0\u00bb global_colors_info=\u00a0\u00bb{}\u00a0\u00bb sticky_transition=\u00a0\u00bbon\u00a0\u00bb]<\/p>\n<p> \u00a0\u00bb Les formations de Maria sont toujours tr\u00e8s int\u00e9ressantes et agr\u00e9ables \u00e0 suivre. Bon \u00e9quilibre entre les exercices en groupe et les parties th\u00e9oriques. Une intervention tr\u00e8s riche. Je vous remercie. \u00a0\u00bb &#8211; Participant \u00e0 la formation<\/p>\n<p>[\/et_pb_slide][et_pb_slide _builder_version=\u00a0\u00bb4.16&Prime; _module_preset=\u00a0\u00bbdefault\u00a0\u00bb global_colors_info=\u00a0\u00bb{}\u00a0\u00bb sticky_transition=\u00a0\u00bbon\u00a0\u00bb]<\/p>\n<div class=\"module--translations-translatedtext js-module--translations-translatedtext is-placeholder\" style=\"height: 224px;\" data-size=\"s\">\n<div class=\"module--translations-translatedtext js-module--translations-translatedtext is-placeholder\" style=\"height: 224px;\" data-size=\"s\">\u00a0\u00bb Maria est une oratrice exceptionnelle. Beaucoup de dynamisme, d&rsquo;interaction et de contenu. Excellente formation (sur les objectifs de d\u00e9veloppement durable, la responsabilit\u00e9 sociale des entreprises et la gestion du changement) ! Je vous remercie. \u00a0\u00bb &#8211; Participant \u00e0 la formation<\/div>\n<\/div>\n<p><span> <\/span><\/p>\n<p>[\/et_pb_slide][et_pb_slide button_text=\u00a0\u00bbCliquez ici\u00a0\u00bb _builder_version=\u00a0\u00bb4.16&Prime; _module_preset=\u00a0\u00bbdefault\u00a0\u00bb global_colors_info=\u00a0\u00bb{}\u00a0\u00bb sticky_transition=\u00a0\u00bbon\u00a0\u00bb]<\/p>\n<div class=\"module--translations-translatedtext js-module--translations-translatedtext is-placeholder\" style=\"height: 216px;\" data-size=\"m\">\u00ab\u00a0(&#8230;) La grande richesse des connaissances de Mme Zarraga (en mati\u00e8re d&rsquo;\u00e9valuation) et sa capacit\u00e9 \u00e0 fournir des exemples pratiques aux concepts th\u00e9oriques ont \u00e9t\u00e9 un \u00e9norme avantage. (&#8230;) \u00a0\u00bb &#8211; Participant \u00e0 la formation L&rsquo;orateur \u00e9tait tr\u00e8s exp\u00e9riment\u00e9 dans le domaine du cours (sur l&rsquo;\u00e9valuation), il a pu partager des exp\u00e9riences r\u00e9elles et personnelles et a donn\u00e9 un cours tr\u00e8s int\u00e9ressant ! \u00a0\u00bb &#8211; Participant \u00e0 la formation<\/div>\n<div class=\"module--translations-translatedtext js-module--translations-translatedtext is-placeholder\" style=\"height: 216px;\" data-size=\"m\"><\/div>\n<p>[\/et_pb_slide][et_pb_slide _builder_version=\u00a0\u00bb4.16&Prime; _module_preset=\u00a0\u00bbdefault\u00a0\u00bb global_colors_info=\u00a0\u00bb{}\u00a0\u00bb sticky_transition=\u00a0\u00bbon\u00a0\u00bb]<\/p>\n<p><span>Quelques autres messages re\u00e7us de participants \u00e0 nos formations :<\/span><\/p>\n<p>\u201cLa formatrice est extr\u00eamement motivante, attentionn\u00e9e et int\u00e9ressante.\u00a0\u00bb<\/p>\n<p>\u201cJuste parfait !\u201d<\/p>\n<p>\u201cUn cours incroyable ! F\u00e9licitations.\u201d<\/p>\n<p>\u201d Mme Zarraga m\u2019a captiv\u00e9. De par son savoir-faire, ses connaissances en storytelling, sa pertinence, son professionnalisme.\u201d<\/p>\n<p>[\/et_pb_slide][\/et_pb_slider][\/et_pb_column][\/et_pb_row][et_pb_row _builder_version=\u00a0\u00bb4.16&Prime; _module_preset=\u00a0\u00bbdefault\u00a0\u00bb global_colors_info=\u00a0\u00bb{}\u00a0\u00bb][et_pb_column type=\u00a0\u00bb4_4&Prime; _builder_version=\u00a0\u00bb4.16&Prime; _module_preset=\u00a0\u00bbdefault\u00a0\u00bb global_colors_info=\u00a0\u00bb{}\u00a0\u00bb][et_pb_button button_url=\u00a0\u00bbhttps:\/\/citizens.forwaves.com\/fr\/contact\/\u00a0\u00bb button_text=\u00a0\u00bbR\u00e9server un appel gratuit et sans engagement\u00a0\u00bb button_alignment=\u00a0\u00bbcenter\u00a0\u00bb admin_label=\u00a0\u00bbButton\u00a0\u00bb _builder_version=\u00a0\u00bb4.24.3&Prime; button_border_color=\u00a0\u00bbrgba(0,0,0,0)\u00a0\u00bb button_font=\u00a0\u00bb||||||||\u00a0\u00bb global_colors_info=\u00a0\u00bb{}\u00a0\u00bb][\/et_pb_button][et_pb_text _builder_version=\u00a0\u00bb4.16&Prime; _module_preset=\u00a0\u00bbdefault\u00a0\u00bb global_colors_info=\u00a0\u00bb{}\u00a0\u00bb]<\/p>\n<p style=\"text-align: center;\"><span style=\"color: #52adbf; font-size: small;\"><em><span style=\"color: #000000;\">Services en anglais et en fran\u00e7ais (possible en espagnol)<\/span><\/em><\/span><\/p>\n<p>[\/et_pb_text][\/et_pb_column][\/et_pb_row][et_pb_row _builder_version=\u00a0\u00bb4.24.3&Prime; _module_preset=\u00a0\u00bb525baa99-3ba2-4be4-90f5-186e635e1f37&Prime; global_colors_info=\u00a0\u00bb{}\u00a0\u00bb][et_pb_column type=\u00a0\u00bb4_4&Prime; _builder_version=\u00a0\u00bb4.16&Prime; _module_preset=\u00a0\u00bbdefault\u00a0\u00bb global_colors_info=\u00a0\u00bb{}\u00a0\u00bb][et_pb_text _builder_version=\u00a0\u00bb4.16&Prime; _module_preset=\u00a0\u00bbdefault\u00a0\u00bb global_colors_info=\u00a0\u00bb{}\u00a0\u00bb]<\/p>\n<p style=\"text-align: center;\"><span style=\"color: #000000;\">Nos interventions, formations et \u00e9v\u00e9nements sont soumis aux <a href=\"https:\/\/citizens.forwaves.com\/fr\/general-conditions-fr\/\" style=\"color: #000000; text-decoration: underline;\">conditions g\u00e9n\u00e9rales<\/a>. Nous accordons une grande importance \u00e0 la protection de votre vie priv\u00e9e. Cliquez <a href=\"https:\/\/citizens.forwaves.com\/fr\/politique-de-confidentialite\/\" style=\"color: #000000; text-decoration: underline;\">ici<\/a> pour en savoir plus sur notre<a href=\"https:\/\/citizens.forwaves.com\/fr\/politique-de-confidentialite\/\" style=\"color: #000000;\"> politique de confidentialit\u00e9.<\/a>  <span style=\"text-decoration: underline;\"><br \/> <\/span><\/span><\/p>\n<p>[\/et_pb_text][\/et_pb_column][\/et_pb_row][\/et_pb_section]<\/p>\n","protected":false},"excerpt":{"rendered":"<p>R\u00e9aliser un changement durable. #SDGs Cr\u00e9ez de nouvelles vagues. Soyez une force de Bon. (\u00a9 Photo de Martin Drevermann)Acad\u00e9mie ForWaves\u00ae Citizens Une mission pour faire prosp\u00e9rer les organisations, les entreprises et les dirigeants ax\u00e9s sur l&rsquo;impact &nbsp; QUI SERVONS-NOUS ? Nos clients proviennent des secteurs public et priv\u00e9. Forts d&rsquo;une solide expertise dans les deux [&hellip;]<\/p>\n","protected":false},"author":1,"featured_media":0,"parent":0,"menu_order":0,"comment_status":"closed","ping_status":"closed","template":"","meta":{"_et_pb_use_builder":"on","_et_pb_old_content":"","_et_gb_content_width":"","footnotes":""},"_links":{"self":[{"href":"https:\/\/citizens.forwaves.com\/fr\/wp-json\/wp\/v2\/pages\/49638"}],"collection":[{"href":"https:\/\/citizens.forwaves.com\/fr\/wp-json\/wp\/v2\/pages"}],"about":[{"href":"https:\/\/citizens.forwaves.com\/fr\/wp-json\/wp\/v2\/types\/page"}],"author":[{"embeddable":true,"href":"https:\/\/citizens.forwaves.com\/fr\/wp-json\/wp\/v2\/users\/1"}],"replies":[{"embeddable":true,"href":"https:\/\/citizens.forwaves.com\/fr\/wp-json\/wp\/v2\/comments?post=49638"}],"version-history":[{"count":12,"href":"https:\/\/citizens.forwaves.com\/fr\/wp-json\/wp\/v2\/pages\/49638\/revisions"}],"predecessor-version":[{"id":49789,"href":"https:\/\/citizens.forwaves.com\/fr\/wp-json\/wp\/v2\/pages\/49638\/revisions\/49789"}],"wp:attachment":[{"href":"https:\/\/citizens.forwaves.com\/fr\/wp-json\/wp\/v2\/media?parent=49638"}],"curies":[{"name":"wp","href":"https:\/\/api.w.org\/{rel}","templated":true}]}}